{"id":18,"date":"2021-10-18T16:24:36","date_gmt":"2021-10-18T14:24:36","guid":{"rendered":"https:\/\/www.domainesrichard.fr\/chateau-de-corcelles\/?page_id=18"},"modified":"2025-04-22T10:59:35","modified_gmt":"2025-04-22T08:59:35","slug":"visite-degustation-evenement","status":"publish","type":"page","link":"https:\/\/www.domainesrichard.fr\/chateau-de-corcelles\/visite-degustation-evenement\/","title":{"rendered":"Visite, d\u00e9gustation, \u00e9v\u00e8nement"},"content":{"rendered":"\t\t<div data-elementor-type=\"wp-page\" data-elementor-id=\"18\" class=\"elementor elementor-18\" data-elementor-post-type=\"page\">\n\t\t\t\t\t\t<section class=\"elementor-section elementor-top-section elementor-element elementor-element-40cbb1d7 elementor-section-boxed elementor-section-height-default elementor-section-height-default qodef-elementor-content-no qodef-elementor-overlay-no\" data-id=\"40cbb1d7\" data-element_type=\"section\" data-e-type=\"section\">\n\t\t\t\t\t\t<div class=\"elementor-container elementor-column-gap-default\">\n\t\t\t\t\t<div class=\"elementor-column elementor-col-100 elementor-top-column elementor-element elementor-element-43bc2910\" data-id=\"43bc2910\" data-element_type=\"column\" data-e-type=\"column\">\n\t\t\t<div class=\"elementor-widget-wrap elementor-element-populated\">\n\t\t\t\t\t\t<div class=\"elementor-element elementor-element-40fe4cf1 elementor-invisible elementor-widget elementor-widget-image\" data-id=\"40fe4cf1\" data-element_type=\"widget\" data-e-type=\"widget\" data-settings=\"{&quot;_animation&quot;:&quot;fadeIn&quot;,&quot;_animation_delay&quot;:&quot;300&quot;}\" data-widget_type=\"image.default\">\n\t\t\t\t<div class=\"elementor-widget-container\">\n\t\t\t\t\t\t\t\t\t\t\t\t\t\t\t<img decoding=\"async\" width=\"300\" height=\"252\" src=\"https:\/\/www.domainesrichard.fr\/chateau-de-corcelles\/wp-content\/uploads\/sites\/2\/2022\/02\/chateau-de-corcelles-logo-300x252.png\" class=\"attachment-medium size-medium wp-image-94\" alt=\"Ch\u00e2teau de Corcelles\" srcset=\"https:\/\/www.domainesrichard.fr\/chateau-de-corcelles\/wp-content\/uploads\/sites\/2\/2022\/02\/chateau-de-corcelles-logo-300x252.png 300w, https:\/\/www.domainesrichard.fr\/chateau-de-corcelles\/wp-content\/uploads\/sites\/2\/2022\/02\/chateau-de-corcelles-logo.png 600w\" sizes=\"(max-width: 300px) 100vw, 300px\" \/>\t\t\t\t\t\t\t\t\t\t\t\t\t\t\t<\/div>\n\t\t\t\t<\/div>\n\t\t\t\t<section class=\"elementor-section elementor-inner-section elementor-element elementor-element-5c6acd47 elementor-section-full_width elementor-section-height-default elementor-section-height-default qodef-elementor-content-no qodef-elementor-overlay-no elementor-invisible\" data-id=\"5c6acd47\" data-element_type=\"section\" data-e-type=\"section\" data-settings=\"{&quot;animation&quot;:&quot;fadeIn&quot;,&quot;animation_delay&quot;:&quot;300&quot;}\">\n\t\t\t\t\t\t<div class=\"elementor-container elementor-column-gap-no\">\n\t\t\t\t\t<div class=\"elementor-column elementor-col-100 elementor-inner-column elementor-element elementor-element-291c046c\" data-id=\"291c046c\" data-element_type=\"column\" data-e-type=\"column\">\n\t\t\t<div class=\"elementor-widget-wrap elementor-element-populated\">\n\t\t\t\t\t\t<div class=\"elementor-element elementor-element-7810ac18 elementor-widget elementor-widget-heading\" data-id=\"7810ac18\" data-element_type=\"widget\" data-e-type=\"widget\" data-widget_type=\"heading.default\">\n\t\t\t\t<div class=\"elementor-widget-container\">\n\t\t\t\t\t<h1 class=\"elementor-heading-title elementor-size-default\">Visite, d\u00e9gustation &amp; \u00e9v\u00e8nement<\/h1>\t\t\t\t<\/div>\n\t\t\t\t<\/div>\n\t\t\t\t<div class=\"elementor-element elementor-element-50735d8e elementor-widget elementor-widget-text-editor\" data-id=\"50735d8e\" data-element_type=\"widget\" data-e-type=\"widget\" data-widget_type=\"text-editor.default\">\n\t\t\t\t<div class=\"elementor-widget-container\">\n\t\t\t\t\t\t\t\t\tId\u00e9alement localis\u00e9 dans le Beaujolais, \u00e0 seulement 54 kilom\u00e8tres de Lyon, 17 kilom\u00e8tres de la gare TGV M\u00e2con Loch\u00e9 et 7 kilom\u00e8tres de la sortie 30 de l&rsquo;autoroute A6, le Ch\u00e2teau de Corcelles occupe une place centrale, tr\u00e8s facilement accessible. Situ\u00e9 au c\u0153ur du vignoble, vous pourrez apercevoir les fl\u00e8ches de ses tours du XV\u00e8me si\u00e8cle \u00e0 travers les arbres majestueux de son parc. Face au ch\u00e2teau se dresse le chai du XVII\u00e8me si\u00e8cle aux dimensions spectaculaires. Le ch\u00e2teau de Corcelles offre un cadre unique exceptionnel pour tous vos \u00e9v\u00e9nements priv\u00e9s ou professionnels.\t\t\t\t\t\t\t\t<\/div>\n\t\t\t\t<\/div>\n\t\t\t\t\t<\/div>\n\t\t<\/div>\n\t\t\t\t\t<\/div>\n\t\t<\/section>\n\t\t\t\t\t<\/div>\n\t\t<\/div>\n\t\t\t\t\t<\/div>\n\t\t<\/section>\n\t\t\t\t<section class=\"elementor-section elementor-top-section elementor-element elementor-element-53060928 elementor-section-full_width elementor-section-stretched elementor-section-height-default elementor-section-height-default qodef-elementor-content-no qodef-elementor-overlay-no\" data-id=\"53060928\" data-element_type=\"section\" data-e-type=\"section\" data-settings=\"{&quot;stretch_section&quot;:&quot;section-stretched&quot;,&quot;background_background&quot;:&quot;classic&quot;}\">\n\t\t\t\t\t\t<div class=\"elementor-container elementor-column-gap-default\">\n\t\t\t\t\t<div class=\"elementor-column elementor-col-100 elementor-top-column elementor-element elementor-element-59047f5f\" data-id=\"59047f5f\" data-element_type=\"column\" data-e-type=\"column\">\n\t\t\t<div class=\"elementor-widget-wrap elementor-element-populated\">\n\t\t\t\t\t\t<div class=\"elementor-element elementor-element-41d5c807 elementor-widget elementor-widget-spacer\" data-id=\"41d5c807\" data-element_type=\"widget\" data-e-type=\"widget\" data-widget_type=\"spacer.default\">\n\t\t\t\t<div class=\"elementor-widget-container\">\n\t\t\t\t\t\t\t<div class=\"elementor-spacer\">\n\t\t\t<div class=\"elementor-spacer-inner\"><\/div>\n\t\t<\/div>\n\t\t\t\t\t\t<\/div>\n\t\t\t\t<\/div>\n\t\t\t\t\t<\/div>\n\t\t<\/div>\n\t\t\t\t\t<\/div>\n\t\t<\/section>\n\t\t\t\t<section class=\"elementor-section elementor-top-section elementor-element elementor-element-1aa4c71 elementor-section-boxed elementor-section-height-default elementor-section-height-default qodef-elementor-content-no qodef-elementor-overlay-no elementor-invisible\" data-id=\"1aa4c71\" data-element_type=\"section\" data-e-type=\"section\" data-settings=\"{&quot;animation&quot;:&quot;fadeIn&quot;,&quot;animation_delay&quot;:&quot;300&quot;}\">\n\t\t\t\t\t\t<div class=\"elementor-container elementor-column-gap-default\">\n\t\t\t\t\t<div class=\"elementor-column elementor-col-100 elementor-top-column elementor-element elementor-element-3560441\" data-id=\"3560441\" data-element_type=\"column\" data-e-type=\"column\">\n\t\t\t<div class=\"elementor-widget-wrap elementor-element-populated\">\n\t\t\t\t\t\t<div class=\"elementor-element elementor-element-81ae89a elementor-widget elementor-widget-qi_addons_for_elementor_animated_text\" data-id=\"81ae89a\" data-element_type=\"widget\" data-e-type=\"widget\" data-widget_type=\"qi_addons_for_elementor_animated_text.default\">\n\t\t\t\t<div class=\"elementor-widget-container\">\n\t\t\t\t\t<div class=\"qodef-shortcode qodef-m qodef-qi-animated-text qodef--animated-by-word qodef--alignment-center qodef-qi--has-appear qodef--appear-fade\" >\n\t\t<p class=\"qodef-m-title\">\n\t\t<span class=\"qodef-e-word\">Profitez<\/span> <span class=\"qodef-e-word\">toute<\/span> <span class=\"qodef-e-word\">l\u2019ann\u00e9e<\/span> <span class=\"qodef-e-word\">d\u2019une<\/span> <span class=\"qodef-e-word\">exp\u00e9rience<\/span> <span class=\"qodef-e-word\">Ch\u00e2teau<\/span> <span class=\"qodef-e-word\">de<\/span> <span class=\"qodef-e-word\">Corcelles<\/span> <span class=\"qodef-e-word\">!<\/span>\t<\/p>\n<\/div>\n\t\t\t\t<\/div>\n\t\t\t\t<\/div>\n\t\t\t\t<div class=\"elementor-element elementor-element-a9447bf elementor-widget elementor-widget-text-editor\" data-id=\"a9447bf\" data-element_type=\"widget\" data-e-type=\"widget\" data-widget_type=\"text-editor.default\">\n\t\t\t\t<div class=\"elementor-widget-container\">\n\t\t\t\t\t\t\t\t\t<p>Le domaine est ouvert du lundi au samedi de 10h \u00e0 12h30 et 13h30 \u00e0 17h30 de novembre \u00e0 mars et de 9h30 \u00e0 18h d\u2019avril \u00e0 octobre.<br \/>Il est ferm\u00e9 les dimanches et jours f\u00e9ri\u00e9s.<\/p><p>Les visites de groupe de plus de 30 personnes sont possibles sur demande et sous r\u00e9serve de disponibilit\u00e9.<\/p><p>\u00a0<\/p><p><span style=\"color: #808080\"><span style=\"font-size: 18pt\"><strong>D\u00e9couvrez nos quatre exp\u00e9riences ci-dessous en utilisant les fl\u00e8ches pour les faire d\u00e9filer.<\/strong><\/span><\/span><\/p>\t\t\t\t\t\t\t\t<\/div>\n\t\t\t\t<\/div>\n\t\t\t\t\t<\/div>\n\t\t<\/div>\n\t\t\t\t\t<\/div>\n\t\t<\/section>\n\t\t\t\t<section class=\"elementor-section elementor-top-section elementor-element elementor-element-7ded1c4b elementor-section-full_width elementor-section-height-default elementor-section-height-default qodef-elementor-content-no qodef-elementor-overlay-no\" data-id=\"7ded1c4b\" data-element_type=\"section\" data-e-type=\"section\">\n\t\t\t\t\t\t<div class=\"elementor-container elementor-column-gap-default\">\n\t\t\t\t\t<div class=\"elementor-column elementor-col-50 elementor-top-column elementor-element elementor-element-5be6f4da elementor-hidden-tablet elementor-hidden-mobile elementor-invisible\" data-id=\"5be6f4da\" data-element_type=\"column\" data-e-type=\"column\" data-settings=\"{&quot;animation&quot;:&quot;fadeIn&quot;,&quot;animation_delay&quot;:&quot;300&quot;}\">\n\t\t\t<div class=\"elementor-widget-wrap elementor-element-populated\">\n\t\t\t\t\t\t<div class=\"elementor-element elementor-element-57799da7 elementor-widget elementor-widget-image\" data-id=\"57799da7\" data-element_type=\"widget\" data-e-type=\"widget\" data-widget_type=\"image.default\">\n\t\t\t\t<div class=\"elementor-widget-container\">\n\t\t\t\t\t\t\t\t\t\t\t\t\t\t\t<img decoding=\"async\" src=\"https:\/\/www.domainesrichard.fr\/chateau-de-corcelles\/wp-content\/uploads\/sites\/2\/elementor\/thumbs\/DR-CORCELLES-VISITE-EXPERIENCE-qpn65x98mbfj9peqsoqcohnw1rslkpbau19gj70u0s.jpg\" title=\"DR-CORCELLES-VISITE-EXPERIENCE\" alt=\"Ch\u00e2teau de Corcelles\" loading=\"lazy\" \/>\t\t\t\t\t\t\t\t\t\t\t\t\t\t\t<\/div>\n\t\t\t\t<\/div>\n\t\t\t\t\t<\/div>\n\t\t<\/div>\n\t\t\t\t<div class=\"elementor-column elementor-col-50 elementor-top-column elementor-element elementor-element-270cb1c2 elementor-invisible\" data-id=\"270cb1c2\" data-element_type=\"column\" data-e-type=\"column\" data-settings=\"{&quot;animation&quot;:&quot;fadeIn&quot;,&quot;animation_delay&quot;:&quot;300&quot;}\">\n\t\t\t<div class=\"elementor-widget-wrap elementor-element-populated\">\n\t\t\t\t\t\t<div class=\"elementor-element elementor-element-79a1c71d elementor-widget elementor-widget-richard-timeline\" data-id=\"79a1c71d\" data-element_type=\"widget\" data-e-type=\"widget\" data-widget_type=\"richard-timeline.default\">\n\t\t\t\t<div class=\"elementor-widget-container\">\n\t\t\t\t\t\n<!-- \n<script src=\"\/\/code.jquery.com\/mobile\/1.5.0-alpha.1\/jquery.mobile-1.5.0-alpha.1.min.js\"><\/script>\n -->\n<!-- \n<script src=\"https:\/\/code.jquery.com\/mobile\/1.4.5\/jquery.mobile-1.4.5.min.js\"><\/script>\n -->\n\n<div class=\"tg_portfolio_timeline_wrapper cd-horizontal-timeline\">\n\t<div class=\"timeline\">\n\t\t<div class=\"events-wrapper\">\n\t\t\t<div class=\"events\">\n\t\t\t\t<ol>\n\t\t\t\t\t\t\t\t\t\t<li class=\"selected\" data-pos=\"0\"><a href=\"#0\" data-date=\"01\/01\/2016\" class=\"selected\"><\/a><\/li>\n\t\t\t\t\t\t\t\t\t\t<li  data-pos=\"1\"><a href=\"#0\" data-date=\"01\/01\/2018\" ><\/a><\/li>\n\t\t\t\t\t\t\t\t\t\t<li  data-pos=\"2\"><a href=\"#0\" data-date=\"01\/01\/2022\" ><\/a><\/li>\n\t\t\t\t\t\t\t\t\t\t<li  data-pos=\"3\"><a href=\"#0\" data-date=\"01\/01\/2020\" ><\/a><\/li>\n\t\t\t\t\t\t\t\t\t\t<li  data-pos=\"4\"><a href=\"#0\" data-date=\"02\/05\/2026\" ><\/a><\/li>\n\t\t\t\t\t\t\t\t\t<\/ol>\n\n\t\t\t\t<span class=\"filling-line\" aria-hidden=\"true\"><\/span>\n\t\t\t<\/div> \n<!-- .events -->\n\t\t<\/div> \n<!-- .events-wrapper -->\n\t\t\t\n\t\t\t<\/div> \n<!-- .timeline -->\n\t\n\t<div class=\"events-content\">\n\t\t<ol class=\"events-content-list\">\n\t\t\t<li class=\"selected\" data-pos=\"0\" data-date=\"01\/01\/2016\">\n\t\t\t\t<div class=\"portfolio_timeline_content_wrapper\">\n\t\t\t\t\t\t\t\t\t<div class=\"portfolio_timeline_content one\">\n\t\t\t\t\t\t\t\t\t\t\t\t\t<h3>Exp\u00e9rience Patrimoine &amp; Terroir<\/h3>\n\t\t\t\t\t\t\t\t\t\t\t\t\t\t\t\t\t\t\t\t\t\t\t\t\t<div class=\"events-content-desc\"><p>EXP\u00c9RIENCE PATRIMOINE&nbsp;: Parcours historique audioguid\u00e9.<\/p><p>7&nbsp;\u20ac \/ pers<\/p><p>EXP\u00c9RIENCE PATRIMOINE &amp; TERROIR<br \/>Parcours historique suivi d\u2019une d\u00e9gustation comment\u00e9e de 4 vins issus de diff\u00e9rents terroirs beaujolais.<\/p><p>17&nbsp;\u20ac \/ pers - avec un audioguide<br \/>De 10 \u00e0 30 pers&nbsp;: 20&nbsp;\u20ac \/ pers - accompagn\u00e9 d\u2019un guide<\/p><p>R\u00e9servations&nbsp;:\u00a0<i><a href=\"mailto:contact@chateaudecorcelles.fr\">contact@chateaudecorcelles.fr<\/a> \/ <a href=\"javascript:WVHT5lq__('E6=iZbbcfcee__ac');\"><span class=\"__eae_cssd HMcuxy\">42 00 66 47 40<\/span><\/a><\/i><\/p><\/div>\n\t\t\t\t\t\t\t\t\t\t\t<\/div>\n\t\t\t<\/div>\n\t\t\t<\/li>\n\t\t\t<li  data-pos=\"1\" data-date=\"01\/01\/2018\">\n\t\t\t\t<div class=\"portfolio_timeline_content_wrapper\">\n\t\t\t\t\t\t\t\t\t<div class=\"portfolio_timeline_content one\">\n\t\t\t\t\t\t\t\t\t\t\t\t\t<h3>Exp\u00e9rience Ch\u00e2teaux en Beaujolais<\/h3>\n\t\t\t\t\t\t\t\t\t\t\t\t\t\t\t\t\t\t\t\t\t\t\t\t\t<div class=\"events-content-desc\"><p>Parcours historique accompagn\u00e9 d\u2019un guide et visite exclusive du 1<sup>er<\/sup> \u00e9tage du ch\u00e2teau et de la cave vout\u00e9e suivie d\u2019une d\u00e9gustation comment\u00e9e de 5 vins du domaine.<\/p><p>\u00c0 partir de 2 pers<\/p><p>30&nbsp;\u20ac \/ pers<\/p><p>R\u00e9servation minimum 2 jours \u00e0 l\u2019avance&nbsp;:\u00a0<i><a href=\"mailto:contact@chateaudecorcelles.fr\">contact@chateaudecorcelles.fr<\/a> \/ <a href=\"javascript:WVHT5lq__('E6=iZbbcfcee__ac');\"><span class=\"__eae_cssd HMcuxy\">42 00 66 47 40<\/span><\/a><\/i><\/p><\/div>\n\t\t\t\t\t\t\t\t\t\t\t<\/div>\n\t\t\t<\/div>\n\t\t\t<\/li>\n\t\t\t<li  data-pos=\"2\" data-date=\"01\/01\/2022\">\n\t\t\t\t<div class=\"portfolio_timeline_content_wrapper\">\n\t\t\t\t\t\t\t\t\t<div class=\"portfolio_timeline_content one\">\n\t\t\t\t\t\t\t\t\t\t\t\t\t<h3>Exp\u00e9rience Beaujolaise<\/h3>\n\t\t\t\t\t\t\t\t\t\t\t\t\t\t\t\t\t\t\t\t\t\t\t\t\t<div class=\"events-content-desc\"><p>Parcours historique audioguid\u00e9 (guide \u00e0 partir de 10 pers) suivie d\u2019une d\u00e9gustation comment\u00e9e de 4 vins issus de diff\u00e9rents terroirs beaujolais, accompagn\u00e9e d\u2019un m\u00e2chon&nbsp;: planche gourmande typique de la r\u00e9gion (charcuterie \/ fromage).<\/p><p>35&nbsp;\u20ac \/ pers<\/p><p>R\u00e9servation min 6 jours \u00e0 l\u2019avance + acompte de 50% :\u00a0<i><a href=\"mailto:contact@chateaudecorcelles.fr\">contact@chateaudecorcelles.fr<\/a> \/ <a href=\"javascript:WVHT5lq__('E6=iZbbcfcee__ac');\"><span class=\"__eae_cssd HMcuxy\">42 00 66 47 40<\/span><\/a><\/i><\/p><\/div>\n\t\t\t\t\t\t\t\t\t\t\t<\/div>\n\t\t\t<\/div>\n\t\t\t<\/li>\n\t\t\t<li  data-pos=\"3\" data-date=\"01\/01\/2020\">\n\t\t\t\t<div class=\"portfolio_timeline_content_wrapper\">\n\t\t\t\t\t\t\t\t\t<div class=\"portfolio_timeline_content one\">\n\t\t\t\t\t\t\t\t\t\t\t\t\t<h3>Exp\u00e9rience Secr\u00e8te<\/h3>\n\t\t\t\t\t\t\t\t\t\t\t\t\t\t\t\t\t\t\t\t\t\t\t\t\t<div class=\"events-content-desc\"><p>D\u00e9couverte des secrets du Ch\u00e2teau de Corcelles lors d'une visite guid\u00e9e immersive suivie d\u2019une d\u00e9gustation \u00ab\u00a0accords mets &amp; vins\u00a0\u00bb de 2h00. Entre\u00a0architecture, viticulture et gastronomie, Corcelles n'aura plus de secrets pour vous\u00a0!<\/p><p>De 4 \u00e0 20 pers&nbsp;: 32&nbsp;\u20ac TTC \/ pers<\/p><p>R\u00e9servation requise minimum 3 jours \u00e0 l\u2019avance, sous r\u00e9serve de disponibilit\u00e9.<\/p><p>R\u00e9servations&nbsp;:\u00a0<i><a href=\"mailto:contact@chateaudecorcelles.fr\">contact@chateaudecorcelles.fr<\/a> \/ <a href=\"javascript:WVHT5lq__('E6=iZbbcfcee__ac');\"><span class=\"__eae_cssd HMcuxy\">42 00 66 47 40<\/span><\/a><\/i><\/p><\/div>\n\t\t\t\t\t\t\t\t\t\t\t<\/div>\n\t\t\t<\/div>\n\t\t\t<\/li>\n\t\t\t<li  data-pos=\"4\" data-date=\"02\/05\/2026\">\n\t\t\t\t<div class=\"portfolio_timeline_content_wrapper\">\n\t\t\t\t\t\t\t\t\t<div class=\"portfolio_timeline_content one\">\n\t\t\t\t\t\t\t\t\t\t\t\t\t<h3>Exp\u00e9rience V\u00e9lo &amp; Vin<\/h3>\n\t\t\t\t\t\t\t\t\t\t\t\t\t\t\t\t\t\t\t\t\t\t\t\t\t<div class=\"events-content-desc\"><p class=\"p1\">D\u00e9couverte du vignoble Beaujolais \u00e0 travers une ballade dans les vignes du domaine en v\u00e9lo \u00e9lectrique, suivie d'une d\u00e9gustation de 4 vins.<\/p><p class=\"p1\">Dur\u00e9e&nbsp;: 2h30 (dont 2h de v\u00e9lo)<\/p><p class=\"p1\">De 2 \u00e0 12 personnes&nbsp;: 72\u20ac TTC \/ pers<\/p><p class=\"p1\">Au-del\u00e0 sur devis.<\/p><p class=\"p1\">R\u00e9servation minimum 1 semaine \u00e0 l'avance, sous r\u00e9serve de disponibilit\u00e9.<\/p><p class=\"p1\">R\u00e9servations&nbsp;:\u00a0<a href=\"mailto:contact@chateaudecorcelles.fr\"><span class=\"s1\"><i>contact@chateaudecorcelles.fr<\/i><\/span><\/a><i> \/ <a href=\"javascript:WVHT5lq__('E6=iZbbcfcee__ac');\"><span class=\"__eae_cssd HMcuxy\">42 00 66 47 40<\/span><\/a><\/i><\/p><\/div>\n\t\t\t\t\t\t\t\t\t\t\t<\/div>\n\t\t\t<\/div>\n\t\t\t<\/li>\n\t\t<\/ol>\n\n\t\t<div class=\"richard-cd-timeline-navigation navigation\">\n\t\t\t<button type=\"button\" role=\"presentation\" class=\"nav-btn nav-prev prev inactive\"><i class=\"fas fa-arrow-left\"><\/i><\/button>\n\t\t\t<button type=\"button\" role=\"presentation\" class=\"nav-btn nav-next next\"><i class=\"fas fa-arrow-right\"><\/i><\/button>\n\t\t<\/div>\n\n\t<\/div>\n<\/div>\n\t\t\t\t<\/div>\n\t\t\t\t<\/div>\n\t\t\t\t\t<\/div>\n\t\t<\/div>\n\t\t\t\t\t<\/div>\n\t\t<\/section>\n\t\t\t\t<section class=\"elementor-section elementor-top-section elementor-element elementor-element-4d7e964 elementor-section-full_width ri-main-page-section-2-cols elementor-section-height-default elementor-section-height-default qodef-elementor-content-no qodef-elementor-overlay-no\" data-id=\"4d7e964\" data-element_type=\"section\" data-e-type=\"section\">\n\t\t\t\t\t\t<div class=\"elementor-container elementor-column-gap-wide\">\n\t\t\t\t\t<div class=\"elementor-column elementor-col-50 elementor-top-column elementor-element elementor-element-7d3ca83 elementor-invisible\" data-id=\"7d3ca83\" data-element_type=\"column\" data-e-type=\"column\" data-settings=\"{&quot;animation&quot;:&quot;fadeIn&quot;,&quot;animation_delay&quot;:&quot;200&quot;}\">\n\t\t\t<div class=\"elementor-widget-wrap elementor-element-populated\">\n\t\t\t\t\t\t<div class=\"elementor-element elementor-element-a0779fe elementor-widget elementor-widget-text-editor\" data-id=\"a0779fe\" data-element_type=\"widget\" data-e-type=\"widget\" data-widget_type=\"text-editor.default\">\n\t\t\t\t<div class=\"elementor-widget-container\">\n\t\t\t\t\t\t\t\t\t<p>Lors de votre passage, demandez votre carnet de route des Ch\u00e2teaux en Beaujolais et partez \u00e0 la d\u00e9couverte des autres domaines viticoles de l\u2019association. Vous b\u00e9n\u00e9ficierez de privil\u00e8ges exclusifs d\u00e8s votre deuxi\u00e8me visite.<\/p><p>N&rsquo;oubliez pas de le faire tamponner \u00e0 chaque Ch\u00e2teau visit\u00e9.<\/p><p>Plus d\u2019informations sur&nbsp;: <a href=\"http:\/\/www.chateauxenbeaujolais.fr\" target=\"_blank\" rel=\"noopener\"><span style=\"text-decoration: underline\">www.chateauxenbeaujolais.fr<\/span><\/a><\/p>\t\t\t\t\t\t\t\t<\/div>\n\t\t\t\t<\/div>\n\t\t\t\t\t<\/div>\n\t\t<\/div>\n\t\t\t\t<div class=\"elementor-column elementor-col-50 elementor-top-column elementor-element elementor-element-3699a5c elementor-invisible\" data-id=\"3699a5c\" data-element_type=\"column\" data-e-type=\"column\" data-settings=\"{&quot;animation&quot;:&quot;fadeIn&quot;,&quot;animation_delay&quot;:&quot;300&quot;}\">\n\t\t\t<div class=\"elementor-widget-wrap elementor-element-populated\">\n\t\t\t\t\t\t<section class=\"elementor-section elementor-inner-section elementor-element elementor-element-2d558fb elementor-section-full_width elementor-section-height-default elementor-section-height-default qodef-elementor-content-no qodef-elementor-overlay-no\" data-id=\"2d558fb\" data-element_type=\"section\" data-e-type=\"section\">\n\t\t\t\t\t\t<div class=\"elementor-container elementor-column-gap-no\">\n\t\t\t\t\t<div class=\"elementor-column elementor-col-100 elementor-inner-column elementor-element elementor-element-73ae44c\" data-id=\"73ae44c\" data-element_type=\"column\" data-e-type=\"column\">\n\t\t\t<div class=\"elementor-widget-wrap elementor-element-populated\">\n\t\t\t\t\t\t<div class=\"elementor-element elementor-element-230d626 elementor-widget elementor-widget-image\" data-id=\"230d626\" data-element_type=\"widget\" data-e-type=\"widget\" data-widget_type=\"image.default\">\n\t\t\t\t<div class=\"elementor-widget-container\">\n\t\t\t\t\t\t\t\t\t\t\t\t\t\t\t\t<a href=\"http:\/\/www.chateauxenbeaujolais.fr\" target=\"_blank\">\n\t\t\t\t\t\t\t<img decoding=\"async\" width=\"300\" height=\"300\" src=\"https:\/\/www.domainesrichard.fr\/chateau-de-corcelles\/wp-content\/uploads\/sites\/2\/2023\/06\/chateaux-en-beaujolais-300x300.png\" class=\"attachment-medium size-medium wp-image-1279\" alt=\"Ch\u00e2teaux en Beaujolais\" srcset=\"https:\/\/www.domainesrichard.fr\/chateau-de-corcelles\/wp-content\/uploads\/sites\/2\/2023\/06\/chateaux-en-beaujolais-300x300.png 300w, https:\/\/www.domainesrichard.fr\/chateau-de-corcelles\/wp-content\/uploads\/sites\/2\/2023\/06\/chateaux-en-beaujolais-1024x1024.png 1024w, https:\/\/www.domainesrichard.fr\/chateau-de-corcelles\/wp-content\/uploads\/sites\/2\/2023\/06\/chateaux-en-beaujolais-150x150.png 150w, https:\/\/www.domainesrichard.fr\/chateau-de-corcelles\/wp-content\/uploads\/sites\/2\/2023\/06\/chateaux-en-beaujolais-768x768.png 768w, https:\/\/www.domainesrichard.fr\/chateau-de-corcelles\/wp-content\/uploads\/sites\/2\/2023\/06\/chateaux-en-beaujolais-600x600.png 600w, https:\/\/www.domainesrichard.fr\/chateau-de-corcelles\/wp-content\/uploads\/sites\/2\/2023\/06\/chateaux-en-beaujolais-100x100.png 100w, https:\/\/www.domainesrichard.fr\/chateau-de-corcelles\/wp-content\/uploads\/sites\/2\/2023\/06\/chateaux-en-beaujolais.png 1668w\" sizes=\"(max-width: 300px) 100vw, 300px\" \/>\t\t\t\t\t\t\t\t<\/a>\n\t\t\t\t\t\t\t\t\t\t\t\t\t\t\t<\/div>\n\t\t\t\t<\/div>\n\t\t\t\t\t<\/div>\n\t\t<\/div>\n\t\t\t\t\t<\/div>\n\t\t<\/section>\n\t\t\t\t\t<\/div>\n\t\t<\/div>\n\t\t\t\t\t<\/div>\n\t\t<\/section>\n\t\t\t\t<section class=\"elementor-section elementor-top-section elementor-element elementor-element-6d08c22b elementor-section-full_width elementor-section-stretched elementor-section-height-default elementor-section-height-default qodef-elementor-content-no qodef-elementor-overlay-no\" data-id=\"6d08c22b\" data-element_type=\"section\" data-e-type=\"section\" data-settings=\"{&quot;stretch_section&quot;:&quot;section-stretched&quot;,&quot;background_background&quot;:&quot;classic&quot;}\">\n\t\t\t\t\t\t<div class=\"elementor-container elementor-column-gap-default\">\n\t\t\t\t\t<div class=\"elementor-column elementor-col-100 elementor-top-column elementor-element elementor-element-6250d112\" data-id=\"6250d112\" data-element_type=\"column\" data-e-type=\"column\">\n\t\t\t<div class=\"elementor-widget-wrap elementor-element-populated\">\n\t\t\t\t\t\t<div class=\"elementor-element elementor-element-248f67d4 elementor-widget elementor-widget-spacer\" data-id=\"248f67d4\" data-element_type=\"widget\" data-e-type=\"widget\" data-widget_type=\"spacer.default\">\n\t\t\t\t<div class=\"elementor-widget-container\">\n\t\t\t\t\t\t\t<div class=\"elementor-spacer\">\n\t\t\t<div class=\"elementor-spacer-inner\"><\/div>\n\t\t<\/div>\n\t\t\t\t\t\t<\/div>\n\t\t\t\t<\/div>\n\t\t\t\t\t<\/div>\n\t\t<\/div>\n\t\t\t\t\t<\/div>\n\t\t<\/section>\n\t\t\t\t<section class=\"elementor-section elementor-top-section elementor-element elementor-element-ae484dd elementor-section-boxed elementor-section-height-default elementor-section-height-default qodef-elementor-content-no qodef-elementor-overlay-no elementor-invisible\" data-id=\"ae484dd\" data-element_type=\"section\" data-e-type=\"section\" data-settings=\"{&quot;animation&quot;:&quot;fadeIn&quot;,&quot;animation_delay&quot;:&quot;300&quot;}\">\n\t\t\t\t\t\t<div class=\"elementor-container elementor-column-gap-default\">\n\t\t\t\t\t<div class=\"elementor-column elementor-col-100 elementor-top-column elementor-element elementor-element-71bd36e\" data-id=\"71bd36e\" data-element_type=\"column\" data-e-type=\"column\">\n\t\t\t<div class=\"elementor-widget-wrap elementor-element-populated\">\n\t\t\t\t\t\t<div class=\"elementor-element elementor-element-b97fd5f elementor-widget elementor-widget-qi_addons_for_elementor_animated_text\" data-id=\"b97fd5f\" data-element_type=\"widget\" data-e-type=\"widget\" data-widget_type=\"qi_addons_for_elementor_animated_text.default\">\n\t\t\t\t<div class=\"elementor-widget-container\">\n\t\t\t\t\t<div class=\"qodef-shortcode qodef-m qodef-qi-animated-text qodef--animated-by-word qodef--alignment-center qodef-qi--has-appear qodef--appear-fade\" >\n\t\t<p class=\"qodef-m-title\">\n\t\t<span class=\"qodef-e-word\">Les<\/span> <span class=\"qodef-e-word\">mariages<\/span> <span class=\"qodef-e-word\">:<\/span> <span class=\"qodef-e-word\">un<\/span> <span class=\"qodef-e-word\">lieu<\/span> <span class=\"qodef-e-word\">d\u2019exception<\/span> <span class=\"qodef-e-word\">pour<\/span> <span class=\"qodef-e-word\">un<\/span> <span class=\"qodef-e-word\">mariage<\/span> <span class=\"qodef-e-word\">inoubliable<\/span>\t<\/p>\n<\/div>\n\t\t\t\t<\/div>\n\t\t\t\t<\/div>\n\t\t\t\t\t<\/div>\n\t\t<\/div>\n\t\t\t\t\t<\/div>\n\t\t<\/section>\n\t\t\t\t<section class=\"elementor-section elementor-top-section elementor-element elementor-element-d474503 elementor-section-full_width elementor-section-height-default elementor-section-height-default qodef-elementor-content-no qodef-elementor-overlay-no\" data-id=\"d474503\" data-element_type=\"section\" data-e-type=\"section\">\n\t\t\t\t\t\t<div class=\"elementor-container elementor-column-gap-default\">\n\t\t\t\t\t<div class=\"elementor-column elementor-col-50 elementor-top-column elementor-element elementor-element-0d5da12 elementor-invisible\" data-id=\"0d5da12\" data-element_type=\"column\" data-e-type=\"column\" data-settings=\"{&quot;animation&quot;:&quot;fadeIn&quot;,&quot;animation_delay&quot;:&quot;300&quot;}\">\n\t\t\t<div class=\"elementor-widget-wrap elementor-element-populated\">\n\t\t\t\t\t\t<div class=\"elementor-element elementor-element-c246b43 elementor-widget elementor-widget-richard-timeline\" data-id=\"c246b43\" data-element_type=\"widget\" data-e-type=\"widget\" data-widget_type=\"richard-timeline.default\">\n\t\t\t\t<div class=\"elementor-widget-container\">\n\t\t\t\t\t\n<!-- \n<script src=\"\/\/code.jquery.com\/mobile\/1.5.0-alpha.1\/jquery.mobile-1.5.0-alpha.1.min.js\"><\/script>\n -->\n<!-- \n<script src=\"https:\/\/code.jquery.com\/mobile\/1.4.5\/jquery.mobile-1.4.5.min.js\"><\/script>\n -->\n\n<div class=\"tg_portfolio_timeline_wrapper cd-horizontal-timeline\">\n\t<div class=\"timeline\">\n\t\t<div class=\"events-wrapper\">\n\t\t\t<div class=\"events\">\n\t\t\t\t<ol>\n\t\t\t\t\t\t\t\t\t\t<li class=\"selected\" data-pos=\"0\"><a href=\"#0\" data-date=\"01\/01\/2016\" class=\"selected\"><\/a><\/li>\n\t\t\t\t\t\t\t\t\t\t<li  data-pos=\"1\"><a href=\"#0\" data-date=\"01\/01\/2018\" ><\/a><\/li>\n\t\t\t\t\t\t\t\t\t\t<li  data-pos=\"2\"><a href=\"#0\" data-date=\"01\/01\/2020\" ><\/a><\/li>\n\t\t\t\t\t\t\t\t\t\t<li  data-pos=\"3\"><a href=\"#0\" data-date=\"01\/01\/2022\" ><\/a><\/li>\n\t\t\t\t\t\t\t\t\t<\/ol>\n\n\t\t\t\t<span class=\"filling-line\" aria-hidden=\"true\"><\/span>\n\t\t\t<\/div> \n<!-- .events -->\n\t\t<\/div> \n<!-- .events-wrapper -->\n\t\t\t\n\t\t\t<\/div> \n<!-- .timeline -->\n\t\n\t<div class=\"events-content\">\n\t\t<ol class=\"events-content-list\">\n\t\t\t<li class=\"selected\" data-pos=\"0\" data-date=\"01\/01\/2016\">\n\t\t\t\t<div class=\"portfolio_timeline_content_wrapper\">\n\t\t\t\t\t\t\t\t\t<div class=\"portfolio_timeline_content one\">\n\t\t\t\t\t\t\t\t\t\t\t\t\t<h3>Cocktail<\/h3>\n\t\t\t\t\t\t\t\t\t\t\t\t\t\t\t\t\t\t\t\t\t\t\t\t\t<div class=\"events-content-desc\"><p>\u00c9difi\u00e9 au XVe si\u00e8cle sur une ancienne forteresse m\u00e9di\u00e9vale et class\u00e9 monument historique, le Ch\u00e2teau de Corcelles offre un cadre exceptionnel pour une journ\u00e9e unique.<\/p><p>C\u2019est dans le parc majestueux, orn\u00e9 d\u2019arbres centenaires et d\u2019une grande pelouse que peut \u00eatre dress\u00e9 le cocktail. Le mobilier de jardin est mis \u00e0 disposition pour cr\u00e9er de petits salons. Les tables de buffets peuvent \u00eatre install\u00e9es \u00e0 l\u2019ombre des arbres. Les amoureux du patrimoine appr\u00e9cieront la vue sur le ch\u00e2teau, dans ce cadre naturel et paisible, entour\u00e9 par le vignoble du Beaujolais.<\/p><\/div>\n\t\t\t\t\t\t\t\t\t\t\t<\/div>\n\t\t\t<\/div>\n\t\t\t<\/li>\n\t\t\t<li  data-pos=\"1\" data-date=\"01\/01\/2018\">\n\t\t\t\t<div class=\"portfolio_timeline_content_wrapper\">\n\t\t\t\t\t\t\t\t\t<div class=\"portfolio_timeline_content one\">\n\t\t\t\t\t\t\t\t\t\t\t\t\t<h3>D\u00e9jeuner \/ D\u00eener<\/h3>\n\t\t\t\t\t\t\t\t\t\t\t\t\t\t\t\t\t\t\t\t\t\t\t\t\t<div class=\"events-content-desc\"><p>Le chai du Ch\u00e2teau accueille des d\u00e9jeuners et d\u00eeners de prestige. Construit \u00e0 la fin du XVIIe si\u00e8cle, il arbore une impressionnante charpente r\u00e9alis\u00e9e par les compagnons de l\u2019\u00e9poque. R\u00e9nov\u00e9 avec sobri\u00e9t\u00e9, conform\u00e9ment \u00e0 l\u2019esprit du lieu, l\u2019espace marie b\u00e9ton cir\u00e9 et poutrelle de fer au sol&nbsp;; bois et vieilles pierres, ce qui lui conf\u00e8re un esprit contemporain sans rompre l\u2019environnement de ce cadre historique. Il s\u2019adapte ainsi facilement \u00e0 tout type de d\u00e9coration.<\/p><p>Il offre un espace aux dimensions exceptionnelles pouvant accueillir plus de 400 personnes pour un d\u00eener assis et une piste de danse. De grands rideaux de lin permettent de moduler cet espace selon les envies. La salle de r\u00e9ception peut donc s\u2019adapter en fonction du nombre de convives pour une disposition agr\u00e9able et chaleureuse. Des tables rondes et des chaises dessin\u00e9es par Pascal <span style=\"font-weight: 400\">MOURGUE<\/span> sont mises \u00e0 disposition pour cr\u00e9er une ambiance conviviale d\u2019une grande \u00e9l\u00e9gance. La baie vitr\u00e9e centrale permet de profiter de la vue imprenable sur le ch\u00e2teau qui s\u2019illumine \u00e0 la tomb\u00e9e de la nuit.<\/p><\/div>\n\t\t\t\t\t\t\t\t\t\t\t<\/div>\n\t\t\t<\/div>\n\t\t\t<\/li>\n\t\t\t<li  data-pos=\"2\" data-date=\"01\/01\/2020\">\n\t\t\t\t<div class=\"portfolio_timeline_content_wrapper\">\n\t\t\t\t\t\t\t\t\t<div class=\"portfolio_timeline_content one\">\n\t\t\t\t\t\t\t\t\t\t\t\t\t<h3>Brunch du lendemain<\/h3>\n\t\t\t\t\t\t\t\t\t\t\t\t\t\t\t\t\t\t\t\t\t\t\t\t\t<div class=\"events-content-desc\"><p>Afin de profiter plus longtemps de vos invit\u00e9s, un brunch peut \u00eatre propos\u00e9 le lendemain. L\u2019occasion de savourer un moment de d\u00e9tente dans le parc, \u00e0 l\u2019ombre des c\u00e8dres.<\/p><\/div>\n\t\t\t\t\t\t\t\t\t\t\t<\/div>\n\t\t\t<\/div>\n\t\t\t<\/li>\n\t\t\t<li  data-pos=\"3\" data-date=\"01\/01\/2022\">\n\t\t\t\t<div class=\"portfolio_timeline_content_wrapper\">\n\t\t\t\t\t\t\t\t\t<div class=\"portfolio_timeline_content one\">\n\t\t\t\t\t\t\t\t\t\t\t\t\t<h3>\u00c9l\u00e9ments techniques<\/h3>\n\t\t\t\t\t\t\t\t\t\t\t\t\t\t\t\t\t\t\t\t\t\t\t\t\t<div class=\"events-content-desc\"><p>Parce que chaque mariage se doit d\u2019\u00eatre unique, aucun prestataire n\u2019est impos\u00e9. <span style=\"font-weight: 400\">Afin de tout mettre en \u0153uvre pour la r\u00e9ussite de cette journ\u00e9e, une liste de traiteurs s\u00e9lectionn\u00e9s avec le plus grand soin est propos\u00e9e.<\/span><\/p><p><a class=\"td-underline\" title=\"Plans de la salle\" href=\"https:\/\/www.domainesrichard.fr\/chateau-de-corcelles\/wp-content\/uploads\/sites\/2\/2022\/05\/Plans-du-chai-FR.pdf\" target=\"_blank\" rel=\"noopener\">D\u00e9couvrez les diff\u00e9rents plans de la salle ici<\/a><\/p><p><strong>Services<\/strong><\/p><ul><li>Espace traiteur avec chambre froide<\/li><li>Parking priv\u00e9 150 places (accessibilit\u00e9 aux cars)<\/li><li>Appartement pour les enfants pendant la r\u00e9ception<\/li><li>Vestiaire<\/li><li>Fourniture tables et chaises (jusqu\u2019\u00e0 350 personnes)<\/li><li>Fourniture tables de buffet pour cocktail<\/li><li>Fourniture mobilier de jardin<\/li><li>Acc\u00e8s Wifi<\/li><li>Grand \u00e9cran sur pied dans le chai<\/li><\/ul><\/div>\n\t\t\t\t\t\t\t\t\t\t\t<\/div>\n\t\t\t<\/div>\n\t\t\t<\/li>\n\t\t<\/ol>\n\n\t\t<div class=\"richard-cd-timeline-navigation navigation\">\n\t\t\t<button type=\"button\" role=\"presentation\" class=\"nav-btn nav-prev prev inactive\"><i class=\"fas fa-arrow-left\"><\/i><\/button>\n\t\t\t<button type=\"button\" role=\"presentation\" class=\"nav-btn nav-next next\"><i class=\"fas fa-arrow-right\"><\/i><\/button>\n\t\t<\/div>\n\n\t<\/div>\n<\/div>\n\t\t\t\t<\/div>\n\t\t\t\t<\/div>\n\t\t\t\t\t<\/div>\n\t\t<\/div>\n\t\t\t\t<div class=\"elementor-column elementor-col-50 elementor-top-column elementor-element elementor-element-f79d2c0 elementor-hidden-tablet elementor-hidden-mobile elementor-invisible\" data-id=\"f79d2c0\" data-element_type=\"column\" data-e-type=\"column\" data-settings=\"{&quot;animation&quot;:&quot;fadeIn&quot;,&quot;animation_delay&quot;:&quot;300&quot;}\">\n\t\t\t<div class=\"elementor-widget-wrap elementor-element-populated\">\n\t\t\t\t\t\t<div class=\"elementor-element elementor-element-0589008 elementor-widget elementor-widget-image\" data-id=\"0589008\" data-element_type=\"widget\" data-e-type=\"widget\" data-widget_type=\"image.default\">\n\t\t\t\t<div class=\"elementor-widget-container\">\n\t\t\t\t\t\t\t\t\t\t\t\t\t\t\t<img decoding=\"async\" src=\"https:\/\/www.domainesrichard.fr\/chateau-de-corcelles\/wp-content\/uploads\/sites\/2\/elementor\/thumbs\/DR-CORCELLES-VISITE-RECEPTION-qpjunzcpt2eb9e7x45d412jlenin28wipeerv5jzek.jpg\" title=\"DR-CORCELLES-VISITE-RECEPTION\" alt=\"Ch\u00e2teau de Corcelles Salle de R\u00e9ception\" loading=\"lazy\" \/>\t\t\t\t\t\t\t\t\t\t\t\t\t\t\t<\/div>\n\t\t\t\t<\/div>\n\t\t\t\t\t<\/div>\n\t\t<\/div>\n\t\t\t\t\t<\/div>\n\t\t<\/section>\n\t\t\t\t<section class=\"elementor-section elementor-top-section elementor-element elementor-element-e4009e0 elementor-section-full_width elementor-section-stretched elementor-section-height-default elementor-section-height-default qodef-elementor-content-no qodef-elementor-overlay-no\" data-id=\"e4009e0\" data-element_type=\"section\" data-e-type=\"section\" data-settings=\"{&quot;stretch_section&quot;:&quot;section-stretched&quot;,&quot;background_background&quot;:&quot;classic&quot;}\">\n\t\t\t\t\t\t<div class=\"elementor-container elementor-column-gap-default\">\n\t\t\t\t\t<div class=\"elementor-column elementor-col-100 elementor-top-column elementor-element elementor-element-e23cfad\" data-id=\"e23cfad\" data-element_type=\"column\" data-e-type=\"column\">\n\t\t\t<div class=\"elementor-widget-wrap elementor-element-populated\">\n\t\t\t\t\t\t<div class=\"elementor-element elementor-element-fd24684 elementor-widget elementor-widget-spacer\" data-id=\"fd24684\" data-element_type=\"widget\" data-e-type=\"widget\" data-widget_type=\"spacer.default\">\n\t\t\t\t<div class=\"elementor-widget-container\">\n\t\t\t\t\t\t\t<div class=\"elementor-spacer\">\n\t\t\t<div class=\"elementor-spacer-inner\"><\/div>\n\t\t<\/div>\n\t\t\t\t\t\t<\/div>\n\t\t\t\t<\/div>\n\t\t\t\t\t<\/div>\n\t\t<\/div>\n\t\t\t\t\t<\/div>\n\t\t<\/section>\n\t\t\t\t<section class=\"elementor-section elementor-top-section elementor-element elementor-element-c95312d elementor-section-boxed elementor-section-height-default elementor-section-height-default qodef-elementor-content-no qodef-elementor-overlay-no elementor-invisible\" data-id=\"c95312d\" data-element_type=\"section\" data-e-type=\"section\" data-settings=\"{&quot;animation&quot;:&quot;fadeIn&quot;,&quot;animation_delay&quot;:&quot;300&quot;}\">\n\t\t\t\t\t\t<div class=\"elementor-container elementor-column-gap-default\">\n\t\t\t\t\t<div class=\"elementor-column elementor-col-100 elementor-top-column elementor-element elementor-element-64df025\" data-id=\"64df025\" data-element_type=\"column\" data-e-type=\"column\">\n\t\t\t<div class=\"elementor-widget-wrap elementor-element-populated\">\n\t\t\t\t\t\t<div class=\"elementor-element elementor-element-0db5ed4 elementor-widget elementor-widget-qi_addons_for_elementor_animated_text\" data-id=\"0db5ed4\" data-element_type=\"widget\" data-e-type=\"widget\" data-widget_type=\"qi_addons_for_elementor_animated_text.default\">\n\t\t\t\t<div class=\"elementor-widget-container\">\n\t\t\t\t\t<div class=\"qodef-shortcode qodef-m qodef-qi-animated-text qodef--animated-by-word qodef--alignment-center qodef-qi--has-appear qodef--appear-fade\" >\n\t\t<p class=\"qodef-m-title\">\n\t\t<span class=\"qodef-e-word\">Les<\/span> <span class=\"qodef-e-word\">s\u00e9minaires<\/span> <span class=\"qodef-e-word\">:<\/span> <span class=\"qodef-e-word\">un<\/span> <span class=\"qodef-e-word\">cadre<\/span> <span class=\"qodef-e-word\">historique<\/span> <span class=\"qodef-e-word\">unique<\/span> <span class=\"qodef-e-word\">pour<\/span> <span class=\"qodef-e-word\">vos<\/span> <span class=\"qodef-e-word\">s\u00e9minaires<\/span>\t<\/p>\n<\/div>\n\t\t\t\t<\/div>\n\t\t\t\t<\/div>\n\t\t\t\t<div class=\"elementor-element elementor-element-32c91f6 elementor-widget elementor-widget-text-editor\" data-id=\"32c91f6\" data-element_type=\"widget\" data-e-type=\"widget\" data-widget_type=\"text-editor.default\">\n\t\t\t\t<div class=\"elementor-widget-container\">\n\t\t\t\t\t\t\t\t\tDans un cadre calme et serein, entour\u00e9 par le vignoble du Beaujolais, vous pourrez choisir l\u2019espace qui vous convient, selon vos besoins.\t\t\t\t\t\t\t\t<\/div>\n\t\t\t\t<\/div>\n\t\t\t\t\t<\/div>\n\t\t<\/div>\n\t\t\t\t\t<\/div>\n\t\t<\/section>\n\t\t\t\t<section class=\"elementor-section elementor-top-section elementor-element elementor-element-8a02ac4 elementor-section-full_width elementor-section-height-default elementor-section-height-default qodef-elementor-content-no qodef-elementor-overlay-no\" data-id=\"8a02ac4\" data-element_type=\"section\" data-e-type=\"section\">\n\t\t\t\t\t\t<div class=\"elementor-container elementor-column-gap-default\">\n\t\t\t\t\t<div class=\"elementor-column elementor-col-50 elementor-top-column elementor-element elementor-element-8a25070 elementor-hidden-tablet elementor-hidden-mobile elementor-invisible\" data-id=\"8a25070\" data-element_type=\"column\" data-e-type=\"column\" data-settings=\"{&quot;animation&quot;:&quot;fadeIn&quot;,&quot;animation_delay&quot;:&quot;300&quot;}\">\n\t\t\t<div class=\"elementor-widget-wrap elementor-element-populated\">\n\t\t\t\t\t\t<div class=\"elementor-element elementor-element-786bf67 elementor-widget elementor-widget-image\" data-id=\"786bf67\" data-element_type=\"widget\" data-e-type=\"widget\" data-widget_type=\"image.default\">\n\t\t\t\t<div class=\"elementor-widget-container\">\n\t\t\t\t\t\t\t\t\t\t\t\t\t\t\t<img decoding=\"async\" src=\"https:\/\/www.domainesrichard.fr\/chateau-de-corcelles\/wp-content\/uploads\/sites\/2\/elementor\/thumbs\/chateau-de-corcelles-seminaire-pkugo71cvbq4ycj3yarbiw1iqjicmmppoe9s7uz7jw.jpg\" title=\"chateau-de-corcelles-seminaire\" alt=\"chateau-de-corcelles-seminaire\" loading=\"lazy\" \/>\t\t\t\t\t\t\t\t\t\t\t\t\t\t\t<\/div>\n\t\t\t\t<\/div>\n\t\t\t\t\t<\/div>\n\t\t<\/div>\n\t\t\t\t<div class=\"elementor-column elementor-col-50 elementor-top-column elementor-element elementor-element-db61827 elementor-invisible\" data-id=\"db61827\" data-element_type=\"column\" data-e-type=\"column\" data-settings=\"{&quot;animation&quot;:&quot;fadeIn&quot;,&quot;animation_delay&quot;:&quot;300&quot;}\">\n\t\t\t<div class=\"elementor-widget-wrap elementor-element-populated\">\n\t\t\t\t\t\t<div class=\"elementor-element elementor-element-24fe9ff elementor-widget elementor-widget-richard-timeline\" data-id=\"24fe9ff\" data-element_type=\"widget\" data-e-type=\"widget\" data-widget_type=\"richard-timeline.default\">\n\t\t\t\t<div class=\"elementor-widget-container\">\n\t\t\t\t\t\n<!-- \n<script src=\"\/\/code.jquery.com\/mobile\/1.5.0-alpha.1\/jquery.mobile-1.5.0-alpha.1.min.js\"><\/script>\n -->\n<!-- \n<script src=\"https:\/\/code.jquery.com\/mobile\/1.4.5\/jquery.mobile-1.4.5.min.js\"><\/script>\n -->\n\n<div class=\"tg_portfolio_timeline_wrapper cd-horizontal-timeline\">\n\t<div class=\"timeline\">\n\t\t<div class=\"events-wrapper\">\n\t\t\t<div class=\"events\">\n\t\t\t\t<ol>\n\t\t\t\t\t\t\t\t\t\t<li class=\"selected\" data-pos=\"0\"><a href=\"#0\" data-date=\"01\/01\/2018\" class=\"selected\"><\/a><\/li>\n\t\t\t\t\t\t\t\t\t\t<li  data-pos=\"1\"><a href=\"#0\" data-date=\"01\/01\/2016\" ><\/a><\/li>\n\t\t\t\t\t\t\t\t\t\t<li  data-pos=\"2\"><a href=\"#0\" data-date=\"01\/01\/2020\" ><\/a><\/li>\n\t\t\t\t\t\t\t\t\t<\/ol>\n\n\t\t\t\t<span class=\"filling-line\" aria-hidden=\"true\"><\/span>\n\t\t\t<\/div> \n<!-- .events -->\n\t\t<\/div> \n<!-- .events-wrapper -->\n\t\t\t\n\t\t\t<\/div> \n<!-- .timeline -->\n\t\n\t<div class=\"events-content\">\n\t\t<ol class=\"events-content-list\">\n\t\t\t<li class=\"selected\" data-pos=\"0\" data-date=\"01\/01\/2018\">\n\t\t\t\t<div class=\"portfolio_timeline_content_wrapper\">\n\t\t\t\t\t\t\t\t\t<div class=\"portfolio_timeline_content one\">\n\t\t\t\t\t\t\t\t\t\t\t\t\t<h3>L\u2019ancien chai du ch\u00e2teau<\/h3>\n\t\t\t\t\t\t\t\t\t\t\t\t\t\t\t\t\t\t\t\t\t\t\t\t\t<div class=\"events-content-desc\"><p>Un espace aux dimensions exceptionnelles dans un cadre authentique.<\/p><p>Modulable selon votre r\u00e9ception, en cloisonnant les espaces par de grands rideaux de lin, l\u2019ancien chai du Ch\u00e2teau de Corcelles vous permet d\u2019organiser des r\u00e9unions pl\u00e9ni\u00e8res, des salons, cocktails, d\u00e9jeuners ou d\u00eeners de gala.<\/p><p>Ses 600 m2 offrent la possibilit\u00e9 d\u2019accueillir jusqu\u2019\u00e0 600 personnes pour un cocktail et 300 personnes pour un d\u00e9jeuner ou d\u00eener assis.<\/p><p>Le parc du Ch\u00e2teau se pr\u00eate \u00e0 merveille pour un cocktail en plein air. Vous pourrez profiter de ses deux hectares pour vos activit\u00e9s teambuilding, tout en admirant la vue exceptionnelle sur le ch\u00e2teau.<\/p><\/div>\n\t\t\t\t\t\t\t\t\t\t\t<\/div>\n\t\t\t<\/div>\n\t\t\t<\/li>\n\t\t\t<li  data-pos=\"1\" data-date=\"01\/01\/2016\">\n\t\t\t\t<div class=\"portfolio_timeline_content_wrapper\">\n\t\t\t\t\t\t\t\t\t<div class=\"portfolio_timeline_content one\">\n\t\t\t\t\t\t\t\t\t\t\t\t\t<h3>Le 1er \u00e9tage du ch\u00e2teau<\/h3>\n\t\t\t\t\t\t\t\t\t\t\t\t\t\t\t\t\t\t\t\t\t\t\t\t\t<div class=\"events-content-desc\"><p>Un espace plus intime pour vos journ\u00e9es d\u2019\u00e9tude.<\/p><p>Le premier \u00e9tage du ch\u00e2teau est compos\u00e9 d\u2019une enfilade de pi\u00e8ces meubl\u00e9es avec style.<\/p><p>La salle de r\u00e9union, orn\u00e9e d\u2019une monumentale chemin\u00e9e, peut accueillir une trentaine de personnes en pl\u00e9ni\u00e8re.<\/p><p>Les deux salons contigus offrent des espaces de d\u00e9tente pour des pauses caf\u00e9, des cocktails d\u00e9jeunatoires ou ap\u00e9ritifs.<\/p><p>La salle \u00e0 manger, dans la galerie renaissance peut accueillir jusqu\u2019\u00e0 24 personnes pour un d\u00e9jeuner ou d\u00eener assis, cuisin\u00e9 par un de nos traiteurs.<\/p><p>Un espace traiteur attenant, avec un acc\u00e8s ind\u00e9pendant est mis \u00e0 disposition.<\/p><\/div>\n\t\t\t\t\t\t\t\t\t\t\t<\/div>\n\t\t\t<\/div>\n\t\t\t<\/li>\n\t\t\t<li  data-pos=\"2\" data-date=\"01\/01\/2020\">\n\t\t\t\t<div class=\"portfolio_timeline_content_wrapper\">\n\t\t\t\t\t\t\t\t\t<div class=\"portfolio_timeline_content one\">\n\t\t\t\t\t\t\t\t\t\t\t\t\t<h3>\u00c9l\u00e9ments techniques<\/h3>\n\t\t\t\t\t\t\t\t\t\t\t\t\t\t\t\t\t\t\t\t\t\t\t\t\t<div class=\"events-content-desc\"><p>Profitez de vos \u00e9v\u00e9nements pour faire d\u00e9couvrir le ch\u00e2teau et ses vins \u00e0 travers une visite guid\u00e9e et une d\u00e9gustation comment\u00e9e ou de mani\u00e8re plus ludique par un quiz des ar\u00f4mes.<\/p><p><a class=\"td-underline\" title=\"Plans de la salle\" href=\"https:\/\/www.domainesrichard.fr\/chateau-de-corcelles\/wp-content\/uploads\/sites\/2\/2022\/05\/Plans-du-chai-FR.pdf\" target=\"_blank\" rel=\"noopener\">D\u00e9couvrez les diff\u00e9rents plans de la salle ici<\/a><\/p><p><strong>Services<\/strong><\/p><ul><li>Espace traiteur avec chambre froide<\/li><li>Parking priv\u00e9 150 places (accessibilit\u00e9 aux cars)<\/li><li>Vestiaire<\/li><li>Fourniture tables et chaises (jusqu\u2019\u00e0 350 personnes)<\/li><li>Fourniture tables de buffet pour cocktail<\/li><li>Fourniture mobilier de jardin<\/li><li>Acc\u00e8s Wifi<\/li><li>Grand \u00e9cran sur pied dans le chai<\/li><li>Paper board<\/li><\/ul><\/div>\n\t\t\t\t\t\t\t\t\t\t\t<\/div>\n\t\t\t<\/div>\n\t\t\t<\/li>\n\t\t<\/ol>\n\n\t\t<div class=\"richard-cd-timeline-navigation navigation\">\n\t\t\t<button type=\"button\" role=\"presentation\" class=\"nav-btn nav-prev prev inactive\"><i class=\"fas fa-arrow-left\"><\/i><\/button>\n\t\t\t<button type=\"button\" role=\"presentation\" class=\"nav-btn nav-next next\"><i class=\"fas fa-arrow-right\"><\/i><\/button>\n\t\t<\/div>\n\n\t<\/div>\n<\/div>\n\t\t\t\t<\/div>\n\t\t\t\t<\/div>\n\t\t\t\t\t<\/div>\n\t\t<\/div>\n\t\t\t\t\t<\/div>\n\t\t<\/section>\n\t\t\t\t<section class=\"elementor-section elementor-top-section elementor-element elementor-element-5464e370 elementor-section-full_width elementor-section-stretched instagram-container elementor-section-height-default elementor-section-height-default qodef-elementor-content-no qodef-elementor-overlay-no\" data-id=\"5464e370\" data-element_type=\"section\" data-e-type=\"section\" data-settings=\"{&quot;stretch_section&quot;:&quot;section-stretched&quot;}\">\n\t\t\t\t\t\t<div class=\"elementor-container elementor-column-gap-default\">\n\t\t\t\t\t<div class=\"elementor-column elementor-col-100 elementor-top-column elementor-element elementor-element-3ffd7864\" data-id=\"3ffd7864\" data-element_type=\"column\" data-e-type=\"column\">\n\t\t\t<div class=\"elementor-widget-wrap elementor-element-populated\">\n\t\t\t\t\t\t<div class=\"elementor-element elementor-element-40232831 elementor-widget elementor-widget-heading\" data-id=\"40232831\" data-element_type=\"widget\" data-e-type=\"widget\" data-widget_type=\"heading.default\">\n\t\t\t\t<div class=\"elementor-widget-container\">\n\t\t\t\t\t<h2 class=\"elementor-heading-title elementor-size-default\"><a href=\"https:\/\/www.instagram.com\/chateaudecorcelles\/\" target=\"_blank\">Suivez nous sur Instagram @chateaudecorcelles<\/a><\/h2>\t\t\t\t<\/div>\n\t\t\t\t<\/div>\n\t\t\t\t<div class=\"elementor-element elementor-element-6dfe788d elementor-widget elementor-widget-shortcode\" data-id=\"6dfe788d\" data-element_type=\"widget\" data-e-type=\"widget\" data-widget_type=\"shortcode.default\">\n\t\t\t\t<div class=\"elementor-widget-container\">\n\t\t\t\t\t\t\t<div class=\"elementor-shortcode\">\n<div id=\"sb_instagram\"  class=\"sbi sbi_mob_col_4 sbi_tab_col_6 sbi_col_8\" style=\"width: 100%;\"\t data-feedid=\"*2\"  data-res=\"medium\" data-cols=\"8\" data-colsmobile=\"4\" data-colstablet=\"6\" data-num=\"8\" data-nummobile=\"\" data-item-padding=\"\"\t data-shortcode-atts=\"{&quot;feed&quot;:&quot;2&quot;}\"  data-postid=\"18\" data-locatornonce=\"5c531429bd\" data-imageaspectratio=\"1:1\" data-sbi-flags=\"favorLocal,gdpr\">\n\t\n\t<div id=\"sbi_images\" >\n\t\t<div class=\"sbi_item sbi_type_video sbi_new sbi_transition\"\n\tid=\"sbi_18074926199558804\" data-date=\"1777540391\">\n\t<div class=\"sbi_photo_wrap\">\n\t\t<a class=\"sbi_photo\" href=\"https:\/\/www.instagram.com\/reel\/DXwBcBXjHlV\/\" target=\"_blank\" rel=\"noopener nofollow\"\n\t\t\tdata-full-res=\"https:\/\/scontent-fra3-1.cdninstagram.com\/v\/t51.82787-15\/684158573_18406885606178474_8727892094003357032_n.jpg?stp=dst-jpg_e35_tt6&#038;_nc_cat=108&#038;ccb=7-5&#038;_nc_sid=18de74&#038;efg=eyJlZmdfdGFnIjoiQ0xJUFMuYmVzdF9pbWFnZV91cmxnZW4uQzMifQ%3D%3D&#038;_nc_ohc=IMYOUvg6AFkQ7kNvwF8BM9m&#038;_nc_oc=AdpPJT3Ewx0p02BvsQvoBY-vaNn0pKq7u6YlGWP8nfv_xoopuPeJ4Id4_R7JRS9KOhs&#038;_nc_zt=23&#038;_nc_ht=scontent-fra3-1.cdninstagram.com&#038;edm=ANo9K5cEAAAA&#038;_nc_gid=gnIZ1RNNfZRUt0EFUaUO4A&#038;_nc_tpa=Q5bMBQHLiNoSoeT9nqRNF0A0AuPMJRu2tnLL7gZ7cTjm0Vl2IzSlwUfPAWMIwe29VGcYsnekrYtZdcFlVg&#038;oh=00_Af4cAqHZNjRGAGf85wEVd5d2AdKAlN9ABWwl8oGaCQ5Dyw&#038;oe=69FB7A2C\"\n\t\t\tdata-img-src-set=\"{&quot;d&quot;:&quot;https:\\\/\\\/scontent-fra3-1.cdninstagram.com\\\/v\\\/t51.82787-15\\\/684158573_18406885606178474_8727892094003357032_n.jpg?stp=dst-jpg_e35_tt6&amp;_nc_cat=108&amp;ccb=7-5&amp;_nc_sid=18de74&amp;efg=eyJlZmdfdGFnIjoiQ0xJUFMuYmVzdF9pbWFnZV91cmxnZW4uQzMifQ%3D%3D&amp;_nc_ohc=IMYOUvg6AFkQ7kNvwF8BM9m&amp;_nc_oc=AdpPJT3Ewx0p02BvsQvoBY-vaNn0pKq7u6YlGWP8nfv_xoopuPeJ4Id4_R7JRS9KOhs&amp;_nc_zt=23&amp;_nc_ht=scontent-fra3-1.cdninstagram.com&amp;edm=ANo9K5cEAAAA&amp;_nc_gid=gnIZ1RNNfZRUt0EFUaUO4A&amp;_nc_tpa=Q5bMBQHLiNoSoeT9nqRNF0A0AuPMJRu2tnLL7gZ7cTjm0Vl2IzSlwUfPAWMIwe29VGcYsnekrYtZdcFlVg&amp;oh=00_Af4cAqHZNjRGAGf85wEVd5d2AdKAlN9ABWwl8oGaCQ5Dyw&amp;oe=69FB7A2C&quot;,&quot;150&quot;:&quot;https:\\\/\\\/scontent-fra3-1.cdninstagram.com\\\/v\\\/t51.82787-15\\\/684158573_18406885606178474_8727892094003357032_n.jpg?stp=dst-jpg_e35_tt6&amp;_nc_cat=108&amp;ccb=7-5&amp;_nc_sid=18de74&amp;efg=eyJlZmdfdGFnIjoiQ0xJUFMuYmVzdF9pbWFnZV91cmxnZW4uQzMifQ%3D%3D&amp;_nc_ohc=IMYOUvg6AFkQ7kNvwF8BM9m&amp;_nc_oc=AdpPJT3Ewx0p02BvsQvoBY-vaNn0pKq7u6YlGWP8nfv_xoopuPeJ4Id4_R7JRS9KOhs&amp;_nc_zt=23&amp;_nc_ht=scontent-fra3-1.cdninstagram.com&amp;edm=ANo9K5cEAAAA&amp;_nc_gid=gnIZ1RNNfZRUt0EFUaUO4A&amp;_nc_tpa=Q5bMBQHLiNoSoeT9nqRNF0A0AuPMJRu2tnLL7gZ7cTjm0Vl2IzSlwUfPAWMIwe29VGcYsnekrYtZdcFlVg&amp;oh=00_Af4cAqHZNjRGAGf85wEVd5d2AdKAlN9ABWwl8oGaCQ5Dyw&amp;oe=69FB7A2C&quot;,&quot;320&quot;:&quot;https:\\\/\\\/www.domainesrichard.fr\\\/chateau-de-corcelles\\\/wp-content\\\/uploads\\\/sites\\\/2\\\/sb-instagram-feed-images\\\/681883007_18406725805178474_6613929136997959289_nlow.webp&quot;,&quot;640&quot;:&quot;https:\\\/\\\/www.domainesrichard.fr\\\/chateau-de-corcelles\\\/wp-content\\\/uploads\\\/sites\\\/2\\\/sb-instagram-feed-images\\\/681883007_18406725805178474_6613929136997959289_nfull.webp&quot;}\">\n\t\t\t<span class=\"sbi-screenreader\">\ud83c\udf77 Brouilly Les Roches \nPlus qu\u2019une s\u00e9lection parce<\/span>\n\t\t\t\t\t\t\n<svg style=\"color: rgba(255,255,255,1)\" class=\"svg-inline--fa fa-play fa-w-14 sbi_playbtn\" aria-label=\"Play\" aria-hidden=\"true\" data-fa-processed=\"\" data-prefix=\"fa\" data-icon=\"play\" role=\"presentation\" xmlns=\"http:\/\/www.w3.org\/2000\/svg\" viewBox=\"0 0 448 512\"><path fill=\"currentColor\" d=\"M424.4 214.7L72.4 6.6C43.8-10.3 0 6.1 0 47.9V464c0 37.5 40.7 60.1 72.4 41.3l352-208c31.4-18.5 31.5-64.1 0-82.6z\"><\/path><\/svg>\n\t\t\t<img decoding=\"async\" src=\"https:\/\/www.domainesrichard.fr\/chateau-de-corcelles\/wp-content\/plugins\/instagram-feed\/img\/placeholder.png\" alt=\"\ud83c\udf77 Brouilly Les Roches \nPlus qu\u2019une s\u00e9lection parcellaire, c\u2019est une intention&nbsp;: celle de mettre en lumi\u00e8re la diversit\u00e9 et l\u2019harmonie de nos terroirs, sur le lieu-dit remarquable \u00ab&nbsp;Les Roches&nbsp;\u00bb \u00e0 l\u2019extr\u00eame sud-ouest de Brouilly. La promesse d\u2019un gamay pr\u00e9cis et complexe \u00e0 l\u2019allure raffin\u00e9e.\n-\n\ud83c\uddec\ud83c\udde7 \ud83c\udf77 Brouilly Les Roches \nMore than just a parcel selection, the intention is to highlight the diversity and harmony of our terroirs in the exceptional site called \u201cLes Roches,\u201d located in the extreme southwest of Brouilly. The promise of a distinct and complex gamay with an elegant charm.\n\n@abellanbmx \n#chateaudecorcelles #beaujolais #domainesrichard #famillerichard #brouilly\" aria-hidden=\"true\">\n\t\t<\/a>\n\t<\/div>\n<\/div><div class=\"sbi_item sbi_type_image sbi_new sbi_transition\"\n\tid=\"sbi_17929676088258484\" data-date=\"1777032073\">\n\t<div class=\"sbi_photo_wrap\">\n\t\t<a class=\"sbi_photo\" href=\"https:\/\/www.instagram.com\/p\/DXg37wRgUgM\/\" target=\"_blank\" rel=\"noopener nofollow\"\n\t\t\tdata-full-res=\"https:\/\/scontent-fra5-2.cdninstagram.com\/v\/t39.30808-6\/671004640_1594397149355735_6412387996007581849_n.jpg?stp=dst-jpg_e35_tt6&#038;_nc_cat=106&#038;ccb=7-5&#038;_nc_sid=18de74&#038;efg=eyJlZmdfdGFnIjoiRkVFRC5iZXN0X2ltYWdlX3VybGdlbi5DMyJ9&#038;_nc_ohc=4Eusk1T4BeEQ7kNvwFqprOk&#038;_nc_oc=Ado1eMdFyz7GI-IYqodn-lHBJBYzmM37SinejoZ8-gw_risQW3FCAQK7b7xX2ay2UPw&#038;_nc_zt=23&#038;_nc_ht=scontent-fra5-2.cdninstagram.com&#038;edm=ANo9K5cEAAAA&#038;_nc_gid=gnIZ1RNNfZRUt0EFUaUO4A&#038;_nc_tpa=Q5bMBQFQKl_XRlefuFrK5ox2e3NFNvJq3aQNT9R0X8wMNNDdvrEnLm-ZXt1cWnIll4OwzohEcZvv-yYrLQ&#038;oh=00_Af5DHlw_Wt5gsEECcRciX1hcjX8c-1FvoBeYZY09tQdMTw&#038;oe=69FB60B8\"\n\t\t\tdata-img-src-set=\"{&quot;d&quot;:&quot;https:\\\/\\\/scontent-fra5-2.cdninstagram.com\\\/v\\\/t39.30808-6\\\/671004640_1594397149355735_6412387996007581849_n.jpg?stp=dst-jpg_e35_tt6&amp;_nc_cat=106&amp;ccb=7-5&amp;_nc_sid=18de74&amp;efg=eyJlZmdfdGFnIjoiRkVFRC5iZXN0X2ltYWdlX3VybGdlbi5DMyJ9&amp;_nc_ohc=4Eusk1T4BeEQ7kNvwFqprOk&amp;_nc_oc=Ado1eMdFyz7GI-IYqodn-lHBJBYzmM37SinejoZ8-gw_risQW3FCAQK7b7xX2ay2UPw&amp;_nc_zt=23&amp;_nc_ht=scontent-fra5-2.cdninstagram.com&amp;edm=ANo9K5cEAAAA&amp;_nc_gid=gnIZ1RNNfZRUt0EFUaUO4A&amp;_nc_tpa=Q5bMBQFQKl_XRlefuFrK5ox2e3NFNvJq3aQNT9R0X8wMNNDdvrEnLm-ZXt1cWnIll4OwzohEcZvv-yYrLQ&amp;oh=00_Af5DHlw_Wt5gsEECcRciX1hcjX8c-1FvoBeYZY09tQdMTw&amp;oe=69FB60B8&quot;,&quot;150&quot;:&quot;https:\\\/\\\/scontent-fra5-2.cdninstagram.com\\\/v\\\/t39.30808-6\\\/671004640_1594397149355735_6412387996007581849_n.jpg?stp=dst-jpg_e35_tt6&amp;_nc_cat=106&amp;ccb=7-5&amp;_nc_sid=18de74&amp;efg=eyJlZmdfdGFnIjoiRkVFRC5iZXN0X2ltYWdlX3VybGdlbi5DMyJ9&amp;_nc_ohc=4Eusk1T4BeEQ7kNvwFqprOk&amp;_nc_oc=Ado1eMdFyz7GI-IYqodn-lHBJBYzmM37SinejoZ8-gw_risQW3FCAQK7b7xX2ay2UPw&amp;_nc_zt=23&amp;_nc_ht=scontent-fra5-2.cdninstagram.com&amp;edm=ANo9K5cEAAAA&amp;_nc_gid=gnIZ1RNNfZRUt0EFUaUO4A&amp;_nc_tpa=Q5bMBQFQKl_XRlefuFrK5ox2e3NFNvJq3aQNT9R0X8wMNNDdvrEnLm-ZXt1cWnIll4OwzohEcZvv-yYrLQ&amp;oh=00_Af5DHlw_Wt5gsEECcRciX1hcjX8c-1FvoBeYZY09tQdMTw&amp;oe=69FB60B8&quot;,&quot;320&quot;:&quot;https:\\\/\\\/www.domainesrichard.fr\\\/chateau-de-corcelles\\\/wp-content\\\/uploads\\\/sites\\\/2\\\/sb-instagram-feed-images\\\/671004640_1594397149355735_6412387996007581849_nlow.webp&quot;,&quot;640&quot;:&quot;https:\\\/\\\/www.domainesrichard.fr\\\/chateau-de-corcelles\\\/wp-content\\\/uploads\\\/sites\\\/2\\\/sb-instagram-feed-images\\\/671004640_1594397149355735_6412387996007581849_nfull.webp&quot;}\">\n\t\t\t<span class=\"sbi-screenreader\">Nous vous accueillons toute l\u2019ann\u00e9e au domaine pou<\/span>\n\t\t\t\t\t\t\t\t\t<img decoding=\"async\" src=\"https:\/\/www.domainesrichard.fr\/chateau-de-corcelles\/wp-content\/plugins\/instagram-feed\/img\/placeholder.png\" alt=\"Nous vous accueillons toute l\u2019ann\u00e9e au domaine pour des visites et des d\u00e9gustations de nos vins, au c\u0153ur du Beaujolais. Venez d\u00e9couvrir le ch\u00e2teau, son histoire, ses terroirs et les cuv\u00e9es du domaine.\n\ud83d\udce9 R\u00e9servations&nbsp;: contact@chateaudecorcelles.fr\n-\n\ud83c\uddec\ud83c\udde7We welcome you all year round to the estate for tours and tastings of our wines, in the heart of Beaujolais. Come and discover the ch\u00e2teau, its history, its terroirs, and the estate\u2019s cuv\u00e9es.\n\ud83d\udce9 Bookings: contact@chateaudecorcelles.fr\n\n#chateaudecorcelles #beaujolais #domainesrichard #famillerichard\" aria-hidden=\"true\">\n\t\t<\/a>\n\t<\/div>\n<\/div><div class=\"sbi_item sbi_type_carousel sbi_new sbi_transition\"\n\tid=\"sbi_18325419754268191\" data-date=\"1776924012\">\n\t<div class=\"sbi_photo_wrap\">\n\t\t<a class=\"sbi_photo\" href=\"https:\/\/www.instagram.com\/p\/DXdp0t0jcxj\/\" target=\"_blank\" rel=\"noopener nofollow\"\n\t\t\tdata-full-res=\"https:\/\/scontent-fra3-1.cdninstagram.com\/v\/t39.30808-6\/673597655_1600094515452665_5379917009666622558_n.jpg?stp=dst-jpg_e35_tt6&#038;_nc_cat=105&#038;ccb=7-5&#038;_nc_sid=18de74&#038;efg=eyJlZmdfdGFnIjoiQ0FST1VTRUxfSVRFTS5iZXN0X2ltYWdlX3VybGdlbi5DMyJ9&#038;_nc_ohc=WaMdz7RUSlEQ7kNvwHNATzB&#038;_nc_oc=AdoEdV8NX5hdhd3InK4I0L2gnV7SOcwybI1KrLAsewnQyp2ee7O0H46DjS7BeVz1258&#038;_nc_zt=23&#038;_nc_ht=scontent-fra3-1.cdninstagram.com&#038;edm=ANo9K5cEAAAA&#038;_nc_gid=gnIZ1RNNfZRUt0EFUaUO4A&#038;_nc_tpa=Q5bMBQF7A3pRQIS1Sll5DbjHQeruCvvX26n0mC5oSmmZb_FCKFC7bAZOc7HHuhRo5edKYyEaDRj3nIu8pA&#038;oh=00_Af4OX4mcnZ-mkMKvN0fwNBObrZFSqZ72fs_S3SDlaGSJHg&#038;oe=69FB6484\"\n\t\t\tdata-img-src-set=\"{&quot;d&quot;:&quot;https:\\\/\\\/scontent-fra3-1.cdninstagram.com\\\/v\\\/t39.30808-6\\\/673597655_1600094515452665_5379917009666622558_n.jpg?stp=dst-jpg_e35_tt6&amp;_nc_cat=105&amp;ccb=7-5&amp;_nc_sid=18de74&amp;efg=eyJlZmdfdGFnIjoiQ0FST1VTRUxfSVRFTS5iZXN0X2ltYWdlX3VybGdlbi5DMyJ9&amp;_nc_ohc=WaMdz7RUSlEQ7kNvwHNATzB&amp;_nc_oc=AdoEdV8NX5hdhd3InK4I0L2gnV7SOcwybI1KrLAsewnQyp2ee7O0H46DjS7BeVz1258&amp;_nc_zt=23&amp;_nc_ht=scontent-fra3-1.cdninstagram.com&amp;edm=ANo9K5cEAAAA&amp;_nc_gid=gnIZ1RNNfZRUt0EFUaUO4A&amp;_nc_tpa=Q5bMBQF7A3pRQIS1Sll5DbjHQeruCvvX26n0mC5oSmmZb_FCKFC7bAZOc7HHuhRo5edKYyEaDRj3nIu8pA&amp;oh=00_Af4OX4mcnZ-mkMKvN0fwNBObrZFSqZ72fs_S3SDlaGSJHg&amp;oe=69FB6484&quot;,&quot;150&quot;:&quot;https:\\\/\\\/scontent-fra3-1.cdninstagram.com\\\/v\\\/t39.30808-6\\\/673597655_1600094515452665_5379917009666622558_n.jpg?stp=dst-jpg_e35_tt6&amp;_nc_cat=105&amp;ccb=7-5&amp;_nc_sid=18de74&amp;efg=eyJlZmdfdGFnIjoiQ0FST1VTRUxfSVRFTS5iZXN0X2ltYWdlX3VybGdlbi5DMyJ9&amp;_nc_ohc=WaMdz7RUSlEQ7kNvwHNATzB&amp;_nc_oc=AdoEdV8NX5hdhd3InK4I0L2gnV7SOcwybI1KrLAsewnQyp2ee7O0H46DjS7BeVz1258&amp;_nc_zt=23&amp;_nc_ht=scontent-fra3-1.cdninstagram.com&amp;edm=ANo9K5cEAAAA&amp;_nc_gid=gnIZ1RNNfZRUt0EFUaUO4A&amp;_nc_tpa=Q5bMBQF7A3pRQIS1Sll5DbjHQeruCvvX26n0mC5oSmmZb_FCKFC7bAZOc7HHuhRo5edKYyEaDRj3nIu8pA&amp;oh=00_Af4OX4mcnZ-mkMKvN0fwNBObrZFSqZ72fs_S3SDlaGSJHg&amp;oe=69FB6484&quot;,&quot;320&quot;:&quot;https:\\\/\\\/www.domainesrichard.fr\\\/chateau-de-corcelles\\\/wp-content\\\/uploads\\\/sites\\\/2\\\/sb-instagram-feed-images\\\/673597655_1600094515452665_5379917009666622558_nlow.webp&quot;,&quot;640&quot;:&quot;https:\\\/\\\/www.domainesrichard.fr\\\/chateau-de-corcelles\\\/wp-content\\\/uploads\\\/sites\\\/2\\\/sb-instagram-feed-images\\\/673597655_1600094515452665_5379917009666622558_nfull.webp&quot;}\">\n\t\t\t<span class=\"sbi-screenreader\">La vigne se r\u00e9veille \ud83c\udf3f\n-\n\ud83c\uddec\ud83c\udde7 The vines are awakenin<\/span>\n\t\t\t\n<svg class=\"svg-inline--fa fa-clone fa-w-16 sbi_lightbox_carousel_icon\" aria-hidden=\"true\" aria-label=\"Clone\" data-fa-pro\u0192cessed=\"\" data-prefix=\"far\" data-icon=\"clone\" role=\"img\" xmlns=\"http:\/\/www.w3.org\/2000\/svg\" viewBox=\"0 0 512 512\">\n                    <path fill=\"currentColor\" d=\"M464 0H144c-26.51 0-48 21.49-48 48v48H48c-26.51 0-48 21.49-48 48v320c0 26.51 21.49 48 48 48h320c26.51 0 48-21.49 48-48v-48h48c26.51 0 48-21.49 48-48V48c0-26.51-21.49-48-48-48zM362 464H54a6 6 0 0 1-6-6V150a6 6 0 0 1 6-6h42v224c0 26.51 21.49 48 48 48h224v42a6 6 0 0 1-6 6zm96-96H150a6 6 0 0 1-6-6V54a6 6 0 0 1 6-6h308a6 6 0 0 1 6 6v308a6 6 0 0 1-6 6z\"><\/path>\n                <\/svg>\n\t\t\t\t\t\t<img decoding=\"async\" src=\"https:\/\/www.domainesrichard.fr\/chateau-de-corcelles\/wp-content\/plugins\/instagram-feed\/img\/placeholder.png\" alt=\"La vigne se r\u00e9veille \ud83c\udf3f\n-\n\ud83c\uddec\ud83c\udde7 The vines are awakening \ud83c\udf3f\n\n#chateaudecorcelles #domainesrichard #famillerichard #vineyard\" aria-hidden=\"true\">\n\t\t<\/a>\n\t<\/div>\n<\/div><div class=\"sbi_item sbi_type_carousel sbi_new sbi_transition\"\n\tid=\"sbi_18167080501418928\" data-date=\"1776852129\">\n\t<div class=\"sbi_photo_wrap\">\n\t\t<a class=\"sbi_photo\" href=\"https:\/\/www.instagram.com\/p\/DXbgt_XiRjj\/\" target=\"_blank\" rel=\"noopener nofollow\"\n\t\t\tdata-full-res=\"https:\/\/scontent-fra5-2.cdninstagram.com\/v\/t39.30808-6\/674362324_1600085588786891_8719802612413017285_n.jpg?stp=dst-jpg_e35_tt6&#038;_nc_cat=106&#038;ccb=7-5&#038;_nc_sid=18de74&#038;efg=eyJlZmdfdGFnIjoiQ0FST1VTRUxfSVRFTS5iZXN0X2ltYWdlX3VybGdlbi5DMyJ9&#038;_nc_ohc=DX6WpIH8BmgQ7kNvwEFz_he&#038;_nc_oc=AdqkLKLrmf2jaTYeNTraIjneQigEw0mgc_dLjOEyq68HmOWfysQ4M-lcKaqRVhOnvCs&#038;_nc_zt=23&#038;_nc_ht=scontent-fra5-2.cdninstagram.com&#038;edm=ANo9K5cEAAAA&#038;_nc_gid=gnIZ1RNNfZRUt0EFUaUO4A&#038;_nc_tpa=Q5bMBQHfOyYy5TIW9rEtfx06nbopuaW0lVq1vp9BywVGkZDdUxERjZYZspcG5AgtSrQHR71BrAz8d2JZYw&#038;oh=00_Af5nQmqJcW20VHfJPlzuAoPZN3abTNI0fy90UvnUg9URjQ&#038;oe=69FB7A8D\"\n\t\t\tdata-img-src-set=\"{&quot;d&quot;:&quot;https:\\\/\\\/scontent-fra5-2.cdninstagram.com\\\/v\\\/t39.30808-6\\\/674362324_1600085588786891_8719802612413017285_n.jpg?stp=dst-jpg_e35_tt6&amp;_nc_cat=106&amp;ccb=7-5&amp;_nc_sid=18de74&amp;efg=eyJlZmdfdGFnIjoiQ0FST1VTRUxfSVRFTS5iZXN0X2ltYWdlX3VybGdlbi5DMyJ9&amp;_nc_ohc=DX6WpIH8BmgQ7kNvwEFz_he&amp;_nc_oc=AdqkLKLrmf2jaTYeNTraIjneQigEw0mgc_dLjOEyq68HmOWfysQ4M-lcKaqRVhOnvCs&amp;_nc_zt=23&amp;_nc_ht=scontent-fra5-2.cdninstagram.com&amp;edm=ANo9K5cEAAAA&amp;_nc_gid=gnIZ1RNNfZRUt0EFUaUO4A&amp;_nc_tpa=Q5bMBQHfOyYy5TIW9rEtfx06nbopuaW0lVq1vp9BywVGkZDdUxERjZYZspcG5AgtSrQHR71BrAz8d2JZYw&amp;oh=00_Af5nQmqJcW20VHfJPlzuAoPZN3abTNI0fy90UvnUg9URjQ&amp;oe=69FB7A8D&quot;,&quot;150&quot;:&quot;https:\\\/\\\/scontent-fra5-2.cdninstagram.com\\\/v\\\/t39.30808-6\\\/674362324_1600085588786891_8719802612413017285_n.jpg?stp=dst-jpg_e35_tt6&amp;_nc_cat=106&amp;ccb=7-5&amp;_nc_sid=18de74&amp;efg=eyJlZmdfdGFnIjoiQ0FST1VTRUxfSVRFTS5iZXN0X2ltYWdlX3VybGdlbi5DMyJ9&amp;_nc_ohc=DX6WpIH8BmgQ7kNvwEFz_he&amp;_nc_oc=AdqkLKLrmf2jaTYeNTraIjneQigEw0mgc_dLjOEyq68HmOWfysQ4M-lcKaqRVhOnvCs&amp;_nc_zt=23&amp;_nc_ht=scontent-fra5-2.cdninstagram.com&amp;edm=ANo9K5cEAAAA&amp;_nc_gid=gnIZ1RNNfZRUt0EFUaUO4A&amp;_nc_tpa=Q5bMBQHfOyYy5TIW9rEtfx06nbopuaW0lVq1vp9BywVGkZDdUxERjZYZspcG5AgtSrQHR71BrAz8d2JZYw&amp;oh=00_Af5nQmqJcW20VHfJPlzuAoPZN3abTNI0fy90UvnUg9URjQ&amp;oe=69FB7A8D&quot;,&quot;320&quot;:&quot;https:\\\/\\\/www.domainesrichard.fr\\\/chateau-de-corcelles\\\/wp-content\\\/uploads\\\/sites\\\/2\\\/sb-instagram-feed-images\\\/674362324_1600085588786891_8719802612413017285_nlow.webp&quot;,&quot;640&quot;:&quot;https:\\\/\\\/www.domainesrichard.fr\\\/chateau-de-corcelles\\\/wp-content\\\/uploads\\\/sites\\\/2\\\/sb-instagram-feed-images\\\/674362324_1600085588786891_8719802612413017285_nfull.webp&quot;}\">\n\t\t\t<span class=\"sbi-screenreader\">\ud83c\udf47 Retour sur Bien Boire en Beaujolais 2026\nUne tr\u00e8<\/span>\n\t\t\t\n<svg class=\"svg-inline--fa fa-clone fa-w-16 sbi_lightbox_carousel_icon\" aria-hidden=\"true\" aria-label=\"Clone\" data-fa-pro\u0192cessed=\"\" data-prefix=\"far\" data-icon=\"clone\" role=\"img\" xmlns=\"http:\/\/www.w3.org\/2000\/svg\" viewBox=\"0 0 512 512\">\n                    <path fill=\"currentColor\" d=\"M464 0H144c-26.51 0-48 21.49-48 48v48H48c-26.51 0-48 21.49-48 48v320c0 26.51 21.49 48 48 48h320c26.51 0 48-21.49 48-48v-48h48c26.51 0 48-21.49 48-48V48c0-26.51-21.49-48-48-48zM362 464H54a6 6 0 0 1-6-6V150a6 6 0 0 1 6-6h42v224c0 26.51 21.49 48 48 48h224v42a6 6 0 0 1-6 6zm96-96H150a6 6 0 0 1-6-6V54a6 6 0 0 1 6-6h308a6 6 0 0 1 6 6v308a6 6 0 0 1-6 6z\"><\/path>\n                <\/svg>\n\t\t\t\t\t\t<img decoding=\"async\" src=\"https:\/\/www.domainesrichard.fr\/chateau-de-corcelles\/wp-content\/plugins\/instagram-feed\/img\/placeholder.png\" alt=\"\ud83c\udf47 Retour sur Bien Boire en Beaujolais 2026\nUne tr\u00e8s belle \u00e9dition 2026, qui confirme une fois encore le r\u00f4le central de cet \u00e9v\u00e9nement pour le vignoble beaujolais.\ufffdProfessionnels nombreux, \u00e9changes de qualit\u00e9 et une dynamique collective forte&nbsp;: Bien Boire en Beaujolais reste un vecteur d\u2019image majeur pour la r\u00e9gion.\n\ud83d\udc49 Une ambiance \u00e0 la fois chaleureuse et r\u00e9solument professionnelle, id\u00e9ale pour d\u00e9couvrir la diversit\u00e9 et la richesse des terroirs du Beaujolais.\nAu Ch\u00e2teau de Corcelles, la soir\u00e9e a rencontr\u00e9 un v\u00e9ritable engouement, affichant complet, et une demande soutenue jusqu\u2019au dernier moment.\ufffdUn temps fort marqu\u00e9 par&nbsp;:\ufffd\u2022 des d\u00e9gustations repr\u00e9sentatives de tout le Beaujolais\ufffd\u2022 des \u00e9changes riches entre professionnels\ufffd\u2022 une atmosph\u00e8re conviviale et professionnelle \n\ud83c\udf77 Une soir\u00e9e \u00e0 l\u2019image du Beaujolais d\u2019aujourd\u2019hui&nbsp;:\ufffdun \u00e9quilibre entre vin, gastronomie et patrimoine, dans un cadre historique propice au partage.\nUn grand merci \u00e0 toutes celles et ceux qui ont contribu\u00e9 \u00e0 la r\u00e9ussite de cette \u00e9dition.\ufffd\u00c0 tr\u00e8s bient\u00f4t en Beaujolais.\n-\n\ud83c\uddec\ud83c\udde7 \ud83c\udf47 Looking back at Bien Boire en Beaujolais 2026\nA very successful 2026 edition, once again confirming the central role of this event for the Beaujolais wine region.\ufffdStrong attendance from professionals, high-quality exchanges, and a collective momentum: Bien Boire en Beaujolais remains a key driver of the region\u2019s image.\n\ud83d\udc49 An atmosphere that was both warm and truly professional, ideal for discovering the diversity and richness of Beaujolais terroirs.\nAt Ch\u00e2teau de Corcelles, the evening generated real enthusiasm, fully booked, with strong demand until the very last moment.\ufffdA highlight marked by:\ufffd\u2022 tastings representing the full diversity of Beaujolais\ufffd\u2022 valuable exchanges between professionals\ufffd\u2022 a convivial and professional atmosphere\n\ud83c\udf77 An evening reflecting the Beaujolais of today:\ufffda balance between wine, gastronomy, and heritage, in a historic setting designed for sharing.\nMany thanks to everyone who contributed to the success of this edition.\ufffdSee you soon in Beaujolais.\n\n#chateaudecorcelles #domainesrichard #famillerichard #bienboireenbeaujolais\" aria-hidden=\"true\">\n\t\t<\/a>\n\t<\/div>\n<\/div><div class=\"sbi_item sbi_type_image sbi_new sbi_transition\"\n\tid=\"sbi_18113356996695578\" data-date=\"1776772928\">\n\t<div class=\"sbi_photo_wrap\">\n\t\t<a class=\"sbi_photo\" href=\"https:\/\/www.instagram.com\/p\/DXZJpp9ivg9\/\" target=\"_blank\" rel=\"noopener nofollow\"\n\t\t\tdata-full-res=\"https:\/\/scontent-fra5-2.cdninstagram.com\/v\/t39.30808-6\/678755525_1600063508789099_5544893569794027259_n.jpg?stp=dst-jpg_e35_tt6&#038;_nc_cat=106&#038;ccb=7-5&#038;_nc_sid=18de74&#038;efg=eyJlZmdfdGFnIjoiRkVFRC5iZXN0X2ltYWdlX3VybGdlbi5DMyJ9&#038;_nc_ohc=lNKg6AuA4HEQ7kNvwF1boqQ&#038;_nc_oc=AdpgTRhmSNFRJjp0Ed7QIzJUu1wJCECwrh2IUnVs5J6whKLE4ewBVL0Q_8dXtDiPSc0&#038;_nc_zt=23&#038;_nc_ht=scontent-fra5-2.cdninstagram.com&#038;edm=ANo9K5cEAAAA&#038;_nc_gid=gnIZ1RNNfZRUt0EFUaUO4A&#038;_nc_tpa=Q5bMBQFhQvWVmg4JtVlkML52mSg8KgI_ylzTXOKD1dvb3td2ZSQf2FYZFqwJwlcQnbc7dwB-z2IuaH8yVw&#038;oh=00_Af4gGKg1G61QaFyzrpPp1rRV_D0fY2Ue1zi8sJgx1JP09g&#038;oe=69FB63BF\"\n\t\t\tdata-img-src-set=\"{&quot;d&quot;:&quot;https:\\\/\\\/scontent-fra5-2.cdninstagram.com\\\/v\\\/t39.30808-6\\\/678755525_1600063508789099_5544893569794027259_n.jpg?stp=dst-jpg_e35_tt6&amp;_nc_cat=106&amp;ccb=7-5&amp;_nc_sid=18de74&amp;efg=eyJlZmdfdGFnIjoiRkVFRC5iZXN0X2ltYWdlX3VybGdlbi5DMyJ9&amp;_nc_ohc=lNKg6AuA4HEQ7kNvwF1boqQ&amp;_nc_oc=AdpgTRhmSNFRJjp0Ed7QIzJUu1wJCECwrh2IUnVs5J6whKLE4ewBVL0Q_8dXtDiPSc0&amp;_nc_zt=23&amp;_nc_ht=scontent-fra5-2.cdninstagram.com&amp;edm=ANo9K5cEAAAA&amp;_nc_gid=gnIZ1RNNfZRUt0EFUaUO4A&amp;_nc_tpa=Q5bMBQFhQvWVmg4JtVlkML52mSg8KgI_ylzTXOKD1dvb3td2ZSQf2FYZFqwJwlcQnbc7dwB-z2IuaH8yVw&amp;oh=00_Af4gGKg1G61QaFyzrpPp1rRV_D0fY2Ue1zi8sJgx1JP09g&amp;oe=69FB63BF&quot;,&quot;150&quot;:&quot;https:\\\/\\\/scontent-fra5-2.cdninstagram.com\\\/v\\\/t39.30808-6\\\/678755525_1600063508789099_5544893569794027259_n.jpg?stp=dst-jpg_e35_tt6&amp;_nc_cat=106&amp;ccb=7-5&amp;_nc_sid=18de74&amp;efg=eyJlZmdfdGFnIjoiRkVFRC5iZXN0X2ltYWdlX3VybGdlbi5DMyJ9&amp;_nc_ohc=lNKg6AuA4HEQ7kNvwF1boqQ&amp;_nc_oc=AdpgTRhmSNFRJjp0Ed7QIzJUu1wJCECwrh2IUnVs5J6whKLE4ewBVL0Q_8dXtDiPSc0&amp;_nc_zt=23&amp;_nc_ht=scontent-fra5-2.cdninstagram.com&amp;edm=ANo9K5cEAAAA&amp;_nc_gid=gnIZ1RNNfZRUt0EFUaUO4A&amp;_nc_tpa=Q5bMBQFhQvWVmg4JtVlkML52mSg8KgI_ylzTXOKD1dvb3td2ZSQf2FYZFqwJwlcQnbc7dwB-z2IuaH8yVw&amp;oh=00_Af4gGKg1G61QaFyzrpPp1rRV_D0fY2Ue1zi8sJgx1JP09g&amp;oe=69FB63BF&quot;,&quot;320&quot;:&quot;https:\\\/\\\/www.domainesrichard.fr\\\/chateau-de-corcelles\\\/wp-content\\\/uploads\\\/sites\\\/2\\\/sb-instagram-feed-images\\\/678755525_1600063508789099_5544893569794027259_nlow.webp&quot;,&quot;640&quot;:&quot;https:\\\/\\\/www.domainesrichard.fr\\\/chateau-de-corcelles\\\/wp-content\\\/uploads\\\/sites\\\/2\\\/sb-instagram-feed-images\\\/678755525_1600063508789099_5544893569794027259_nfull.webp&quot;}\">\n\t\t\t<span class=\"sbi-screenreader\">\ud83c\udfc5 93 points pour une cuv\u00e9e de Ch\u00e2teau de Corcelles<\/span>\n\t\t\t\t\t\t\t\t\t<img decoding=\"async\" src=\"https:\/\/www.domainesrichard.fr\/chateau-de-corcelles\/wp-content\/plugins\/instagram-feed\/img\/placeholder.png\" alt=\"\ud83c\udfc5 93 points pour une cuv\u00e9e de Ch\u00e2teau de Corcelles\nNotre Brouilly \u201cLes Roches\u201d 2022  a \u00e9t\u00e9 not\u00e9 93 points par @stuart.pigott\nUne belle distinction qui met en lumi\u00e8re notre parcellaire de Brouilly.\nMerci \u00e0 Stuart Pigott pour cette reconnaissance.\n-\n\ud83c\uddec\ud83c\udde7\ud83c\udfc5 93 points for a Ch\u00e2teau de Corcelles cuv\u00e9e\nOur Brouilly \u201cLes Roches\u201d 2022 has been awarded 93 points by @stuart.pigott\nA great distinction highlighting our Brouilly vineyard parcels.\nMany thanks to Stuart Pigott for this recognition.\n\n#chateaudecorcelles #domainesrichard #famillerichard #stuartpigott #brouilly\" aria-hidden=\"true\">\n\t\t<\/a>\n\t<\/div>\n<\/div><div class=\"sbi_item sbi_type_video sbi_new sbi_transition\"\n\tid=\"sbi_18344155207244408\" data-date=\"1776268153\">\n\t<div class=\"sbi_photo_wrap\">\n\t\t<a class=\"sbi_photo\" href=\"https:\/\/www.instagram.com\/reel\/DXKG0_GiFr0\/\" target=\"_blank\" rel=\"noopener nofollow\"\n\t\t\tdata-full-res=\"https:\/\/scontent-fra5-2.cdninstagram.com\/v\/t51.82787-15\/670848640_18404634481178474_5032231784559854604_n.jpg?stp=dst-jpg_e35_tt6&#038;_nc_cat=106&#038;ccb=7-5&#038;_nc_sid=18de74&#038;efg=eyJlZmdfdGFnIjoiQ0xJUFMuYmVzdF9pbWFnZV91cmxnZW4uQzMifQ%3D%3D&#038;_nc_ohc=Drlj0Xu6iIsQ7kNvwFDLSrw&#038;_nc_oc=Adp-H1JpQDpO1zqqpzacnGc6npWbaxykFA_EakPqaXpT5RZ6CO3Yn5gGdyAdHFMCNE4&#038;_nc_zt=23&#038;_nc_ht=scontent-fra5-2.cdninstagram.com&#038;edm=ANo9K5cEAAAA&#038;_nc_gid=gnIZ1RNNfZRUt0EFUaUO4A&#038;_nc_tpa=Q5bMBQFN30wuon_vfwrjkSjZ9O6YXaJzc6Nj7XSkS9CKGRor4LbtMkyx7SDx9O6ytqexyHdlMHsbTNF7pw&#038;oh=00_Af7ayziC2b7awJZ7GRYr0stSWM4ocsNRifGeuBhpbCgOjw&#038;oe=69FB6573\"\n\t\t\tdata-img-src-set=\"{&quot;d&quot;:&quot;https:\\\/\\\/scontent-fra5-2.cdninstagram.com\\\/v\\\/t51.82787-15\\\/670848640_18404634481178474_5032231784559854604_n.jpg?stp=dst-jpg_e35_tt6&amp;_nc_cat=106&amp;ccb=7-5&amp;_nc_sid=18de74&amp;efg=eyJlZmdfdGFnIjoiQ0xJUFMuYmVzdF9pbWFnZV91cmxnZW4uQzMifQ%3D%3D&amp;_nc_ohc=Drlj0Xu6iIsQ7kNvwFDLSrw&amp;_nc_oc=Adp-H1JpQDpO1zqqpzacnGc6npWbaxykFA_EakPqaXpT5RZ6CO3Yn5gGdyAdHFMCNE4&amp;_nc_zt=23&amp;_nc_ht=scontent-fra5-2.cdninstagram.com&amp;edm=ANo9K5cEAAAA&amp;_nc_gid=gnIZ1RNNfZRUt0EFUaUO4A&amp;_nc_tpa=Q5bMBQFN30wuon_vfwrjkSjZ9O6YXaJzc6Nj7XSkS9CKGRor4LbtMkyx7SDx9O6ytqexyHdlMHsbTNF7pw&amp;oh=00_Af7ayziC2b7awJZ7GRYr0stSWM4ocsNRifGeuBhpbCgOjw&amp;oe=69FB6573&quot;,&quot;150&quot;:&quot;https:\\\/\\\/scontent-fra5-2.cdninstagram.com\\\/v\\\/t51.82787-15\\\/670848640_18404634481178474_5032231784559854604_n.jpg?stp=dst-jpg_e35_tt6&amp;_nc_cat=106&amp;ccb=7-5&amp;_nc_sid=18de74&amp;efg=eyJlZmdfdGFnIjoiQ0xJUFMuYmVzdF9pbWFnZV91cmxnZW4uQzMifQ%3D%3D&amp;_nc_ohc=Drlj0Xu6iIsQ7kNvwFDLSrw&amp;_nc_oc=Adp-H1JpQDpO1zqqpzacnGc6npWbaxykFA_EakPqaXpT5RZ6CO3Yn5gGdyAdHFMCNE4&amp;_nc_zt=23&amp;_nc_ht=scontent-fra5-2.cdninstagram.com&amp;edm=ANo9K5cEAAAA&amp;_nc_gid=gnIZ1RNNfZRUt0EFUaUO4A&amp;_nc_tpa=Q5bMBQFN30wuon_vfwrjkSjZ9O6YXaJzc6Nj7XSkS9CKGRor4LbtMkyx7SDx9O6ytqexyHdlMHsbTNF7pw&amp;oh=00_Af7ayziC2b7awJZ7GRYr0stSWM4ocsNRifGeuBhpbCgOjw&amp;oe=69FB6573&quot;,&quot;320&quot;:&quot;https:\\\/\\\/www.domainesrichard.fr\\\/chateau-de-corcelles\\\/wp-content\\\/uploads\\\/sites\\\/2\\\/sb-instagram-feed-images\\\/671177205_18404535535178474_5062365409224133793_nlow.webp&quot;,&quot;640&quot;:&quot;https:\\\/\\\/www.domainesrichard.fr\\\/chateau-de-corcelles\\\/wp-content\\\/uploads\\\/sites\\\/2\\\/sb-instagram-feed-images\\\/671177205_18404535535178474_5062365409224133793_nfull.webp&quot;}\">\n\t\t\t<span class=\"sbi-screenreader\">\ud83c\udf77Dans l\u2019\u00e9crin du Ch\u00e2teau de Corcelles, sous le cie<\/span>\n\t\t\t\t\t\t\n<svg style=\"color: rgba(255,255,255,1)\" class=\"svg-inline--fa fa-play fa-w-14 sbi_playbtn\" aria-label=\"Play\" aria-hidden=\"true\" data-fa-processed=\"\" data-prefix=\"fa\" data-icon=\"play\" role=\"presentation\" xmlns=\"http:\/\/www.w3.org\/2000\/svg\" viewBox=\"0 0 448 512\"><path fill=\"currentColor\" d=\"M424.4 214.7L72.4 6.6C43.8-10.3 0 6.1 0 47.9V464c0 37.5 40.7 60.1 72.4 41.3l352-208c31.4-18.5 31.5-64.1 0-82.6z\"><\/path><\/svg>\n\t\t\t<img decoding=\"async\" src=\"https:\/\/www.domainesrichard.fr\/chateau-de-corcelles\/wp-content\/plugins\/instagram-feed\/img\/placeholder.png\" alt=\"\ud83c\udf77Dans l\u2019\u00e9crin du Ch\u00e2teau de Corcelles, sous le ciel du Beaujolais, germe la magie de notre Fleurie Ponci\u00e9, lieu-dit remarquable. Vieilles vignes, berc\u00e9es par le granit rose, murmurent en ar\u00f4mes de fruits noirs et d\u2019essences min\u00e9rales. Ce vin dessine en bouche une harmonie entre force et finesse, r\u00e9v\u00e9lant l\u2019\u00e2me de nos coteaux en pente. Fleurie Ponci\u00e9 est l\u2019invitation \u00e0 savourer l\u2019instant, une ode \u00e0 la terre nourrici\u00e8re, captur\u00e9e dans l\u2019\u00e9clat d\u2019un verre. D\u00e9couvrez la quintessence de nos parcelles de Fleurie, o\u00f9 chaque goutte c\u00e9l\u00e8bre la rencontre du temps et de la passion.\n-\n\ud83c\uddec\ud83c\udde7\ud83c\udf77 Within the setting of Ch\u00e2teau de Corcelles, under the Beaujolais sky, the magic of our Fleurie Ponci\u00e9, a remarkable named place, begins to bloom. Old vines, cradled by pink granite, whisper aromas of black fruits and mineral essences. This wine sketches a harmony between strength and finesse in the mouth, revealing the soul of our sloped vineyards. In Fleurie Ponci\u00e9 is an invitation to savor the moment, an ode to the nourishing earth, captured in the brilliance of a glass. Discover the quintessence of our Fleurie plots, where every drop celebrates the meeting of time and passion.\n\n@hugmouss \n#chateaudecorcelles #beaujolais #domainesrichard #famillerichard #fleurie\" aria-hidden=\"true\">\n\t\t<\/a>\n\t<\/div>\n<\/div><div class=\"sbi_item sbi_type_image sbi_new sbi_transition\"\n\tid=\"sbi_18105257047923999\" data-date=\"1775642470\">\n\t<div class=\"sbi_photo_wrap\">\n\t\t<a class=\"sbi_photo\" href=\"https:\/\/www.instagram.com\/p\/DW3deg7gZ7P\/\" target=\"_blank\" rel=\"noopener nofollow\"\n\t\t\tdata-full-res=\"https:\/\/scontent-fra3-1.cdninstagram.com\/v\/t39.30808-6\/667404942_1588348743293909_5290842030911785434_n.jpg?stp=dst-jpg_e35_tt6&#038;_nc_cat=101&#038;ccb=7-5&#038;_nc_sid=18de74&#038;efg=eyJlZmdfdGFnIjoiRkVFRC5iZXN0X2ltYWdlX3VybGdlbi5DMyJ9&#038;_nc_ohc=hF8uZiue4A4Q7kNvwE6si4M&#038;_nc_oc=AdpEBwFrTEXHuPiM7pCCVzc5o_SkedruogdEWvnXEJwrtfBjyQoYwNv-k1fXrLPMtRU&#038;_nc_zt=23&#038;_nc_ht=scontent-fra3-1.cdninstagram.com&#038;edm=ANo9K5cEAAAA&#038;_nc_gid=gnIZ1RNNfZRUt0EFUaUO4A&#038;_nc_tpa=Q5bMBQFyW_mobAES70K_X242yN9FDUYJin8fMxmD-TJOc7zMeEwGoUCOusI2ydiP6WuVEwayZUawihvkcw&#038;oh=00_Af44B5ojZTheKvik855fqg4PHdS3ImHglsOA_VXdks_nRw&#038;oe=69FB550E\"\n\t\t\tdata-img-src-set=\"{&quot;d&quot;:&quot;https:\\\/\\\/scontent-fra3-1.cdninstagram.com\\\/v\\\/t39.30808-6\\\/667404942_1588348743293909_5290842030911785434_n.jpg?stp=dst-jpg_e35_tt6&amp;_nc_cat=101&amp;ccb=7-5&amp;_nc_sid=18de74&amp;efg=eyJlZmdfdGFnIjoiRkVFRC5iZXN0X2ltYWdlX3VybGdlbi5DMyJ9&amp;_nc_ohc=hF8uZiue4A4Q7kNvwE6si4M&amp;_nc_oc=AdpEBwFrTEXHuPiM7pCCVzc5o_SkedruogdEWvnXEJwrtfBjyQoYwNv-k1fXrLPMtRU&amp;_nc_zt=23&amp;_nc_ht=scontent-fra3-1.cdninstagram.com&amp;edm=ANo9K5cEAAAA&amp;_nc_gid=gnIZ1RNNfZRUt0EFUaUO4A&amp;_nc_tpa=Q5bMBQFyW_mobAES70K_X242yN9FDUYJin8fMxmD-TJOc7zMeEwGoUCOusI2ydiP6WuVEwayZUawihvkcw&amp;oh=00_Af44B5ojZTheKvik855fqg4PHdS3ImHglsOA_VXdks_nRw&amp;oe=69FB550E&quot;,&quot;150&quot;:&quot;https:\\\/\\\/scontent-fra3-1.cdninstagram.com\\\/v\\\/t39.30808-6\\\/667404942_1588348743293909_5290842030911785434_n.jpg?stp=dst-jpg_e35_tt6&amp;_nc_cat=101&amp;ccb=7-5&amp;_nc_sid=18de74&amp;efg=eyJlZmdfdGFnIjoiRkVFRC5iZXN0X2ltYWdlX3VybGdlbi5DMyJ9&amp;_nc_ohc=hF8uZiue4A4Q7kNvwE6si4M&amp;_nc_oc=AdpEBwFrTEXHuPiM7pCCVzc5o_SkedruogdEWvnXEJwrtfBjyQoYwNv-k1fXrLPMtRU&amp;_nc_zt=23&amp;_nc_ht=scontent-fra3-1.cdninstagram.com&amp;edm=ANo9K5cEAAAA&amp;_nc_gid=gnIZ1RNNfZRUt0EFUaUO4A&amp;_nc_tpa=Q5bMBQFyW_mobAES70K_X242yN9FDUYJin8fMxmD-TJOc7zMeEwGoUCOusI2ydiP6WuVEwayZUawihvkcw&amp;oh=00_Af44B5ojZTheKvik855fqg4PHdS3ImHglsOA_VXdks_nRw&amp;oe=69FB550E&quot;,&quot;320&quot;:&quot;https:\\\/\\\/www.domainesrichard.fr\\\/chateau-de-corcelles\\\/wp-content\\\/uploads\\\/sites\\\/2\\\/sb-instagram-feed-images\\\/667404942_1588348743293909_5290842030911785434_nlow.webp&quot;,&quot;640&quot;:&quot;https:\\\/\\\/www.domainesrichard.fr\\\/chateau-de-corcelles\\\/wp-content\\\/uploads\\\/sites\\\/2\\\/sb-instagram-feed-images\\\/667404942_1588348743293909_5290842030911785434_nfull.webp&quot;}\">\n\t\t\t<span class=\"sbi-screenreader\">\ud83c\udf47 Nous sommes tr\u00e8s heureux de voir notre Beaujolai<\/span>\n\t\t\t\t\t\t\t\t\t<img decoding=\"async\" src=\"https:\/\/www.domainesrichard.fr\/chateau-de-corcelles\/wp-content\/plugins\/instagram-feed\/img\/placeholder.png\" alt=\"\ud83c\udf47 Nous sommes tr\u00e8s heureux de voir notre Beaujolais Le Perr\u00e9on 2023 not\u00e9 94 points par @stuart.pigott \nUn grand merci pour cette belle reconnaissance, et pour cet article qui met en lumi\u00e8re tout le potentiel et la singularit\u00e9 des Beaujolais-Villages, trop souvent sous-estim\u00e9s.\n\ud83d\udc49 \u00c0 d\u00e9couvrir sur https:\/\/www.stuartpigott.com, article&nbsp;: &quot;BEAUJOLAIS-VILLAGES: I am not a Number, I am a Real Wine!&quot; \n-\n\ud83c\uddec\ud83c\udde7 \ud83c\udf47 We are very pleased to see our Beaujolais Le Perr\u00e9on 2023 awarded 94 points by Stuart Pigott.\nMany thanks for this great recognition, and for this article highlighting the full potential and unique character of Beaujolais-Villages, too often underestimated.\n\ud83d\udc49 To discover on https:\/\/www.stuartpigott.com, article: &quot;BEAUJOLAIS-VILLAGES: I am not a Number, I am a Real Wine!&quot; \n\n#chateaudecorcelles #domainesrichard #famillerichard #stuartpigott #beaujolaisvillages\" aria-hidden=\"true\">\n\t\t<\/a>\n\t<\/div>\n<\/div><div class=\"sbi_item sbi_type_image sbi_new sbi_transition\"\n\tid=\"sbi_18091268942129296\" data-date=\"1774969448\">\n\t<div class=\"sbi_photo_wrap\">\n\t\t<a class=\"sbi_photo\" href=\"https:\/\/www.instagram.com\/p\/DWjZyduGrA1\/\" target=\"_blank\" rel=\"noopener nofollow\"\n\t\t\tdata-full-res=\"https:\/\/scontent-fra5-2.cdninstagram.com\/v\/t39.30808-6\/652620367_1568645171930933_3091016781767038221_n.jpg?stp=dst-jpg_e35_tt6&#038;_nc_cat=106&#038;ccb=7-5&#038;_nc_sid=18de74&#038;efg=eyJlZmdfdGFnIjoiRkVFRC5iZXN0X2ltYWdlX3VybGdlbi5DMyJ9&#038;_nc_ohc=d8QZbDe5oSsQ7kNvwH19ZmC&#038;_nc_oc=Adr81OkuoGlJXODAzZnr1aO94k5xPe2fhqGAbmUOAH4A6JJclBbH9zKDEYT3y49ka2g&#038;_nc_zt=23&#038;_nc_ht=scontent-fra5-2.cdninstagram.com&#038;edm=ANo9K5cEAAAA&#038;_nc_gid=gnIZ1RNNfZRUt0EFUaUO4A&#038;_nc_tpa=Q5bMBQEMh6Tpmu9Qc30JwJ8dghw-959LZCVAfye3hNU_s5xUndk5ZXknzdSiXWW5GSAkHflcMREtLR1I4A&#038;oh=00_Af65ff1kQeUXTes31-Jd5Ju4HoXVKkjR-LkmEZ438ZdHbQ&#038;oe=69FB6935\"\n\t\t\tdata-img-src-set=\"{&quot;d&quot;:&quot;https:\\\/\\\/scontent-fra5-2.cdninstagram.com\\\/v\\\/t39.30808-6\\\/652620367_1568645171930933_3091016781767038221_n.jpg?stp=dst-jpg_e35_tt6&amp;_nc_cat=106&amp;ccb=7-5&amp;_nc_sid=18de74&amp;efg=eyJlZmdfdGFnIjoiRkVFRC5iZXN0X2ltYWdlX3VybGdlbi5DMyJ9&amp;_nc_ohc=d8QZbDe5oSsQ7kNvwH19ZmC&amp;_nc_oc=Adr81OkuoGlJXODAzZnr1aO94k5xPe2fhqGAbmUOAH4A6JJclBbH9zKDEYT3y49ka2g&amp;_nc_zt=23&amp;_nc_ht=scontent-fra5-2.cdninstagram.com&amp;edm=ANo9K5cEAAAA&amp;_nc_gid=gnIZ1RNNfZRUt0EFUaUO4A&amp;_nc_tpa=Q5bMBQEMh6Tpmu9Qc30JwJ8dghw-959LZCVAfye3hNU_s5xUndk5ZXknzdSiXWW5GSAkHflcMREtLR1I4A&amp;oh=00_Af65ff1kQeUXTes31-Jd5Ju4HoXVKkjR-LkmEZ438ZdHbQ&amp;oe=69FB6935&quot;,&quot;150&quot;:&quot;https:\\\/\\\/scontent-fra5-2.cdninstagram.com\\\/v\\\/t39.30808-6\\\/652620367_1568645171930933_3091016781767038221_n.jpg?stp=dst-jpg_e35_tt6&amp;_nc_cat=106&amp;ccb=7-5&amp;_nc_sid=18de74&amp;efg=eyJlZmdfdGFnIjoiRkVFRC5iZXN0X2ltYWdlX3VybGdlbi5DMyJ9&amp;_nc_ohc=d8QZbDe5oSsQ7kNvwH19ZmC&amp;_nc_oc=Adr81OkuoGlJXODAzZnr1aO94k5xPe2fhqGAbmUOAH4A6JJclBbH9zKDEYT3y49ka2g&amp;_nc_zt=23&amp;_nc_ht=scontent-fra5-2.cdninstagram.com&amp;edm=ANo9K5cEAAAA&amp;_nc_gid=gnIZ1RNNfZRUt0EFUaUO4A&amp;_nc_tpa=Q5bMBQEMh6Tpmu9Qc30JwJ8dghw-959LZCVAfye3hNU_s5xUndk5ZXknzdSiXWW5GSAkHflcMREtLR1I4A&amp;oh=00_Af65ff1kQeUXTes31-Jd5Ju4HoXVKkjR-LkmEZ438ZdHbQ&amp;oe=69FB6935&quot;,&quot;320&quot;:&quot;https:\\\/\\\/www.domainesrichard.fr\\\/chateau-de-corcelles\\\/wp-content\\\/uploads\\\/sites\\\/2\\\/sb-instagram-feed-images\\\/652620367_1568645171930933_3091016781767038221_nlow.webp&quot;,&quot;640&quot;:&quot;https:\\\/\\\/www.domainesrichard.fr\\\/chateau-de-corcelles\\\/wp-content\\\/uploads\\\/sites\\\/2\\\/sb-instagram-feed-images\\\/652620367_1568645171930933_3091016781767038221_nfull.webp&quot;}\">\n\t\t\t<span class=\"sbi-screenreader\">\u2728 On vous attend \u00e0 Bien Boire en Beaujolais&nbsp;!\nRend<\/span>\n\t\t\t\t\t\t\t\t\t<img decoding=\"async\" src=\"https:\/\/www.domainesrichard.fr\/chateau-de-corcelles\/wp-content\/plugins\/instagram-feed\/img\/placeholder.png\" alt=\"\u2728 On vous attend \u00e0 Bien Boire en Beaujolais&nbsp;!\nRendez-vous les 19 &amp; 20 avril 2026 pour deux journ\u00e9es de d\u00e9gustations et de rencontres au c\u0153ur du vignoble.\nLe Ch\u00e2teau de Corcelles sera pr\u00e9sent aux c\u00f4t\u00e9s de Beaujo\u2019Styles \ud83c\udf77\n\u00c0 tr\u00e8s vite en Beaujolais&nbsp;!\n-\n\ud83c\uddec\ud83c\udde7 We look forward to seeing you at Bien Boire en Beaujolais!\nJoin us on April 19 &amp; 20, 2026 for two days of tastings and meetings in the heart of the vineyard.\nCh\u00e2teau de Corcelles will be there alongside Beaujo\u2019Styles \ud83c\udf77\nSee you soon in Beaujolais!\n\n#bienboireenbeaujolais #beaujostyles #bbb2026 #beaujolais #vigneron\n@beaujostyles @bienboireenbeaujolais @vinsbeaujolais @winesbeaujolais @beaujolart @beaujolwines\" aria-hidden=\"true\">\n\t\t<\/a>\n\t<\/div>\n<\/div>\t<\/div>\n\n\t<div id=\"sbi_load\" >\n\n\t\n\t\n<\/div>\n\t\t<span class=\"sbi_resized_image_data\" data-feed-id=\"*2\"\n\t\t  data-resized=\"{&quot;18091268942129296&quot;:{&quot;id&quot;:&quot;652620367_1568645171930933_3091016781767038221_n&quot;,&quot;ratio&quot;:&quot;0.80&quot;,&quot;sizes&quot;:{&quot;full&quot;:640,&quot;low&quot;:320,&quot;thumb&quot;:150},&quot;extension&quot;:&quot;.webp&quot;},&quot;18105257047923999&quot;:{&quot;id&quot;:&quot;667404942_1588348743293909_5290842030911785434_n&quot;,&quot;ratio&quot;:&quot;0.80&quot;,&quot;sizes&quot;:{&quot;full&quot;:640,&quot;low&quot;:320,&quot;thumb&quot;:150},&quot;extension&quot;:&quot;.webp&quot;},&quot;18344155207244408&quot;:{&quot;id&quot;:&quot;671177205_18404535535178474_5062365409224133793_n&quot;,&quot;ratio&quot;:&quot;0.56&quot;,&quot;sizes&quot;:{&quot;full&quot;:640,&quot;low&quot;:320,&quot;thumb&quot;:150},&quot;extension&quot;:&quot;.webp&quot;},&quot;18113356996695578&quot;:{&quot;id&quot;:&quot;678755525_1600063508789099_5544893569794027259_n&quot;,&quot;ratio&quot;:&quot;0.80&quot;,&quot;sizes&quot;:{&quot;full&quot;:640,&quot;low&quot;:320,&quot;thumb&quot;:150},&quot;extension&quot;:&quot;.webp&quot;},&quot;18167080501418928&quot;:{&quot;id&quot;:&quot;674362324_1600085588786891_8719802612413017285_n&quot;,&quot;ratio&quot;:&quot;0.80&quot;,&quot;sizes&quot;:{&quot;full&quot;:640,&quot;low&quot;:320,&quot;thumb&quot;:150},&quot;extension&quot;:&quot;.webp&quot;},&quot;18325419754268191&quot;:{&quot;id&quot;:&quot;673597655_1600094515452665_5379917009666622558_n&quot;,&quot;ratio&quot;:&quot;0.80&quot;,&quot;sizes&quot;:{&quot;full&quot;:640,&quot;low&quot;:320,&quot;thumb&quot;:150},&quot;extension&quot;:&quot;.webp&quot;},&quot;17929676088258484&quot;:{&quot;id&quot;:&quot;671004640_1594397149355735_6412387996007581849_n&quot;,&quot;ratio&quot;:&quot;0.80&quot;,&quot;sizes&quot;:{&quot;full&quot;:640,&quot;low&quot;:320,&quot;thumb&quot;:150},&quot;extension&quot;:&quot;.webp&quot;},&quot;18074926199558804&quot;:{&quot;id&quot;:&quot;681883007_18406725805178474_6613929136997959289_n&quot;,&quot;ratio&quot;:&quot;0.56&quot;,&quot;sizes&quot;:{&quot;full&quot;:640,&quot;low&quot;:320,&quot;thumb&quot;:150},&quot;extension&quot;:&quot;.webp&quot;}}\">\n\t<\/span>\n\t<\/div>\n\n<\/div>\n\t\t\t\t\t\t<\/div>\n\t\t\t\t<\/div>\n\t\t\t\t\t<\/div>\n\t\t<\/div>\n\t\t\t\t\t<\/div>\n\t\t<\/section>\n\t\t\t\t<\/div>","protected":false},"excerpt":{"rendered":"<p>Visite, d\u00e9gustation &amp; \u00e9v\u00e8nement Id\u00e9alement localis\u00e9 dans le Beaujolais, \u00e0 seulement 54 kilom\u00e8tres de Lyon, 17 kilom\u00e8tres de la gare TGV M\u00e2con Loch\u00e9 et 7 kilom\u00e8tres de la sortie 30 de l&rsquo;autoroute A6, le Ch\u00e2teau de Corcelles occupe une place centrale, tr\u00e8s facilement accessible. Situ\u00e9 au c\u0153ur du vignoble, vous pourrez apercevoir les fl\u00e8ches de [&hellip;]<\/p>","protected":false},"author":1,"featured_media":0,"parent":0,"menu_order":0,"comment_status":"closed","ping_status":"closed","template":"","meta":{"_acf_changed":false,"footnotes":""},"class_list":["post-18","page","type-page","status-publish","hentry"],"acf":[],"yoast_head":"<!-- This site is optimized with the Yoast SEO plugin v27.5 - https:\/\/yoast.com\/product\/yoast-seo-wordpress\/ -->\n<title>Visite, d\u00e9gustation, \u00e9v\u00e8nement, mariages au c\u0153ur du Beaujolais<\/title>\n<meta name=\"description\" content=\"Venez visiter le Ch\u00e2teau de Corcelles au c\u0153ur du vignoble du Beaujolais. Organisez vos \u00e9v\u00e8nements, s\u00e9minaires, r\u00e9ceptions, mariages dans un lieu magique.\" \/>\n<meta name=\"robots\" content=\"index, follow, max-snippet:-1, max-image-preview:large, max-video-preview:-1\" \/>\n<link rel=\"canonical\" href=\"https:\/\/www.domainesrichard.fr\/chateau-de-corcelles\/visite-degustation-evenement\/\" \/>\n<meta property=\"og:locale\" content=\"fr_FR\" \/>\n<meta property=\"og:type\" content=\"article\" \/>\n<meta property=\"og:title\" content=\"Visite, d\u00e9gustation, \u00e9v\u00e8nement, mariages au c\u0153ur du Beaujolais\" \/>\n<meta property=\"og:description\" content=\"Venez visiter le Ch\u00e2teau de Corcelles au c\u0153ur du vignoble du Beaujolais. Organisez vos \u00e9v\u00e8nements, s\u00e9minaires, r\u00e9ceptions, mariages dans un lieu magique.\" \/>\n<meta property=\"og:url\" content=\"https:\/\/www.domainesrichard.fr\/chateau-de-corcelles\/visite-degustation-evenement\/\" \/>\n<meta property=\"og:site_name\" content=\"Ch\u00e2teau de Corcelles\" \/>\n<meta property=\"article:publisher\" content=\"https:\/\/www.facebook.com\/chateaudecorcellesenbeaujolais\" \/>\n<meta property=\"article:modified_time\" content=\"2025-04-22T08:59:35+00:00\" \/>\n<meta property=\"og:image\" content=\"https:\/\/www.domainesrichard.fr\/chateau-de-corcelles\/wp-content\/uploads\/sites\/2\/2022\/02\/chateau-de-corcelles-logo.png\" \/>\n\t<meta property=\"og:image:width\" content=\"600\" \/>\n\t<meta property=\"og:image:height\" content=\"503\" \/>\n\t<meta property=\"og:image:type\" content=\"image\/png\" \/>\n<meta name=\"twitter:card\" content=\"summary_large_image\" \/>\n<meta name=\"twitter:label1\" content=\"Dur\u00e9e de lecture estim\u00e9e\" \/>\n\t<meta name=\"twitter:data1\" content=\"8 minutes\" \/>\n<script type=\"application\/ld+json\" class=\"yoast-schema-graph\">{\"@context\":\"https:\\\/\\\/schema.org\",\"@graph\":[{\"@type\":\"WebPage\",\"@id\":\"https:\\\/\\\/www.domainesrichard.fr\\\/chateau-de-corcelles\\\/visite-degustation-evenement\\\/\",\"url\":\"https:\\\/\\\/www.domainesrichard.fr\\\/chateau-de-corcelles\\\/visite-degustation-evenement\\\/\",\"name\":\"Visite, d\u00e9gustation, \u00e9v\u00e8nement, mariages au c\u0153ur du Beaujolais\",\"isPartOf\":{\"@id\":\"https:\\\/\\\/www.domainesrichard.fr\\\/chateau-de-corcelles\\\/#website\"},\"primaryImageOfPage\":{\"@id\":\"https:\\\/\\\/www.domainesrichard.fr\\\/chateau-de-corcelles\\\/visite-degustation-evenement\\\/#primaryimage\"},\"image\":{\"@id\":\"https:\\\/\\\/www.domainesrichard.fr\\\/chateau-de-corcelles\\\/visite-degustation-evenement\\\/#primaryimage\"},\"thumbnailUrl\":\"https:\\\/\\\/www.domainesrichard.fr\\\/chateau-de-corcelles\\\/wp-content\\\/uploads\\\/sites\\\/2\\\/2022\\\/02\\\/chateau-de-corcelles-logo-300x252.png\",\"datePublished\":\"2021-10-18T14:24:36+00:00\",\"dateModified\":\"2025-04-22T08:59:35+00:00\",\"description\":\"Venez visiter le Ch\u00e2teau de Corcelles au c\u0153ur du vignoble du Beaujolais. Organisez vos \u00e9v\u00e8nements, s\u00e9minaires, r\u00e9ceptions, mariages dans un lieu magique.\",\"inLanguage\":\"fr-FR\",\"potentialAction\":[{\"@type\":\"ReadAction\",\"target\":[\"https:\\\/\\\/www.domainesrichard.fr\\\/chateau-de-corcelles\\\/visite-degustation-evenement\\\/\"]}]},{\"@type\":\"ImageObject\",\"inLanguage\":\"fr-FR\",\"@id\":\"https:\\\/\\\/www.domainesrichard.fr\\\/chateau-de-corcelles\\\/visite-degustation-evenement\\\/#primaryimage\",\"url\":\"https:\\\/\\\/www.domainesrichard.fr\\\/chateau-de-corcelles\\\/wp-content\\\/uploads\\\/sites\\\/2\\\/2022\\\/02\\\/chateau-de-corcelles-logo.png\",\"contentUrl\":\"https:\\\/\\\/www.domainesrichard.fr\\\/chateau-de-corcelles\\\/wp-content\\\/uploads\\\/sites\\\/2\\\/2022\\\/02\\\/chateau-de-corcelles-logo.png\",\"width\":600,\"height\":503,\"caption\":\"Ch\u00e2teau de Corcelles\"},{\"@type\":\"WebSite\",\"@id\":\"https:\\\/\\\/www.domainesrichard.fr\\\/chateau-de-corcelles\\\/#website\",\"url\":\"https:\\\/\\\/www.domainesrichard.fr\\\/chateau-de-corcelles\\\/\",\"name\":\"Ch\u00e2teau de Corcelles\",\"description\":\"L&#039;\u00e2me du Beaujolais\",\"publisher\":{\"@id\":\"https:\\\/\\\/www.domainesrichard.fr\\\/chateau-de-corcelles\\\/#organization\"},\"potentialAction\":[{\"@type\":\"SearchAction\",\"target\":{\"@type\":\"EntryPoint\",\"urlTemplate\":\"https:\\\/\\\/www.domainesrichard.fr\\\/chateau-de-corcelles\\\/?s={search_term_string}\"},\"query-input\":{\"@type\":\"PropertyValueSpecification\",\"valueRequired\":true,\"valueName\":\"search_term_string\"}}],\"inLanguage\":\"fr-FR\"},{\"@type\":\"Organization\",\"@id\":\"https:\\\/\\\/www.domainesrichard.fr\\\/chateau-de-corcelles\\\/#organization\",\"name\":\"Ch\u00e2teau de Corcelles\",\"url\":\"https:\\\/\\\/www.domainesrichard.fr\\\/chateau-de-corcelles\\\/\",\"logo\":{\"@type\":\"ImageObject\",\"inLanguage\":\"fr-FR\",\"@id\":\"https:\\\/\\\/www.domainesrichard.fr\\\/chateau-de-corcelles\\\/#\\\/schema\\\/logo\\\/image\\\/\",\"url\":\"https:\\\/\\\/www.domainesrichard.fr\\\/chateau-de-corcelles\\\/wp-content\\\/uploads\\\/sites\\\/2\\\/2022\\\/02\\\/chateau-de-corcelles-logo.png\",\"contentUrl\":\"https:\\\/\\\/www.domainesrichard.fr\\\/chateau-de-corcelles\\\/wp-content\\\/uploads\\\/sites\\\/2\\\/2022\\\/02\\\/chateau-de-corcelles-logo.png\",\"width\":600,\"height\":503,\"caption\":\"Ch\u00e2teau de Corcelles\"},\"image\":{\"@id\":\"https:\\\/\\\/www.domainesrichard.fr\\\/chateau-de-corcelles\\\/#\\\/schema\\\/logo\\\/image\\\/\"},\"sameAs\":[\"https:\\\/\\\/www.facebook.com\\\/chateaudecorcellesenbeaujolais\",\"https:\\\/\\\/www.instagram.com\\\/chateaudecorcelles\",\"https:\\\/\\\/www.linkedin.com\\\/company\\\/domaines-richard\"]}]}<\/script>\n<!-- \/ Yoast SEO plugin. -->","yoast_head_json":{"title":"Visite, d\u00e9gustation, \u00e9v\u00e8nement, mariages au c\u0153ur du Beaujolais","description":"Venez visiter le Ch\u00e2teau de Corcelles au c\u0153ur du vignoble du Beaujolais. Organisez vos \u00e9v\u00e8nements, s\u00e9minaires, r\u00e9ceptions, mariages dans un lieu magique.","robots":{"index":"index","follow":"follow","max-snippet":"max-snippet:-1","max-image-preview":"max-image-preview:large","max-video-preview":"max-video-preview:-1"},"canonical":"https:\/\/www.domainesrichard.fr\/chateau-de-corcelles\/visite-degustation-evenement\/","og_locale":"fr_FR","og_type":"article","og_title":"Visite, d\u00e9gustation, \u00e9v\u00e8nement, mariages au c\u0153ur du Beaujolais","og_description":"Venez visiter le Ch\u00e2teau de Corcelles au c\u0153ur du vignoble du Beaujolais. Organisez vos \u00e9v\u00e8nements, s\u00e9minaires, r\u00e9ceptions, mariages dans un lieu magique.","og_url":"https:\/\/www.domainesrichard.fr\/chateau-de-corcelles\/visite-degustation-evenement\/","og_site_name":"Ch\u00e2teau de Corcelles","article_publisher":"https:\/\/www.facebook.com\/chateaudecorcellesenbeaujolais","article_modified_time":"2025-04-22T08:59:35+00:00","og_image":[{"width":600,"height":503,"url":"https:\/\/www.domainesrichard.fr\/chateau-de-corcelles\/wp-content\/uploads\/sites\/2\/2022\/02\/chateau-de-corcelles-logo.png","type":"image\/png"}],"twitter_card":"summary_large_image","twitter_misc":{"Dur\u00e9e de lecture estim\u00e9e":"8 minutes"},"schema":{"@context":"https:\/\/schema.org","@graph":[{"@type":"WebPage","@id":"https:\/\/www.domainesrichard.fr\/chateau-de-corcelles\/visite-degustation-evenement\/","url":"https:\/\/www.domainesrichard.fr\/chateau-de-corcelles\/visite-degustation-evenement\/","name":"Visite, d\u00e9gustation, \u00e9v\u00e8nement, mariages au c\u0153ur du Beaujolais","isPartOf":{"@id":"https:\/\/www.domainesrichard.fr\/chateau-de-corcelles\/#website"},"primaryImageOfPage":{"@id":"https:\/\/www.domainesrichard.fr\/chateau-de-corcelles\/visite-degustation-evenement\/#primaryimage"},"image":{"@id":"https:\/\/www.domainesrichard.fr\/chateau-de-corcelles\/visite-degustation-evenement\/#primaryimage"},"thumbnailUrl":"https:\/\/www.domainesrichard.fr\/chateau-de-corcelles\/wp-content\/uploads\/sites\/2\/2022\/02\/chateau-de-corcelles-logo-300x252.png","datePublished":"2021-10-18T14:24:36+00:00","dateModified":"2025-04-22T08:59:35+00:00","description":"Venez visiter le Ch\u00e2teau de Corcelles au c\u0153ur du vignoble du Beaujolais. Organisez vos \u00e9v\u00e8nements, s\u00e9minaires, r\u00e9ceptions, mariages dans un lieu magique.","inLanguage":"fr-FR","potentialAction":[{"@type":"ReadAction","target":["https:\/\/www.domainesrichard.fr\/chateau-de-corcelles\/visite-degustation-evenement\/"]}]},{"@type":"ImageObject","inLanguage":"fr-FR","@id":"https:\/\/www.domainesrichard.fr\/chateau-de-corcelles\/visite-degustation-evenement\/#primaryimage","url":"https:\/\/www.domainesrichard.fr\/chateau-de-corcelles\/wp-content\/uploads\/sites\/2\/2022\/02\/chateau-de-corcelles-logo.png","contentUrl":"https:\/\/www.domainesrichard.fr\/chateau-de-corcelles\/wp-content\/uploads\/sites\/2\/2022\/02\/chateau-de-corcelles-logo.png","width":600,"height":503,"caption":"Ch\u00e2teau de Corcelles"},{"@type":"WebSite","@id":"https:\/\/www.domainesrichard.fr\/chateau-de-corcelles\/#website","url":"https:\/\/www.domainesrichard.fr\/chateau-de-corcelles\/","name":"Ch\u00e2teau de Corcelles","description":"L&#039;\u00e2me du Beaujolais","publisher":{"@id":"https:\/\/www.domainesrichard.fr\/chateau-de-corcelles\/#organization"},"potentialAction":[{"@type":"SearchAction","target":{"@type":"EntryPoint","urlTemplate":"https:\/\/www.domainesrichard.fr\/chateau-de-corcelles\/?s={search_term_string}"},"query-input":{"@type":"PropertyValueSpecification","valueRequired":true,"valueName":"search_term_string"}}],"inLanguage":"fr-FR"},{"@type":"Organization","@id":"https:\/\/www.domainesrichard.fr\/chateau-de-corcelles\/#organization","name":"Ch\u00e2teau de Corcelles","url":"https:\/\/www.domainesrichard.fr\/chateau-de-corcelles\/","logo":{"@type":"ImageObject","inLanguage":"fr-FR","@id":"https:\/\/www.domainesrichard.fr\/chateau-de-corcelles\/#\/schema\/logo\/image\/","url":"https:\/\/www.domainesrichard.fr\/chateau-de-corcelles\/wp-content\/uploads\/sites\/2\/2022\/02\/chateau-de-corcelles-logo.png","contentUrl":"https:\/\/www.domainesrichard.fr\/chateau-de-corcelles\/wp-content\/uploads\/sites\/2\/2022\/02\/chateau-de-corcelles-logo.png","width":600,"height":503,"caption":"Ch\u00e2teau de Corcelles"},"image":{"@id":"https:\/\/www.domainesrichard.fr\/chateau-de-corcelles\/#\/schema\/logo\/image\/"},"sameAs":["https:\/\/www.facebook.com\/chateaudecorcellesenbeaujolais","https:\/\/www.instagram.com\/chateaudecorcelles","https:\/\/www.linkedin.com\/company\/domaines-richard"]}]}},"_links":{"self":[{"href":"https:\/\/www.domainesrichard.fr\/chateau-de-corcelles\/wp-json\/wp\/v2\/pages\/18","targetHints":{"allow":["GET"]}}],"collection":[{"href":"https:\/\/www.domainesrichard.fr\/chateau-de-corcelles\/wp-json\/wp\/v2\/pages"}],"about":[{"href":"https:\/\/www.domainesrichard.fr\/chateau-de-corcelles\/wp-json\/wp\/v2\/types\/page"}],"author":[{"embeddable":true,"href":"https:\/\/www.domainesrichard.fr\/chateau-de-corcelles\/wp-json\/wp\/v2\/users\/1"}],"replies":[{"embeddable":true,"href":"https:\/\/www.domainesrichard.fr\/chateau-de-corcelles\/wp-json\/wp\/v2\/comments?post=18"}],"version-history":[{"count":11,"href":"https:\/\/www.domainesrichard.fr\/chateau-de-corcelles\/wp-json\/wp\/v2\/pages\/18\/revisions"}],"predecessor-version":[{"id":3119,"href":"https:\/\/www.domainesrichard.fr\/chateau-de-corcelles\/wp-json\/wp\/v2\/pages\/18\/revisions\/3119"}],"wp:attachment":[{"href":"https:\/\/www.domainesrichard.fr\/chateau-de-corcelles\/wp-json\/wp\/v2\/media?parent=18"}],"curies":[{"name":"wp","href":"https:\/\/api.w.org\/{rel}","templated":true}]}}