{"id":2,"date":"2021-10-04T17:17:20","date_gmt":"2021-10-04T15:17:20","guid":{"rendered":"https:\/\/www.domainesrichard.fr\/chateau-de-corcelles\/?page_id=2"},"modified":"2026-06-29T22:40:57","modified_gmt":"2026-06-29T20:40:57","slug":"situation-histoire","status":"publish","type":"page","link":"https:\/\/www.domainesrichard.fr\/chateau-de-corcelles\/","title":{"rendered":"Situation &amp; histoire"},"content":{"rendered":"\t\t<div data-elementor-type=\"wp-page\" data-elementor-id=\"2\" class=\"elementor elementor-2\" data-elementor-post-type=\"page\">\n\t\t\t\t\t\t<section class=\"elementor-section elementor-top-section elementor-element elementor-element-60cd6a6f elementor-section-boxed elementor-section-height-default elementor-section-height-default qodef-elementor-content-no qodef-elementor-overlay-no\" data-id=\"60cd6a6f\" data-element_type=\"section\" data-e-type=\"section\">\n\t\t\t\t\t\t<div class=\"elementor-container elementor-column-gap-default\">\n\t\t\t\t\t<div class=\"elementor-column elementor-col-100 elementor-top-column elementor-element elementor-element-183e54c\" data-id=\"183e54c\" data-element_type=\"column\" data-e-type=\"column\">\n\t\t\t<div class=\"elementor-widget-wrap elementor-element-populated\">\n\t\t\t\t\t\t<div class=\"elementor-element elementor-element-a074e3f elementor-invisible elementor-widget elementor-widget-image\" data-id=\"a074e3f\" data-element_type=\"widget\" data-e-type=\"widget\" data-settings=\"{&quot;_animation&quot;:&quot;fadeIn&quot;,&quot;_animation_delay&quot;:&quot;300&quot;}\" data-widget_type=\"image.default\">\n\t\t\t\t<div class=\"elementor-widget-container\">\n\t\t\t\t\t\t\t\t\t\t\t\t\t\t\t<img decoding=\"async\" width=\"300\" height=\"252\" src=\"https:\/\/www.domainesrichard.fr\/chateau-de-corcelles\/wp-content\/uploads\/sites\/2\/2022\/02\/chateau-de-corcelles-logo-300x252.png\" class=\"attachment-medium size-medium wp-image-94\" alt=\"Ch\u00e2teau de Corcelles\" srcset=\"https:\/\/www.domainesrichard.fr\/chateau-de-corcelles\/wp-content\/uploads\/sites\/2\/2022\/02\/chateau-de-corcelles-logo-300x252.png 300w, https:\/\/www.domainesrichard.fr\/chateau-de-corcelles\/wp-content\/uploads\/sites\/2\/2022\/02\/chateau-de-corcelles-logo.png 600w\" sizes=\"(max-width: 300px) 100vw, 300px\" \/>\t\t\t\t\t\t\t\t\t\t\t\t\t\t\t<\/div>\n\t\t\t\t<\/div>\n\t\t\t\t<section class=\"elementor-section elementor-inner-section elementor-element elementor-element-6e33fdaa elementor-section-full_width elementor-section-height-default elementor-section-height-default qodef-elementor-content-no qodef-elementor-overlay-no elementor-invisible\" data-id=\"6e33fdaa\" data-element_type=\"section\" data-e-type=\"section\" data-settings=\"{&quot;animation&quot;:&quot;fadeIn&quot;,&quot;animation_delay&quot;:&quot;300&quot;}\">\n\t\t\t\t\t\t<div class=\"elementor-container elementor-column-gap-no\">\n\t\t\t\t\t<div class=\"elementor-column elementor-col-100 elementor-inner-column elementor-element elementor-element-27abfff9\" data-id=\"27abfff9\" data-element_type=\"column\" data-e-type=\"column\">\n\t\t\t<div class=\"elementor-widget-wrap elementor-element-populated\">\n\t\t\t\t\t\t<div class=\"elementor-element elementor-element-b2286c0 elementor-widget elementor-widget-heading\" data-id=\"b2286c0\" data-element_type=\"widget\" data-e-type=\"widget\" data-widget_type=\"heading.default\">\n\t\t\t\t<div class=\"elementor-widget-container\">\n\t\t\t\t\t<h1 class=\"elementor-heading-title elementor-size-default\">L\u2019\u00c2me du Beaujolais<\/h1>\t\t\t\t<\/div>\n\t\t\t\t<\/div>\n\t\t\t\t<div class=\"elementor-element elementor-element-be72cc1 elementor-widget elementor-widget-text-editor\" data-id=\"be72cc1\" data-element_type=\"widget\" data-e-type=\"widget\" data-widget_type=\"text-editor.default\">\n\t\t\t\t<div class=\"elementor-widget-container\">\n\t\t\t\t\t\t\t\t\tC\u2019est en redescendant la Bourgogne que l\u2019on d\u00e9couvre le Beaujolais, dans son prolongement au sud. En plein c\u0153ur des 10 crus de la r\u00e9gion, Ch\u00e2teau de Corcelles se dresse au milieu de son parc arbor\u00e9. Voisine de la ville de Lyon, capitale de la gastronomie, cette forteresse m\u00e9di\u00e9vale est un lieu de r\u00eave nich\u00e9 dans une r\u00e9gion viticole aux mille et une surprises. Ann\u00e9e apr\u00e8s ann\u00e9e, femmes et hommes \u00e9crivent la suite de l\u2019histoire, celle d\u2019un ch\u00e2teau de renom au c\u0153ur d\u2019un Beaujolais intime.\t\t\t\t\t\t\t\t<\/div>\n\t\t\t\t<\/div>\n\t\t\t\t\t<\/div>\n\t\t<\/div>\n\t\t\t\t\t<\/div>\n\t\t<\/section>\n\t\t\t\t\t<\/div>\n\t\t<\/div>\n\t\t\t\t\t<\/div>\n\t\t<\/section>\n\t\t\t\t<section class=\"elementor-section elementor-top-section elementor-element elementor-element-59e33896 elementor-section-full_width elementor-section-stretched elementor-section-content-middle elementor-section-height-default elementor-section-height-default qodef-elementor-content-no qodef-elementor-overlay-no\" data-id=\"59e33896\" data-element_type=\"section\" data-e-type=\"section\" data-settings=\"{&quot;stretch_section&quot;:&quot;section-stretched&quot;}\">\n\t\t\t\t\t\t<div class=\"elementor-container elementor-column-gap-no\">\n\t\t\t\t\t<div class=\"elementor-column elementor-col-100 elementor-top-column elementor-element elementor-element-7e56ac14\" data-id=\"7e56ac14\" data-element_type=\"column\" data-e-type=\"column\">\n\t\t\t<div class=\"elementor-widget-wrap elementor-element-populated\">\n\t\t\t\t\t\t<div class=\"elementor-element elementor-element-3618168 full-width-video-600 elementor-widget elementor-widget-video\" data-id=\"3618168\" data-element_type=\"widget\" data-e-type=\"widget\" data-settings=\"{&quot;youtube_url&quot;:&quot;https:\\\/\\\/www.youtube.com\\\/watch?v=Atjid0_XcVA&quot;,&quot;yt_privacy&quot;:&quot;yes&quot;,&quot;lazy_load&quot;:&quot;yes&quot;,&quot;show_image_overlay&quot;:&quot;yes&quot;,&quot;image_overlay&quot;:{&quot;url&quot;:&quot;https:\\\/\\\/www.domainesrichard.fr\\\/chateau-de-corcelles\\\/wp-content\\\/uploads\\\/sites\\\/2\\\/2024\\\/06\\\/DR-CORCELLES-SITUATION-1.jpg&quot;,&quot;id&quot;:&quot;2373&quot;,&quot;size&quot;:&quot;&quot;,&quot;alt&quot;:&quot;Ch\\u00e2teau de Corcelles&quot;,&quot;source&quot;:&quot;library&quot;},&quot;video_type&quot;:&quot;youtube&quot;,&quot;controls&quot;:&quot;yes&quot;}\" data-widget_type=\"video.default\">\n\t\t\t\t<div class=\"elementor-widget-container\">\n\t\t\t\t\t\t\t<div class=\"elementor-wrapper elementor-open-inline\">\n\t\t\t<div class=\"elementor-video\"><\/div>\t\t\t\t<div class=\"elementor-custom-embed-image-overlay\" style=\"background-image: url(https:\/\/www.domainesrichard.fr\/chateau-de-corcelles\/wp-content\/uploads\/sites\/2\/2024\/06\/DR-CORCELLES-SITUATION-1.jpg);\">\n\t\t\t\t\t\t\t\t\t\t\t\t\t\t\t\t<div class=\"elementor-custom-embed-play\" role=\"button\" aria-label=\"Lire la vid\u00e9o sur Ch\u00e2teau de Corcelles\" tabindex=\"0\">\n\t\t\t\t\t\t\t<i aria-hidden=\"true\" class=\"eicon-play\"><\/i>\t\t\t\t\t\t<\/div>\n\t\t\t\t\t\t\t\t\t<\/div>\n\t\t\t\t\t<\/div>\n\t\t\t\t\t\t<\/div>\n\t\t\t\t<\/div>\n\t\t\t\t\t<\/div>\n\t\t<\/div>\n\t\t\t\t\t<\/div>\n\t\t<\/section>\n\t\t\t\t<section class=\"elementor-section elementor-top-section elementor-element elementor-element-101038d4 elementor-section-boxed elementor-section-height-default elementor-section-height-default qodef-elementor-content-no qodef-elementor-overlay-no elementor-invisible\" data-id=\"101038d4\" data-element_type=\"section\" data-e-type=\"section\" data-settings=\"{&quot;animation&quot;:&quot;fadeIn&quot;,&quot;animation_delay&quot;:&quot;300&quot;}\">\n\t\t\t\t\t\t<div class=\"elementor-container elementor-column-gap-default\">\n\t\t\t\t\t<div class=\"elementor-column elementor-col-100 elementor-top-column elementor-element elementor-element-7cf9b3a2\" data-id=\"7cf9b3a2\" data-element_type=\"column\" data-e-type=\"column\">\n\t\t\t<div class=\"elementor-widget-wrap elementor-element-populated\">\n\t\t\t\t\t\t<div class=\"elementor-element elementor-element-7b67691e elementor-widget elementor-widget-qi_addons_for_elementor_animated_text\" data-id=\"7b67691e\" data-element_type=\"widget\" data-e-type=\"widget\" data-widget_type=\"qi_addons_for_elementor_animated_text.default\">\n\t\t\t\t<div class=\"elementor-widget-container\">\n\t\t\t\t\t<div class=\"qodef-shortcode qodef-m qodef-qi-animated-text qodef--animated-by-word qodef--alignment-center qodef-qi--has-appear qodef--appear-fade\" >\n\t\t<p class=\"qodef-m-title\">\n\t\t<span class=\"qodef-e-word\">C\u2019est<\/span> <span class=\"qodef-e-word\">en<\/span> <span class=\"qodef-e-word\">sentinelle<\/span> <span class=\"qodef-e-word\">que<\/span> <span class=\"qodef-e-word\">le<\/span> <span class=\"qodef-e-word\">ch\u00e2teau<\/span> <span class=\"qodef-e-word\">de<\/span> <span class=\"qodef-e-word\">Corcelles<\/span> <span class=\"qodef-e-word\">se<\/span> <span class=\"qodef-e-word\">dresse<\/span> <span class=\"qodef-e-word\">aux<\/span> <span class=\"qodef-e-word\">portes<\/span> <span class=\"qodef-e-word\">du<\/span> <span class=\"qodef-e-word\">Beaujolais.<\/span> <span class=\"qodef-e-word\">Tout<\/span> <span class=\"qodef-e-word\">commence<\/span> <span class=\"qodef-e-word\">au<\/span> <span class=\"qodef-e-word\">Moyen<\/span> <span class=\"qodef-e-word\">\u00c2ge.<\/span>\t<\/p>\n<\/div>\n\t\t\t\t<\/div>\n\t\t\t\t<\/div>\n\t\t\t\t\t<\/div>\n\t\t<\/div>\n\t\t\t\t\t<\/div>\n\t\t<\/section>\n\t\t\t\t<section class=\"elementor-section elementor-top-section elementor-element elementor-element-7b0c3a36 elementor-section-full_width elementor-section-height-default elementor-section-height-default qodef-elementor-content-no qodef-elementor-overlay-no\" data-id=\"7b0c3a36\" data-element_type=\"section\" data-e-type=\"section\">\n\t\t\t\t\t\t<div class=\"elementor-container elementor-column-gap-default\">\n\t\t\t\t\t<div class=\"elementor-column elementor-col-50 elementor-top-column elementor-element elementor-element-65b37a20 elementor-hidden-tablet elementor-hidden-mobile elementor-invisible\" data-id=\"65b37a20\" data-element_type=\"column\" data-e-type=\"column\" data-settings=\"{&quot;animation&quot;:&quot;fadeIn&quot;,&quot;animation_delay&quot;:&quot;300&quot;}\">\n\t\t\t<div class=\"elementor-widget-wrap elementor-element-populated\">\n\t\t\t\t\t\t<div class=\"elementor-element elementor-element-33e95498 elementor-widget elementor-widget-image\" data-id=\"33e95498\" data-element_type=\"widget\" data-e-type=\"widget\" data-widget_type=\"image.default\">\n\t\t\t\t<div class=\"elementor-widget-container\">\n\t\t\t\t\t\t\t\t\t\t\t\t\t\t\t<img decoding=\"async\" src=\"https:\/\/www.domainesrichard.fr\/chateau-de-corcelles\/wp-content\/uploads\/sites\/2\/elementor\/thumbs\/chateau-de-corcelles-armoirie-scaled-pkp6qd9tzt98meut23zchw3thkact00kkanqenhpmk.jpg\" title=\"chateau-de-corcelles-armoirie\" alt=\"Ch\u00e2teau de Corcelles - Armoirie\" loading=\"lazy\" \/>\t\t\t\t\t\t\t\t\t\t\t\t\t\t\t<\/div>\n\t\t\t\t<\/div>\n\t\t\t\t\t<\/div>\n\t\t<\/div>\n\t\t\t\t<div class=\"elementor-column elementor-col-50 elementor-top-column elementor-element elementor-element-7d79d99f elementor-invisible\" data-id=\"7d79d99f\" data-element_type=\"column\" data-e-type=\"column\" data-settings=\"{&quot;animation&quot;:&quot;fadeIn&quot;,&quot;animation_delay&quot;:&quot;300&quot;}\">\n\t\t\t<div class=\"elementor-widget-wrap elementor-element-populated\">\n\t\t\t\t\t\t<div class=\"elementor-element elementor-element-3c8298f4 elementor-widget elementor-widget-richard-timeline\" data-id=\"3c8298f4\" data-element_type=\"widget\" data-e-type=\"widget\" data-widget_type=\"richard-timeline.default\">\n\t\t\t\t<div class=\"elementor-widget-container\">\n\t\t\t\t\t\n<!-- \n<script src=\"\/\/code.jquery.com\/mobile\/1.5.0-alpha.1\/jquery.mobile-1.5.0-alpha.1.min.js\"><\/script>\n -->\n<!-- \n<script src=\"https:\/\/code.jquery.com\/mobile\/1.4.5\/jquery.mobile-1.4.5.min.js\"><\/script>\n -->\n\n<div class=\"tg_portfolio_timeline_wrapper cd-horizontal-timeline\">\n\t<div class=\"timeline\">\n\t\t<div class=\"events-wrapper\">\n\t\t\t<div class=\"events\">\n\t\t\t\t<ol>\n\t\t\t\t\t\t\t\t\t\t<li class=\"selected\" data-pos=\"0\"><a href=\"#0\" data-date=\"01\/01\/2016\" class=\"selected\"><\/a><\/li>\n\t\t\t\t\t\t\t\t\t\t<li  data-pos=\"1\"><a href=\"#0\" data-date=\"01\/01\/2018\" ><\/a><\/li>\n\t\t\t\t\t\t\t\t\t\t<li  data-pos=\"2\"><a href=\"#0\" data-date=\"01\/01\/2020\" ><\/a><\/li>\n\t\t\t\t\t\t\t\t\t<\/ol>\n\n\t\t\t\t<span class=\"filling-line\" aria-hidden=\"true\"><\/span>\n\t\t\t<\/div> \n<!-- .events -->\n\t\t<\/div> \n<!-- .events-wrapper -->\n\t\t\t\n\t\t\t<\/div> \n<!-- .timeline -->\n\t\n\t<div class=\"events-content\">\n\t\t<ol class=\"events-content-list\">\n\t\t\t<li class=\"selected\" data-pos=\"0\" data-date=\"01\/01\/2016\">\n\t\t\t\t<div class=\"portfolio_timeline_content_wrapper\">\n\t\t\t\t\t\t\t\t\t<div class=\"portfolio_timeline_content one\">\n\t\t\t\t\t\t\t\t\t\t\t\t\t<h3>Neuf si\u00e8cles d\u2019histoire au c\u0153ur du Beaujolais<\/h3>\n\t\t\t\t\t\t\t\t\t\t\t\t\t\t\t\t\t\t\t\t\t\t\t\t\t<div class=\"events-content-desc\"><p>Situ\u00e9 \u00e0 la fronti\u00e8re issue de l\u2019h\u00e9ritage de Charlemagne, entre le Royaume de France et le Saint Empire Germanique, il tient d\u2019abord le r\u00f4le d\u2019une place forte au Moyen \u00c2ge. \u00ab&nbsp;Le Douby&nbsp;\u00bb qui coule en contrebas du ch\u00e2teau symbolise cette fronti\u00e8re. C\u2019est aujourd\u2019hui, \u00e0 quelques kilom\u00e8tres pr\u00e8s, la limite entre les d\u00e9partements de la Sa\u00f4ne-et-Loire et du Rh\u00f4ne.<\/p><p>Au XVe si\u00e8cle, la guerre gronde \u00e0 Belleville. Corcelles est partiellement d\u00e9truit. Antoine <span style=\"font-weight: 400\">DE LAYE<\/span> entreprend avec son fils la reconstruction du ch\u00e2teau. De nombreux \u00e9l\u00e9ments architecturaux t\u00e9moignent d\u2019une volont\u00e9 de reconstruire une forteresse d\u00e9fensive.<\/p><\/div>\n\t\t\t\t\t\t\t\t\t\t\t<\/div>\n\t\t\t<\/div>\n\t\t\t<\/li>\n\t\t\t<li  data-pos=\"1\" data-date=\"01\/01\/2018\">\n\t\t\t\t<div class=\"portfolio_timeline_content_wrapper\">\n\t\t\t\t\t\t\t\t\t<div class=\"portfolio_timeline_content one\">\n\t\t\t\t\t\t\t\t\t\t\t\t\t<h3>Neuf si\u00e8cles d\u2019histoire au c\u0153ur du Beaujolais<\/h3>\n\t\t\t\t\t\t\t\t\t\t\t\t\t\t\t\t\t\t\t\t\t\t\t\t\t<div class=\"events-content-desc\"><p>Ce n\u2019est qu\u2019apr\u00e8s le d\u00e9part de la famille DE LAYE que le Ch\u00e2teau de Corcelles prend une autre envergure. La famille <span style=\"font-weight: 400\">MAGDELEINE<\/span> s\u2019installe \u00e0 Corcelles en 1522. Cette lign\u00e9e prestigieuse, au service du Roi de France, s\u2019inspire des nouvelles tendances architecturales de la Renaissance. Corcelles devient une r\u00e9sidence seigneuriale. Les <span style=\"font-weight: 400\">MAGDELEINE<\/span> apposent leurs armoiries \u00e0 l\u2019entr\u00e9e du ch\u00e2teau. \u00ab&nbsp;Ayez l\u2019amour de la <span style=\"font-weight: 400\">MAGDELEINE<\/span> \u00bb, telle \u00e9tait leur devise.<\/p><\/div>\n\t\t\t\t\t\t\t\t\t\t\t<\/div>\n\t\t\t<\/div>\n\t\t\t<\/li>\n\t\t\t<li  data-pos=\"2\" data-date=\"01\/01\/2020\">\n\t\t\t\t<div class=\"portfolio_timeline_content_wrapper\">\n\t\t\t\t\t\t\t\t\t<div class=\"portfolio_timeline_content one\">\n\t\t\t\t\t\t\t\t\t\t\t\t\t<h3>Neuf si\u00e8cles d\u2019histoire au c\u0153ur du Beaujolais.<\/h3>\n\t\t\t\t\t\t\t\t\t\t\t\t\t\t\t\t\t\t\t\t\t\t\t\t\t<div class=\"events-content-desc\"><p>Le ch\u00e2teau est vendu au XVIe si\u00e8cle \u00e0 Lazare <span style=\"font-weight: 400\">de TIRCUY DE LA BARRE<\/span>. La famille y demeure propri\u00e9taire durant quatre si\u00e8cles. Les b\u00e2timents subissent peu de modifications architecturales et sont \u00e9pargn\u00e9s par la R\u00e9volution fran\u00e7aise.<\/p><p>\u00c0 partir du XXe si\u00e8cle, de nombreuses restaurations sont entreprises, sans ajout ni remaniement.<\/p><p>Le ch\u00e2teau fait l\u2019objet d\u2019une inscription partielle au titre des monuments historiques le 4 f\u00e9vrier 1927.<\/p><p>Depuis 1984, il est la propri\u00e9t\u00e9 de la famille RICHARD qui met tout en \u0153uvre pour restaurer le ch\u00e2teau et r\u00e9v\u00e9ler le potentiel du terroir du domaine viticole.<\/p><\/div>\n\t\t\t\t\t\t\t\t\t\t\t<\/div>\n\t\t\t<\/div>\n\t\t\t<\/li>\n\t\t<\/ol>\n\n\t\t<div class=\"richard-cd-timeline-navigation navigation\">\n\t\t\t<button type=\"button\" role=\"presentation\" class=\"nav-btn nav-prev prev inactive\"><i class=\"fas fa-arrow-left\"><\/i><\/button>\n\t\t\t<button type=\"button\" role=\"presentation\" class=\"nav-btn nav-next next\"><i class=\"fas fa-arrow-right\"><\/i><\/button>\n\t\t<\/div>\n\n\t<\/div>\n<\/div>\n\t\t\t\t<\/div>\n\t\t\t\t<\/div>\n\t\t\t\t\t<\/div>\n\t\t<\/div>\n\t\t\t\t\t<\/div>\n\t\t<\/section>\n\t\t\t\t<section class=\"elementor-section elementor-top-section elementor-element elementor-element-1c17abe elementor-section-full_width elementor-section-stretched elementor-section-height-default elementor-section-height-default qodef-elementor-content-no qodef-elementor-overlay-no\" data-id=\"1c17abe\" data-element_type=\"section\" data-e-type=\"section\" data-settings=\"{&quot;stretch_section&quot;:&quot;section-stretched&quot;,&quot;background_background&quot;:&quot;classic&quot;}\">\n\t\t\t\t\t\t<div class=\"elementor-container elementor-column-gap-default\">\n\t\t\t\t\t<div class=\"elementor-column elementor-col-100 elementor-top-column elementor-element elementor-element-123b46a\" data-id=\"123b46a\" data-element_type=\"column\" data-e-type=\"column\">\n\t\t\t<div class=\"elementor-widget-wrap elementor-element-populated\">\n\t\t\t\t\t\t<div class=\"elementor-element elementor-element-280beb3 elementor-widget elementor-widget-spacer\" data-id=\"280beb3\" data-element_type=\"widget\" data-e-type=\"widget\" data-widget_type=\"spacer.default\">\n\t\t\t\t<div class=\"elementor-widget-container\">\n\t\t\t\t\t\t\t<div class=\"elementor-spacer\">\n\t\t\t<div class=\"elementor-spacer-inner\"><\/div>\n\t\t<\/div>\n\t\t\t\t\t\t<\/div>\n\t\t\t\t<\/div>\n\t\t\t\t\t<\/div>\n\t\t<\/div>\n\t\t\t\t\t<\/div>\n\t\t<\/section>\n\t\t\t\t<section class=\"elementor-section elementor-top-section elementor-element elementor-element-5edb1139 elementor-section-full_width lined-columns ri-main-page-section-3-cols elementor-section-height-default elementor-section-height-default qodef-elementor-content-no qodef-elementor-overlay-no\" data-id=\"5edb1139\" data-element_type=\"section\" data-e-type=\"section\">\n\t\t\t\t\t\t<div class=\"elementor-container elementor-column-gap-wide\">\n\t\t\t\t\t<div class=\"elementor-column elementor-col-33 elementor-top-column elementor-element elementor-element-438cd07a elementor-invisible\" data-id=\"438cd07a\" data-element_type=\"column\" data-e-type=\"column\" data-settings=\"{&quot;animation&quot;:&quot;fadeIn&quot;,&quot;animation_delay&quot;:&quot;200&quot;}\">\n\t\t\t<div class=\"elementor-widget-wrap elementor-element-populated\">\n\t\t\t\t\t\t<section class=\"elementor-section elementor-inner-section elementor-element elementor-element-43e03698 elementor-section-full_width elementor-section-content-middle elementor-section-height-default elementor-section-height-default qodef-elementor-content-no qodef-elementor-overlay-no\" data-id=\"43e03698\" data-element_type=\"section\" data-e-type=\"section\">\n\t\t\t\t\t\t<div class=\"elementor-container elementor-column-gap-no\">\n\t\t\t\t\t<div class=\"elementor-column elementor-col-100 elementor-inner-column elementor-element elementor-element-480b5fad\" data-id=\"480b5fad\" data-element_type=\"column\" data-e-type=\"column\">\n\t\t\t<div class=\"elementor-widget-wrap elementor-element-populated\">\n\t\t\t\t\t\t<div class=\"elementor-element elementor-element-2a4d9458 elementor-widget elementor-widget-text-editor\" data-id=\"2a4d9458\" data-element_type=\"widget\" data-e-type=\"widget\" data-widget_type=\"text-editor.default\">\n\t\t\t\t<div class=\"elementor-widget-container\">\n\t\t\t\t\t\t\t\t\t<h2>Une empreinte de la r\u00e9gion<\/h2>\n\nLa vigne a toujours tenu une place importante dans l\u2019histoire de la r\u00e9gion et de celle du ch\u00e2teau, comme en t\u00e9moigne son chai construit au XVII\u00e8me si\u00e8cle. \u00c0 cette \u00e9poque, les vins du Beaujolais jouissent d\u2019une grande notori\u00e9t\u00e9 sur les march\u00e9s lyonnais et parisien gr\u00e2ce aux nouvelles voies de communication qui traversent la r\u00e9gion, les pla\u00e7ant au centre d\u2019une importante route commerciale.  C\u2019est avec la naissance des AOC de 1936 \u00e0 1988, et du Beaujolais Nouveau, que la r\u00e9gion connait son essor.\t\t\t\t\t\t\t\t<\/div>\n\t\t\t\t<\/div>\n\t\t\t\t\t<\/div>\n\t\t<\/div>\n\t\t\t\t\t<\/div>\n\t\t<\/section>\n\t\t\t\t\t<\/div>\n\t\t<\/div>\n\t\t\t\t<div class=\"elementor-column elementor-col-33 elementor-top-column elementor-element elementor-element-7532df5c elementor-invisible\" data-id=\"7532df5c\" data-element_type=\"column\" data-e-type=\"column\" data-settings=\"{&quot;animation&quot;:&quot;fadeIn&quot;,&quot;animation_delay&quot;:&quot;300&quot;}\">\n\t\t\t<div class=\"elementor-widget-wrap elementor-element-populated\">\n\t\t\t\t\t\t<section class=\"elementor-section elementor-inner-section elementor-element elementor-element-5a832bf7 elementor-section-full_width elementor-section-height-default elementor-section-height-default qodef-elementor-content-no qodef-elementor-overlay-no\" data-id=\"5a832bf7\" data-element_type=\"section\" data-e-type=\"section\">\n\t\t\t\t\t\t<div class=\"elementor-container elementor-column-gap-no\">\n\t\t\t\t\t<div class=\"elementor-column elementor-col-100 elementor-inner-column elementor-element elementor-element-fc62071\" data-id=\"fc62071\" data-element_type=\"column\" data-e-type=\"column\">\n\t\t\t<div class=\"elementor-widget-wrap elementor-element-populated\">\n\t\t\t\t\t\t<div class=\"elementor-element elementor-element-40ced22d elementor-widget elementor-widget-image\" data-id=\"40ced22d\" data-element_type=\"widget\" data-e-type=\"widget\" data-widget_type=\"image.default\">\n\t\t\t\t<div class=\"elementor-widget-container\">\n\t\t\t\t\t\t\t\t\t\t\t\t\t\t\t<img decoding=\"async\" width=\"380\" height=\"550\" src=\"https:\/\/www.domainesrichard.fr\/chateau-de-corcelles\/wp-content\/uploads\/sites\/2\/2024\/06\/DR-CORCELLES-SITUATION-DEGUSTATION.jpg\" class=\"attachment-ri_image_size_large_portrait size-ri_image_size_large_portrait wp-image-2236\" alt=\"Ch\u00e2teau de Corcelles D\u00e9gustation\" srcset=\"https:\/\/www.domainesrichard.fr\/chateau-de-corcelles\/wp-content\/uploads\/sites\/2\/2024\/06\/DR-CORCELLES-SITUATION-DEGUSTATION.jpg 380w, https:\/\/www.domainesrichard.fr\/chateau-de-corcelles\/wp-content\/uploads\/sites\/2\/2024\/06\/DR-CORCELLES-SITUATION-DEGUSTATION-207x300.jpg 207w\" sizes=\"(max-width: 380px) 100vw, 380px\" \/>\t\t\t\t\t\t\t\t\t\t\t\t\t\t\t<\/div>\n\t\t\t\t<\/div>\n\t\t\t\t\t<\/div>\n\t\t<\/div>\n\t\t\t\t\t<\/div>\n\t\t<\/section>\n\t\t\t\t\t<\/div>\n\t\t<\/div>\n\t\t\t\t<div class=\"elementor-column elementor-col-33 elementor-top-column elementor-element elementor-element-314e0d32 elementor-invisible\" data-id=\"314e0d32\" data-element_type=\"column\" data-e-type=\"column\" data-settings=\"{&quot;animation&quot;:&quot;fadeIn&quot;,&quot;animation_delay&quot;:&quot;300&quot;}\">\n\t\t\t<div class=\"elementor-widget-wrap elementor-element-populated\">\n\t\t\t\t\t\t<section class=\"elementor-section elementor-inner-section elementor-element elementor-element-73c1dff elementor-section-full_width elementor-section-content-middle elementor-section-height-default elementor-section-height-default qodef-elementor-content-no qodef-elementor-overlay-no\" data-id=\"73c1dff\" data-element_type=\"section\" data-e-type=\"section\">\n\t\t\t\t\t\t<div class=\"elementor-container elementor-column-gap-no\">\n\t\t\t\t\t<div class=\"elementor-column elementor-col-100 elementor-inner-column elementor-element elementor-element-a31d231\" data-id=\"a31d231\" data-element_type=\"column\" data-e-type=\"column\">\n\t\t\t<div class=\"elementor-widget-wrap elementor-element-populated\">\n\t\t\t\t\t\t<div class=\"elementor-element elementor-element-311918b elementor-widget elementor-widget-text-editor\" data-id=\"311918b\" data-element_type=\"widget\" data-e-type=\"widget\" data-widget_type=\"text-editor.default\">\n\t\t\t\t<div class=\"elementor-widget-container\">\n\t\t\t\t\t\t\t\t\t<p>Gr\u00e2ce \u00e0 l\u2019achat du domaine par la famille Richard en 1984, Ch\u00e2teau de Corcelles appara\u00eet comme une ic\u00f4ne de la r\u00e9gion notamment \u00e0 Paris. Depuis, le vignoble s\u2019est agrandi et poss\u00e8de aujourd\u2019hui 71 hectares de vigne r\u00e9partis sur plusieurs appellations. Beaujolais blanc, ros\u00e9 et rouge, Beaujolais Villages et trois crus&nbsp;; le Brouilly et son fruit\u00e9 expressif, le Morgon et son grain si particulier, et le Fleurie avec ses nuances de finesse.<\/p><p>C\u2019est gr\u00e2ce \u00e0 cette mosa\u00efque de terroirs que Ch\u00e2teau de Corcelles s\u2019impose comme un domaine phare du Beaujolais.<\/p>\t\t\t\t\t\t\t\t<\/div>\n\t\t\t\t<\/div>\n\t\t\t\t\t<\/div>\n\t\t<\/div>\n\t\t\t\t\t<\/div>\n\t\t<\/section>\n\t\t\t\t\t<\/div>\n\t\t<\/div>\n\t\t\t\t\t<\/div>\n\t\t<\/section>\n\t\t\t\t<section class=\"elementor-section elementor-top-section elementor-element elementor-element-68cfe170 elementor-section-full_width lined-columns ri-main-page-section-3-cols elementor-section-height-default elementor-section-height-default qodef-elementor-content-no qodef-elementor-overlay-no\" data-id=\"68cfe170\" data-element_type=\"section\" data-e-type=\"section\">\n\t\t\t\t\t\t<div class=\"elementor-container elementor-column-gap-wide\">\n\t\t\t\t\t<div class=\"elementor-column elementor-col-33 elementor-top-column elementor-element elementor-element-711904b8 elementor-invisible\" data-id=\"711904b8\" data-element_type=\"column\" data-e-type=\"column\" data-settings=\"{&quot;animation&quot;:&quot;fadeIn&quot;,&quot;animation_delay&quot;:&quot;300&quot;}\">\n\t\t\t<div class=\"elementor-widget-wrap elementor-element-populated\">\n\t\t\t\t\t\t<section class=\"elementor-section elementor-inner-section elementor-element elementor-element-75fd7f5 elementor-section-full_width elementor-section-height-default elementor-section-height-default qodef-elementor-content-no qodef-elementor-overlay-no\" data-id=\"75fd7f5\" data-element_type=\"section\" data-e-type=\"section\">\n\t\t\t\t\t\t<div class=\"elementor-container elementor-column-gap-no\">\n\t\t\t\t\t<div class=\"elementor-column elementor-col-100 elementor-inner-column elementor-element elementor-element-552ef27f\" data-id=\"552ef27f\" data-element_type=\"column\" data-e-type=\"column\">\n\t\t\t<div class=\"elementor-widget-wrap elementor-element-populated\">\n\t\t\t\t\t\t<div class=\"elementor-element elementor-element-60d576eb elementor-widget elementor-widget-image\" data-id=\"60d576eb\" data-element_type=\"widget\" data-e-type=\"widget\" data-widget_type=\"image.default\">\n\t\t\t\t<div class=\"elementor-widget-container\">\n\t\t\t\t\t\t\t\t\t\t\t\t\t\t\t<img decoding=\"async\" width=\"380\" height=\"550\" src=\"https:\/\/www.domainesrichard.fr\/chateau-de-corcelles\/wp-content\/uploads\/sites\/2\/2022\/02\/chateau-de-corcelles-vignes-1-380x550.jpg\" class=\"attachment-ri_image_size_large_portrait size-ri_image_size_large_portrait wp-image-132\" alt=\"Ch\u00e2teau de Corcelles - Vignes\" \/>\t\t\t\t\t\t\t\t\t\t\t\t\t\t\t<\/div>\n\t\t\t\t<\/div>\n\t\t\t\t\t<\/div>\n\t\t<\/div>\n\t\t\t\t\t<\/div>\n\t\t<\/section>\n\t\t\t\t\t<\/div>\n\t\t<\/div>\n\t\t\t\t<div class=\"elementor-column elementor-col-33 elementor-top-column elementor-element elementor-element-535d0005 elementor-invisible\" data-id=\"535d0005\" data-element_type=\"column\" data-e-type=\"column\" data-settings=\"{&quot;animation&quot;:&quot;fadeIn&quot;,&quot;animation_delay&quot;:&quot;300&quot;}\">\n\t\t\t<div class=\"elementor-widget-wrap elementor-element-populated\">\n\t\t\t\t\t\t<section class=\"elementor-section elementor-inner-section elementor-element elementor-element-12ba0a4 elementor-section-full_width blockquote-style elementor-section-height-default elementor-section-height-default qodef-elementor-content-no qodef-elementor-overlay-no\" data-id=\"12ba0a4\" data-element_type=\"section\" data-e-type=\"section\">\n\t\t\t\t\t\t<div class=\"elementor-container elementor-column-gap-no\">\n\t\t\t\t\t<div class=\"elementor-column elementor-col-100 elementor-inner-column elementor-element elementor-element-9ea6a2e\" data-id=\"9ea6a2e\" data-element_type=\"column\" data-e-type=\"column\">\n\t\t\t<div class=\"elementor-widget-wrap elementor-element-populated\">\n\t\t\t\t\t\t<div class=\"elementor-element elementor-element-ac6bd10 elementor-widget elementor-widget-qi_addons_for_elementor_animated_text\" data-id=\"ac6bd10\" data-element_type=\"widget\" data-e-type=\"widget\" data-widget_type=\"qi_addons_for_elementor_animated_text.default\">\n\t\t\t\t<div class=\"elementor-widget-container\">\n\t\t\t\t\t<div class=\"qodef-shortcode qodef-m elementor-blockquote__content qodef-qi-animated-text qodef--animated-by-word qodef--alignment-right qodef-qi--has-appear qodef--appear-fade\" >\n\t\t<p class=\"qodef-m-title\">\n\t\t<span class=\"qodef-e-word\">Le<\/span> <span class=\"qodef-e-word\">Beaujolais<\/span> <span class=\"qodef-e-word\">est<\/span> <span class=\"qodef-e-word\">un<\/span> <span class=\"qodef-e-word\">vignoble<\/span> <span class=\"qodef-e-word\">en<\/span> <span class=\"qodef-e-word\">pleine<\/span> <span class=\"qodef-e-word\">mutation,<\/span> <span class=\"qodef-e-word\">entre<\/span> <span class=\"qodef-e-word\">modernisation,<\/span> <span class=\"qodef-e-word\">artisanat<\/span> <span class=\"qodef-e-word\">et<\/span> <span class=\"qodef-e-word\">d\u00e9fis<\/span> <span class=\"qodef-e-word\">agro\u00e9cologiques<\/span> <span class=\"qodef-e-word\">majeurs,<\/span> <span class=\"qodef-e-word\">pour<\/span> <span class=\"qodef-e-word\">lequel<\/span> <span class=\"qodef-e-word\">nous<\/span> <span class=\"qodef-e-word\">nous<\/span> <span class=\"qodef-e-word\">devons<\/span> <span class=\"qodef-e-word\">d'\u00eatre<\/span> <span class=\"qodef-e-word\">des<\/span> <span class=\"qodef-e-word\">acteurs<\/span> <span class=\"qodef-e-word\">engag\u00e9s.<\/span>\t<\/p>\n<\/div>\n\t\t\t\t<\/div>\n\t\t\t\t<\/div>\n\t\t\t\t<div class=\"elementor-element elementor-element-838b7d3 elementor-blockquote__author elementor-widget elementor-widget-qi_addons_for_elementor_animated_text\" data-id=\"838b7d3\" data-element_type=\"widget\" data-e-type=\"widget\" data-widget_type=\"qi_addons_for_elementor_animated_text.default\">\n\t\t\t\t<div class=\"elementor-widget-container\">\n\t\t\t\t\t<div class=\"qodef-shortcode qodef-m qodef-qi-animated-text qodef--animated-by-letter qodef--alignment-right qodef-qi--has-appear qodef--appear-fade\" data-appear-delay=\"1800\">\n\t\t<p class=\"qodef-m-title\">\n\t\t<span class=\"qodef-e-word-holder\">S\u00e9bastien<\/span> <span class=\"qodef-e-word-holder\">Kargul,<\/span> <span class=\"qodef-e-word-holder\">directeur<\/span> <span class=\"qodef-e-word-holder\">du<\/span> <span class=\"qodef-e-word-holder\">Ch\u00e2teau<\/span> <span class=\"qodef-e-word-holder\">de<\/span> <span class=\"qodef-e-word-holder\">Corcelles.<\/span>\t<\/p>\n<\/div>\n\t\t\t\t<\/div>\n\t\t\t\t<\/div>\n\t\t\t\t\t<\/div>\n\t\t<\/div>\n\t\t\t\t\t<\/div>\n\t\t<\/section>\n\t\t\t\t\t<\/div>\n\t\t<\/div>\n\t\t\t\t<div class=\"elementor-column elementor-col-33 elementor-top-column elementor-element elementor-element-4e078419 elementor-invisible\" data-id=\"4e078419\" data-element_type=\"column\" data-e-type=\"column\" data-settings=\"{&quot;animation&quot;:&quot;fadeIn&quot;,&quot;animation_delay&quot;:&quot;300&quot;}\">\n\t\t\t<div class=\"elementor-widget-wrap elementor-element-populated\">\n\t\t\t\t\t\t<section class=\"elementor-section elementor-inner-section elementor-element elementor-element-6675b866 elementor-section-full_width elementor-section-height-default elementor-section-height-default qodef-elementor-content-no qodef-elementor-overlay-no\" data-id=\"6675b866\" data-element_type=\"section\" data-e-type=\"section\">\n\t\t\t\t\t\t<div class=\"elementor-container elementor-column-gap-no\">\n\t\t\t\t\t<div class=\"elementor-column elementor-col-100 elementor-inner-column elementor-element elementor-element-16ed2b23\" data-id=\"16ed2b23\" data-element_type=\"column\" data-e-type=\"column\">\n\t\t\t<div class=\"elementor-widget-wrap elementor-element-populated\">\n\t\t\t\t\t\t<div class=\"elementor-element elementor-element-3bfe62ea elementor-widget elementor-widget-image\" data-id=\"3bfe62ea\" data-element_type=\"widget\" data-e-type=\"widget\" data-widget_type=\"image.default\">\n\t\t\t\t<div class=\"elementor-widget-container\">\n\t\t\t\t\t\t\t\t\t\t\t\t\t\t\t<img decoding=\"async\" width=\"380\" height=\"550\" src=\"https:\/\/www.domainesrichard.fr\/chateau-de-corcelles\/wp-content\/uploads\/sites\/2\/2022\/02\/chateau-de-corcelles-vignes-2-380x550.jpg\" class=\"attachment-ri_image_size_large_portrait size-ri_image_size_large_portrait wp-image-134\" alt=\"Ch\u00e2teau de Corcelles - Vignes\" \/>\t\t\t\t\t\t\t\t\t\t\t\t\t\t\t<\/div>\n\t\t\t\t<\/div>\n\t\t\t\t\t<\/div>\n\t\t<\/div>\n\t\t\t\t\t<\/div>\n\t\t<\/section>\n\t\t\t\t\t<\/div>\n\t\t<\/div>\n\t\t\t\t\t<\/div>\n\t\t<\/section>\n\t\t\t\t<section class=\"elementor-section elementor-top-section elementor-element elementor-element-491303f0 elementor-section-full_width elementor-section-stretched instagram-container elementor-section-height-default elementor-section-height-default qodef-elementor-content-no qodef-elementor-overlay-no\" data-id=\"491303f0\" data-element_type=\"section\" data-e-type=\"section\" data-settings=\"{&quot;stretch_section&quot;:&quot;section-stretched&quot;}\">\n\t\t\t\t\t\t<div class=\"elementor-container elementor-column-gap-default\">\n\t\t\t\t\t<div class=\"elementor-column elementor-col-100 elementor-top-column elementor-element elementor-element-4245d33b\" data-id=\"4245d33b\" data-element_type=\"column\" data-e-type=\"column\">\n\t\t\t<div class=\"elementor-widget-wrap elementor-element-populated\">\n\t\t\t\t\t\t<div class=\"elementor-element elementor-element-30fcb9ed elementor-widget elementor-widget-heading\" data-id=\"30fcb9ed\" data-element_type=\"widget\" data-e-type=\"widget\" data-widget_type=\"heading.default\">\n\t\t\t\t<div class=\"elementor-widget-container\">\n\t\t\t\t\t<h2 class=\"elementor-heading-title elementor-size-default\"><a href=\"https:\/\/www.instagram.com\/chateaudecorcelles\/\" target=\"_blank\">Suivez nous sur Instagram @chateaudecorcelles<\/a><\/h2>\t\t\t\t<\/div>\n\t\t\t\t<\/div>\n\t\t\t\t<div class=\"elementor-element elementor-element-11929704 elementor-widget elementor-widget-shortcode\" data-id=\"11929704\" data-element_type=\"widget\" data-e-type=\"widget\" data-widget_type=\"shortcode.default\">\n\t\t\t\t<div class=\"elementor-widget-container\">\n\t\t\t\t\t\t\t<div class=\"elementor-shortcode\">\n<div id=\"sb_instagram\" role=\"region\" aria-label=\"Instagram feed\"  class=\"sbi sbi_mob_col_4 sbi_tab_col_6 sbi_col_8\" style=\"width: 100%;\"\t data-feedid=\"*2\"  data-res=\"medium\" data-cols=\"8\" data-colsmobile=\"4\" data-colstablet=\"6\" data-num=\"8\" data-nummobile=\"\" data-item-padding=\"\"\t data-shortcode-atts=\"{&quot;feed&quot;:&quot;2&quot;}\"  data-postid=\"2\" data-locatornonce=\"bd0a9cbb2f\" data-imageaspectratio=\"1:1\" data-sbi-flags=\"favorLocal,gdpr\">\n\t\n\t<div id=\"sbi_images\" role=\"list\" >\n\t\t<div class=\"sbi_item sbi_type_carousel sbi_new sbi_transition\" role=\"listitem\"\n\tid=\"sbi_18082987049287720\" data-date=\"1788444266\">\n\t<div class=\"sbi_photo_wrap\">\n\t\t<a class=\"sbi_photo\" href=\"https:\/\/www.instagram.com\/p\/Dc0-9yDiOFP\/\" target=\"_blank\" rel=\"noopener nofollow\"\n\t\t\tdata-full-res=\"https:\/\/scontent-fra3-2.cdninstagram.com\/v\/t51.82787-15\/793720293_18426432769178474_6530274963268924583_n.jpg?stp=dst-jpg_e35_tt6&#038;_nc_cat=111&#038;ccb=7-5&#038;_nc_sid=18de74&#038;efg=eyJlZmdfdGFnIjoiQ0FST1VTRUxfSVRFTS5iZXN0X2ltYWdlX3VybGdlbi5DMyJ9&#038;_nc_ohc=blgdz58ZaDwQ7kNvwHWyMmQ&#038;_nc_oc=Adr5wdnwbxd4XuSRZYZFlclUU8R30Vmr09Bn19jt61L0UQbtDRwQV7lBzsNDwJ0vQhs&#038;_nc_zt=23&#038;_nc_ht=scontent-fra3-2.cdninstagram.com&#038;edm=ANo9K5cEAAAA&#038;_nc_gid=lXkAWS-nEDql5By45X9KrQ&#038;_nc_tpa=Q5bMBQKLjN9QbSFWehhKeR0R3QF-kwgSOLFsoNGwBgur5hQcJWqKCjG3WBoL2gNiGlxUOXwJRAY1-RokPA&#038;oh=00_AQKdl03vN5Wph8rvNvm7DgFbtcJ3hCkhqPMSRcaZGk4k-Q&#038;oe=6AA26CC2\"\n\t\t\tdata-img-src-set=\"{&quot;d&quot;:&quot;https:\\\/\\\/scontent-fra3-2.cdninstagram.com\\\/v\\\/t51.82787-15\\\/793720293_18426432769178474_6530274963268924583_n.jpg?stp=dst-jpg_e35_tt6&amp;_nc_cat=111&amp;ccb=7-5&amp;_nc_sid=18de74&amp;efg=eyJlZmdfdGFnIjoiQ0FST1VTRUxfSVRFTS5iZXN0X2ltYWdlX3VybGdlbi5DMyJ9&amp;_nc_ohc=blgdz58ZaDwQ7kNvwHWyMmQ&amp;_nc_oc=Adr5wdnwbxd4XuSRZYZFlclUU8R30Vmr09Bn19jt61L0UQbtDRwQV7lBzsNDwJ0vQhs&amp;_nc_zt=23&amp;_nc_ht=scontent-fra3-2.cdninstagram.com&amp;edm=ANo9K5cEAAAA&amp;_nc_gid=lXkAWS-nEDql5By45X9KrQ&amp;_nc_tpa=Q5bMBQKLjN9QbSFWehhKeR0R3QF-kwgSOLFsoNGwBgur5hQcJWqKCjG3WBoL2gNiGlxUOXwJRAY1-RokPA&amp;oh=00_AQKdl03vN5Wph8rvNvm7DgFbtcJ3hCkhqPMSRcaZGk4k-Q&amp;oe=6AA26CC2&quot;,&quot;150&quot;:&quot;https:\\\/\\\/scontent-fra3-2.cdninstagram.com\\\/v\\\/t51.82787-15\\\/793720293_18426432769178474_6530274963268924583_n.jpg?stp=dst-jpg_e35_tt6&amp;_nc_cat=111&amp;ccb=7-5&amp;_nc_sid=18de74&amp;efg=eyJlZmdfdGFnIjoiQ0FST1VTRUxfSVRFTS5iZXN0X2ltYWdlX3VybGdlbi5DMyJ9&amp;_nc_ohc=blgdz58ZaDwQ7kNvwHWyMmQ&amp;_nc_oc=Adr5wdnwbxd4XuSRZYZFlclUU8R30Vmr09Bn19jt61L0UQbtDRwQV7lBzsNDwJ0vQhs&amp;_nc_zt=23&amp;_nc_ht=scontent-fra3-2.cdninstagram.com&amp;edm=ANo9K5cEAAAA&amp;_nc_gid=lXkAWS-nEDql5By45X9KrQ&amp;_nc_tpa=Q5bMBQKLjN9QbSFWehhKeR0R3QF-kwgSOLFsoNGwBgur5hQcJWqKCjG3WBoL2gNiGlxUOXwJRAY1-RokPA&amp;oh=00_AQKdl03vN5Wph8rvNvm7DgFbtcJ3hCkhqPMSRcaZGk4k-Q&amp;oe=6AA26CC2&quot;,&quot;320&quot;:&quot;https:\\\/\\\/www.domainesrichard.fr\\\/chateau-de-corcelles\\\/wp-content\\\/uploads\\\/sites\\\/2\\\/sb-instagram-feed-images\\\/793720293_18426432769178474_6530274963268924583_nlow.webp&quot;,&quot;640&quot;:&quot;https:\\\/\\\/www.domainesrichard.fr\\\/chateau-de-corcelles\\\/wp-content\\\/uploads\\\/sites\\\/2\\\/sb-instagram-feed-images\\\/793720293_18426432769178474_6530274963268924583_nfull.webp&quot;}\">\n\t\t\t<span class=\"sbi-screenreader\">\ud83c\udf47 En cave, le travail se poursuit avec Estelle et<\/span>\n\t\t\t\n<svg class=\"svg-inline--fa fa-clone fa-w-16 sbi_lightbox_carousel_icon\" aria-hidden=\"true\" aria-label=\"Clone\" data-fa-pro\u0192cessed=\"\" data-prefix=\"far\" data-icon=\"clone\" role=\"img\" xmlns=\"http:\/\/www.w3.org\/2000\/svg\" viewBox=\"0 0 512 512\">\n                    <path fill=\"currentColor\" d=\"M464 0H144c-26.51 0-48 21.49-48 48v48H48c-26.51 0-48 21.49-48 48v320c0 26.51 21.49 48 48 48h320c26.51 0 48-21.49 48-48v-48h48c26.51 0 48-21.49 48-48V48c0-26.51-21.49-48-48-48zM362 464H54a6 6 0 0 1-6-6V150a6 6 0 0 1 6-6h42v224c0 26.51 21.49 48 48 48h224v42a6 6 0 0 1-6 6zm96-96H150a6 6 0 0 1-6-6V54a6 6 0 0 1 6-6h308a6 6 0 0 1 6 6v308a6 6 0 0 1-6 6z\"><\/path>\n                <\/svg>\n\t\t\t\t\t\t<img decoding=\"async\" src=\"https:\/\/www.domainesrichard.fr\/chateau-de-corcelles\/wp-content\/plugins\/instagram-feed\/img\/placeholder.png\" alt=\"\ud83c\udf47 En cave, le travail se poursuit avec Estelle et Cassandra.\nUne fois la fermentation termin\u00e9e, place au d\u00e9cuvage&nbsp;: le marc est retir\u00e9 de la cuve \u00e0 la main, avant de rejoindre le pressoir pour en extraire le vin qu\u2019il contient encore.\n\u2728 Pendant les vinifications, Cassandra utilise \u00e9galement la technique de l\u2019Air Pulse&nbsp;: une impulsion de CO\u2082 permet de casser et d\u00e9compacter le chapeau de marc, afin de remettre la vendange en mouvement, favoriser les \u00e9changes et homog\u00e9n\u00e9iser la cuve.\nDes gestes pr\u00e9cis qui rythment cette p\u00e9riode intense en cave et accompagnent peu \u00e0 peu la naissance du mill\u00e9sime 2026. \ud83c\udf77\n-\n\ud83c\uddec\ud83c\udde7\ud83c\udf47 In the cellar, the work continues with Estelle and Cassandra.\nOnce fermentation is complete, it\u2019s time for devatting: the grape pomace is removed from the tank by hand before being transferred to the press to extract the wine it still contains.\n\u2728 During winemaking, Cassandra also uses the Air Pulse technique: a pulse of CO\u2082 breaks up and loosens the cap of grape solids, setting the grapes in motion again, encouraging exchanges and creating a more homogeneous environment within the tank.\nPrecise techniques that are part of this intense period in the cellar, as the 2026 vintage gradually takes shape. \ud83c\udf77\" aria-hidden=\"true\">\n\t\t<\/a>\n\t<\/div>\n<\/div><div class=\"sbi_item sbi_type_carousel sbi_new sbi_transition\" role=\"listitem\"\n\tid=\"sbi_18102215297615361\" data-date=\"1787927266\">\n\t<div class=\"sbi_photo_wrap\">\n\t\t<a class=\"sbi_photo\" href=\"https:\/\/www.instagram.com\/p\/Dclk3XbiJfa\/\" target=\"_blank\" rel=\"noopener nofollow\"\n\t\t\tdata-full-res=\"https:\/\/scontent-fra3-1.cdninstagram.com\/v\/t51.82787-15\/784902997_18425483371178474_7629835266958065669_n.jpg?stp=dst-jpg_e35_tt6&#038;_nc_cat=106&#038;ccb=7-5&#038;_nc_sid=18de74&#038;efg=eyJlZmdfdGFnIjoiQ0FST1VTRUxfSVRFTS5iZXN0X2ltYWdlX3VybGdlbi5DMyJ9&#038;_nc_ohc=1qdu5HHxGPsQ7kNvwHceuIr&#038;_nc_oc=AdpibgJ7sx5aQ7abVqLD0wtFSWq0TDRvHETMyB9MEhoTm0ZYuTe6sM6efAnPwMvrBz8&#038;_nc_zt=23&#038;_nc_ht=scontent-fra3-1.cdninstagram.com&#038;edm=ANo9K5cEAAAA&#038;_nc_gid=lXkAWS-nEDql5By45X9KrQ&#038;_nc_tpa=Q5bMBQIHR5qXDaMVNvZFgaGRX9fkp-UAJ3Avo9xnDID5B0Xvq9A0iZwBIeNyFDlB7Xigqb2ZBE6sh8l8ZA&#038;oh=00_AQI0vKxh_SYflxDOxbTo6wzTTZcje8t9hoDoJgKbWYPsnA&#038;oe=6AA2563A\"\n\t\t\tdata-img-src-set=\"{&quot;d&quot;:&quot;https:\\\/\\\/scontent-fra3-1.cdninstagram.com\\\/v\\\/t51.82787-15\\\/784902997_18425483371178474_7629835266958065669_n.jpg?stp=dst-jpg_e35_tt6&amp;_nc_cat=106&amp;ccb=7-5&amp;_nc_sid=18de74&amp;efg=eyJlZmdfdGFnIjoiQ0FST1VTRUxfSVRFTS5iZXN0X2ltYWdlX3VybGdlbi5DMyJ9&amp;_nc_ohc=1qdu5HHxGPsQ7kNvwHceuIr&amp;_nc_oc=AdpibgJ7sx5aQ7abVqLD0wtFSWq0TDRvHETMyB9MEhoTm0ZYuTe6sM6efAnPwMvrBz8&amp;_nc_zt=23&amp;_nc_ht=scontent-fra3-1.cdninstagram.com&amp;edm=ANo9K5cEAAAA&amp;_nc_gid=lXkAWS-nEDql5By45X9KrQ&amp;_nc_tpa=Q5bMBQIHR5qXDaMVNvZFgaGRX9fkp-UAJ3Avo9xnDID5B0Xvq9A0iZwBIeNyFDlB7Xigqb2ZBE6sh8l8ZA&amp;oh=00_AQI0vKxh_SYflxDOxbTo6wzTTZcje8t9hoDoJgKbWYPsnA&amp;oe=6AA2563A&quot;,&quot;150&quot;:&quot;https:\\\/\\\/scontent-fra3-1.cdninstagram.com\\\/v\\\/t51.82787-15\\\/784902997_18425483371178474_7629835266958065669_n.jpg?stp=dst-jpg_e35_tt6&amp;_nc_cat=106&amp;ccb=7-5&amp;_nc_sid=18de74&amp;efg=eyJlZmdfdGFnIjoiQ0FST1VTRUxfSVRFTS5iZXN0X2ltYWdlX3VybGdlbi5DMyJ9&amp;_nc_ohc=1qdu5HHxGPsQ7kNvwHceuIr&amp;_nc_oc=AdpibgJ7sx5aQ7abVqLD0wtFSWq0TDRvHETMyB9MEhoTm0ZYuTe6sM6efAnPwMvrBz8&amp;_nc_zt=23&amp;_nc_ht=scontent-fra3-1.cdninstagram.com&amp;edm=ANo9K5cEAAAA&amp;_nc_gid=lXkAWS-nEDql5By45X9KrQ&amp;_nc_tpa=Q5bMBQIHR5qXDaMVNvZFgaGRX9fkp-UAJ3Avo9xnDID5B0Xvq9A0iZwBIeNyFDlB7Xigqb2ZBE6sh8l8ZA&amp;oh=00_AQI0vKxh_SYflxDOxbTo6wzTTZcje8t9hoDoJgKbWYPsnA&amp;oe=6AA2563A&quot;,&quot;320&quot;:&quot;https:\\\/\\\/www.domainesrichard.fr\\\/chateau-de-corcelles\\\/wp-content\\\/uploads\\\/sites\\\/2\\\/sb-instagram-feed-images\\\/784902997_18425483371178474_7629835266958065669_nlow.webp&quot;,&quot;640&quot;:&quot;https:\\\/\\\/www.domainesrichard.fr\\\/chateau-de-corcelles\\\/wp-content\\\/uploads\\\/sites\\\/2\\\/sb-instagram-feed-images\\\/784902997_18425483371178474_7629835266958065669_nfull.webp&quot;}\">\n\t\t\t<span class=\"sbi-screenreader\">\ud83c\udf47 Petit passage en cave pendant les vendanges 2026<\/span>\n\t\t\t\n<svg class=\"svg-inline--fa fa-clone fa-w-16 sbi_lightbox_carousel_icon\" aria-hidden=\"true\" aria-label=\"Clone\" data-fa-pro\u0192cessed=\"\" data-prefix=\"far\" data-icon=\"clone\" role=\"img\" xmlns=\"http:\/\/www.w3.org\/2000\/svg\" viewBox=\"0 0 512 512\">\n                    <path fill=\"currentColor\" d=\"M464 0H144c-26.51 0-48 21.49-48 48v48H48c-26.51 0-48 21.49-48 48v320c0 26.51 21.49 48 48 48h320c26.51 0 48-21.49 48-48v-48h48c26.51 0 48-21.49 48-48V48c0-26.51-21.49-48-48-48zM362 464H54a6 6 0 0 1-6-6V150a6 6 0 0 1 6-6h42v224c0 26.51 21.49 48 48 48h224v42a6 6 0 0 1-6 6zm96-96H150a6 6 0 0 1-6-6V54a6 6 0 0 1 6-6h308a6 6 0 0 1 6 6v308a6 6 0 0 1-6 6z\"><\/path>\n                <\/svg>\n\t\t\t\t\t\t<img decoding=\"async\" src=\"https:\/\/www.domainesrichard.fr\/chateau-de-corcelles\/wp-content\/plugins\/instagram-feed\/img\/placeholder.png\" alt=\"\ud83c\udf47 Petit passage en cave pendant les vendanges 2026\n-\n\ud83c\uddec\ud83c\udde7\ud83c\udf47 A quick look inside the cellar during the 2026 harvest.\" aria-hidden=\"true\">\n\t\t<\/a>\n\t<\/div>\n<\/div><div class=\"sbi_item sbi_type_image sbi_new sbi_transition\" role=\"listitem\"\n\tid=\"sbi_17867182341645029\" data-date=\"1787658281\">\n\t<div class=\"sbi_photo_wrap\">\n\t\t<a class=\"sbi_photo\" href=\"https:\/\/www.instagram.com\/p\/DcdjrnsoaHC\/\" target=\"_blank\" rel=\"noopener nofollow\"\n\t\t\tdata-full-res=\"https:\/\/scontent-fra3-1.cdninstagram.com\/v\/t51.82787-15\/786529053_18424982911178474_6062355577539398820_n.jpg?stp=dst-jpg_e35_tt6&#038;_nc_cat=105&#038;ccb=7-5&#038;_nc_sid=18de74&#038;efg=eyJlZmdfdGFnIjoiRkVFRC5iZXN0X2ltYWdlX3VybGdlbi5DMyJ9&#038;_nc_ohc=oGPAOGMMjtAQ7kNvwG6mVWC&#038;_nc_oc=AdqzpxdaS_khkS9vMBwypuoMMatOd4sFbx-z9JZOJ6RLejNGKm0PTrI7jC9TqUCAMXU&#038;_nc_zt=23&#038;_nc_ht=scontent-fra3-1.cdninstagram.com&#038;edm=ANo9K5cEAAAA&#038;_nc_gid=lXkAWS-nEDql5By45X9KrQ&#038;_nc_tpa=Q5bMBQKjdVCjK7EbNyxTjg1eyxl0ipxuPBiVXhbDGqkiDmntrMBcDmNV1uTgHe90XhKI19tSuT5I_0Yj7w&#038;oh=00_AQIHP0e8suw9ECiO3L1CJ8Cp1zJWFUJOScrOObesdOmYUA&#038;oe=6AA2482D\"\n\t\t\tdata-img-src-set=\"{&quot;d&quot;:&quot;https:\\\/\\\/scontent-fra3-1.cdninstagram.com\\\/v\\\/t51.82787-15\\\/786529053_18424982911178474_6062355577539398820_n.jpg?stp=dst-jpg_e35_tt6&amp;_nc_cat=105&amp;ccb=7-5&amp;_nc_sid=18de74&amp;efg=eyJlZmdfdGFnIjoiRkVFRC5iZXN0X2ltYWdlX3VybGdlbi5DMyJ9&amp;_nc_ohc=oGPAOGMMjtAQ7kNvwG6mVWC&amp;_nc_oc=AdqzpxdaS_khkS9vMBwypuoMMatOd4sFbx-z9JZOJ6RLejNGKm0PTrI7jC9TqUCAMXU&amp;_nc_zt=23&amp;_nc_ht=scontent-fra3-1.cdninstagram.com&amp;edm=ANo9K5cEAAAA&amp;_nc_gid=lXkAWS-nEDql5By45X9KrQ&amp;_nc_tpa=Q5bMBQKjdVCjK7EbNyxTjg1eyxl0ipxuPBiVXhbDGqkiDmntrMBcDmNV1uTgHe90XhKI19tSuT5I_0Yj7w&amp;oh=00_AQIHP0e8suw9ECiO3L1CJ8Cp1zJWFUJOScrOObesdOmYUA&amp;oe=6AA2482D&quot;,&quot;150&quot;:&quot;https:\\\/\\\/scontent-fra3-1.cdninstagram.com\\\/v\\\/t51.82787-15\\\/786529053_18424982911178474_6062355577539398820_n.jpg?stp=dst-jpg_e35_tt6&amp;_nc_cat=105&amp;ccb=7-5&amp;_nc_sid=18de74&amp;efg=eyJlZmdfdGFnIjoiRkVFRC5iZXN0X2ltYWdlX3VybGdlbi5DMyJ9&amp;_nc_ohc=oGPAOGMMjtAQ7kNvwG6mVWC&amp;_nc_oc=AdqzpxdaS_khkS9vMBwypuoMMatOd4sFbx-z9JZOJ6RLejNGKm0PTrI7jC9TqUCAMXU&amp;_nc_zt=23&amp;_nc_ht=scontent-fra3-1.cdninstagram.com&amp;edm=ANo9K5cEAAAA&amp;_nc_gid=lXkAWS-nEDql5By45X9KrQ&amp;_nc_tpa=Q5bMBQKjdVCjK7EbNyxTjg1eyxl0ipxuPBiVXhbDGqkiDmntrMBcDmNV1uTgHe90XhKI19tSuT5I_0Yj7w&amp;oh=00_AQIHP0e8suw9ECiO3L1CJ8Cp1zJWFUJOScrOObesdOmYUA&amp;oe=6AA2482D&quot;,&quot;320&quot;:&quot;https:\\\/\\\/www.domainesrichard.fr\\\/chateau-de-corcelles\\\/wp-content\\\/uploads\\\/sites\\\/2\\\/sb-instagram-feed-images\\\/786529053_18424982911178474_6062355577539398820_nlow.webp&quot;,&quot;640&quot;:&quot;https:\\\/\\\/www.domainesrichard.fr\\\/chateau-de-corcelles\\\/wp-content\\\/uploads\\\/sites\\\/2\\\/sb-instagram-feed-images\\\/786529053_18424982911178474_6062355577539398820_nfull.webp&quot;}\">\n\t\t\t<span class=\"sbi-screenreader\">\ud83c\udf47 Les vendanges, c\u2019est aussi une histoire d\u2019\u00e9quipe<\/span>\n\t\t\t\t\t\t\t\t\t<img decoding=\"async\" src=\"https:\/\/www.domainesrichard.fr\/chateau-de-corcelles\/wp-content\/plugins\/instagram-feed\/img\/placeholder.png\" alt=\"\ud83c\udf47 Les vendanges, c\u2019est aussi une histoire d\u2019\u00e9quipe&nbsp;!\n\u00c0 l\u2019arriv\u00e9e des raisins au Ch\u00e2teau de Corcelles, chacun prend son poste. Et cette ann\u00e9e, on retrouve de gauche \u00e0 droite&nbsp;:\n\ud83d\udc49 Cassandra, notre super apprentie qui vit d\u00e9j\u00e0 ses deuxi\u00e8mes vendanges \u00e0 nos c\u00f4t\u00e9s.\n\ud83d\udc49 Thierry, notre sp\u00e9cialiste du d\u00e9cuvage. Tous les ans, il s\u2019y applique avec le m\u00eame enthousiasme&nbsp;: c\u2019est devenu une tradition\u2026 et visiblement, il aime \u00e7a&nbsp;! \ud83d\ude04\n\ud83d\udc49 Estelle, notre nouvelle cheffe de cave, arriv\u00e9e en avril, qui vit donc ses toutes premi\u00e8res vendanges au Ch\u00e2teau de Corcelles.\n\ud83c\udf77Une \u00e9quipe r\u00e9unie pour donner vie au mill\u00e9sime 2026.\n-\n\ud83c\uddec\ud83c\udde7 \ud83c\udf47 Harvest is also about teamwork!\nAs the grapes arrive at Ch\u00e2teau de Corcelles, everyone takes their place. And this year, from left to right, we have:\n\ud83d\udc49 Cassandra, our fantastic apprentice, already experiencing her second harvest with us.\n\ud83d\udc49 Thierry, our expert in emptying the vats. Every year, he takes on the task with the same enthusiasm. It has become something of a tradition\u2026 and he clearly enjoys it! \ud83d\ude04\n\ud83d\udc49 Estelle, our new Cellar Master, who joined us in April and is experiencing her very first harvest at Ch\u00e2teau de Corcelles.\n\ud83c\udf77 A team coming together to bring the 2026 vintage to life.\" aria-hidden=\"true\">\n\t\t<\/a>\n\t<\/div>\n<\/div><div class=\"sbi_item sbi_type_image sbi_new sbi_transition\" role=\"listitem\"\n\tid=\"sbi_18622275370050658\" data-date=\"1787404704\">\n\t<div class=\"sbi_photo_wrap\">\n\t\t<a class=\"sbi_photo\" href=\"https:\/\/www.instagram.com\/p\/DcWAIO9oDRE\/\" target=\"_blank\" rel=\"noopener nofollow\"\n\t\t\tdata-full-res=\"https:\/\/scontent-fra3-1.cdninstagram.com\/v\/t51.82787-15\/784796388_18424523464178474_2614595200508931764_n.jpg?stp=dst-jpg_e35_tt6&#038;_nc_cat=105&#038;ccb=7-5&#038;_nc_sid=18de74&#038;efg=eyJlZmdfdGFnIjoiRkVFRC5iZXN0X2ltYWdlX3VybGdlbi5DMyJ9&#038;_nc_ohc=b9ays5t9KMgQ7kNvwG_QIXY&#038;_nc_oc=AdqZSncDqNw8iVTN23O88ttJNW2dKNjB_4lRedt2Q5Ucn3OkVZo1bX8EAKLGaekHdpY&#038;_nc_zt=23&#038;_nc_ht=scontent-fra3-1.cdninstagram.com&#038;edm=ANo9K5cEAAAA&#038;_nc_gid=lXkAWS-nEDql5By45X9KrQ&#038;_nc_tpa=Q5bMBQIS-c6yW5CS9La_Icp0g5es4gGTLdBT9pYrwRKzCdAkKoQjmzElLwwylGo7gbqTFWyAF7SLiISXJQ&#038;oh=00_AQLSMv1sJa-YIbtR3CblGyg0fkyvO3NLJ5JQMB0pHLD8HA&#038;oe=6AA24B8F\"\n\t\t\tdata-img-src-set=\"{&quot;d&quot;:&quot;https:\\\/\\\/scontent-fra3-1.cdninstagram.com\\\/v\\\/t51.82787-15\\\/784796388_18424523464178474_2614595200508931764_n.jpg?stp=dst-jpg_e35_tt6&amp;_nc_cat=105&amp;ccb=7-5&amp;_nc_sid=18de74&amp;efg=eyJlZmdfdGFnIjoiRkVFRC5iZXN0X2ltYWdlX3VybGdlbi5DMyJ9&amp;_nc_ohc=b9ays5t9KMgQ7kNvwG_QIXY&amp;_nc_oc=AdqZSncDqNw8iVTN23O88ttJNW2dKNjB_4lRedt2Q5Ucn3OkVZo1bX8EAKLGaekHdpY&amp;_nc_zt=23&amp;_nc_ht=scontent-fra3-1.cdninstagram.com&amp;edm=ANo9K5cEAAAA&amp;_nc_gid=lXkAWS-nEDql5By45X9KrQ&amp;_nc_tpa=Q5bMBQIS-c6yW5CS9La_Icp0g5es4gGTLdBT9pYrwRKzCdAkKoQjmzElLwwylGo7gbqTFWyAF7SLiISXJQ&amp;oh=00_AQLSMv1sJa-YIbtR3CblGyg0fkyvO3NLJ5JQMB0pHLD8HA&amp;oe=6AA24B8F&quot;,&quot;150&quot;:&quot;https:\\\/\\\/scontent-fra3-1.cdninstagram.com\\\/v\\\/t51.82787-15\\\/784796388_18424523464178474_2614595200508931764_n.jpg?stp=dst-jpg_e35_tt6&amp;_nc_cat=105&amp;ccb=7-5&amp;_nc_sid=18de74&amp;efg=eyJlZmdfdGFnIjoiRkVFRC5iZXN0X2ltYWdlX3VybGdlbi5DMyJ9&amp;_nc_ohc=b9ays5t9KMgQ7kNvwG_QIXY&amp;_nc_oc=AdqZSncDqNw8iVTN23O88ttJNW2dKNjB_4lRedt2Q5Ucn3OkVZo1bX8EAKLGaekHdpY&amp;_nc_zt=23&amp;_nc_ht=scontent-fra3-1.cdninstagram.com&amp;edm=ANo9K5cEAAAA&amp;_nc_gid=lXkAWS-nEDql5By45X9KrQ&amp;_nc_tpa=Q5bMBQIS-c6yW5CS9La_Icp0g5es4gGTLdBT9pYrwRKzCdAkKoQjmzElLwwylGo7gbqTFWyAF7SLiISXJQ&amp;oh=00_AQLSMv1sJa-YIbtR3CblGyg0fkyvO3NLJ5JQMB0pHLD8HA&amp;oe=6AA24B8F&quot;,&quot;320&quot;:&quot;https:\\\/\\\/www.domainesrichard.fr\\\/chateau-de-corcelles\\\/wp-content\\\/uploads\\\/sites\\\/2\\\/sb-instagram-feed-images\\\/784796388_18424523464178474_2614595200508931764_nlow.webp&quot;,&quot;640&quot;:&quot;https:\\\/\\\/www.domainesrichard.fr\\\/chateau-de-corcelles\\\/wp-content\\\/uploads\\\/sites\\\/2\\\/sb-instagram-feed-images\\\/784796388_18424523464178474_2614595200508931764_nfull.webp&quot;}\">\n\t\t\t<span class=\"sbi-screenreader\">\ud83c\udf47 Les vendanges ont d\u00e9but\u00e9 au Ch\u00e2teau de Corcelles<\/span>\n\t\t\t\t\t\t\t\t\t<img decoding=\"async\" src=\"https:\/\/www.domainesrichard.fr\/chateau-de-corcelles\/wp-content\/plugins\/instagram-feed\/img\/placeholder.png\" alt=\"\ud83c\udf47 Les vendanges ont d\u00e9but\u00e9 au Ch\u00e2teau de Corcelles&nbsp;!\nC\u2019est parti pour le mill\u00e9sime 2026. Sur les hauteurs de Fleurie, notre \u00e9quipe est \u00e0 pied d\u2019\u0153uvre dans les vignes de Ponci\u00e9 pour r\u00e9colter les premi\u00e8res grappes.\nBelle vendange \u00e0 tous \u2702\ufe0f\n-\n\ud83c\uddec\ud83c\udde7 \ud83c\udf47 Harvest has begun at Ch\u00e2teau de Corcelles!\nThe 2026 vintage is officially underway. On the hillsides of Fleurie, our team is hard at work in the Ponci\u00e9 vineyards, picking the first bunches of grapes.\nWishing everyone a great harvest! \u2702\ufe0f\" aria-hidden=\"true\">\n\t\t<\/a>\n\t<\/div>\n<\/div><div class=\"sbi_item sbi_type_video sbi_new sbi_transition\" role=\"listitem\"\n\tid=\"sbi_18063364109731150\" data-date=\"1786090405\">\n\t<div class=\"sbi_photo_wrap\">\n\t\t<a class=\"sbi_photo\" href=\"https:\/\/www.instagram.com\/reel\/Dbu08YgtgKo\/\" target=\"_blank\" rel=\"noopener nofollow\"\n\t\t\tdata-full-res=\"https:\/\/scontent-fra3-1.cdninstagram.com\/v\/t51.82787-15\/769363376_18421819867178474_2745453828360734681_n.jpg?stp=dst-jpg_e35_tt6&#038;_nc_cat=108&#038;ccb=7-5&#038;_nc_sid=18de74&#038;efg=eyJlZmdfdGFnIjoiQ0xJUFMuYmVzdF9pbWFnZV91cmxnZW4uQzMifQ%3D%3D&#038;_nc_ohc=8_aMCzaofxsQ7kNvwFVDNIR&#038;_nc_oc=Adr1_Wigqmmmp7sd7oJVaMCFqD4zrOeSMDXTOl0T9I5oTwEbIDdM9Hxzy3mrbTyuvJ0&#038;_nc_zt=23&#038;_nc_ht=scontent-fra3-1.cdninstagram.com&#038;edm=ANo9K5cEAAAA&#038;_nc_gid=lXkAWS-nEDql5By45X9KrQ&#038;_nc_tpa=Q5bMBQLTo2gBZ2bKDbF0snLtnz-ofVZyz0gcei4X1tuNXnNkFQvYf6RcwfXESevMPYdWNPGul7J-PV9twA&#038;oh=00_AQLILU8lXOUycYebTE3ZNJx0ngFKzxq2aHmJc8lkPuA6cg&#038;oe=6AA252AB\"\n\t\t\tdata-img-src-set=\"{&quot;d&quot;:&quot;https:\\\/\\\/scontent-fra3-1.cdninstagram.com\\\/v\\\/t51.82787-15\\\/769363376_18421819867178474_2745453828360734681_n.jpg?stp=dst-jpg_e35_tt6&amp;_nc_cat=108&amp;ccb=7-5&amp;_nc_sid=18de74&amp;efg=eyJlZmdfdGFnIjoiQ0xJUFMuYmVzdF9pbWFnZV91cmxnZW4uQzMifQ%3D%3D&amp;_nc_ohc=8_aMCzaofxsQ7kNvwFVDNIR&amp;_nc_oc=Adr1_Wigqmmmp7sd7oJVaMCFqD4zrOeSMDXTOl0T9I5oTwEbIDdM9Hxzy3mrbTyuvJ0&amp;_nc_zt=23&amp;_nc_ht=scontent-fra3-1.cdninstagram.com&amp;edm=ANo9K5cEAAAA&amp;_nc_gid=lXkAWS-nEDql5By45X9KrQ&amp;_nc_tpa=Q5bMBQLTo2gBZ2bKDbF0snLtnz-ofVZyz0gcei4X1tuNXnNkFQvYf6RcwfXESevMPYdWNPGul7J-PV9twA&amp;oh=00_AQLILU8lXOUycYebTE3ZNJx0ngFKzxq2aHmJc8lkPuA6cg&amp;oe=6AA252AB&quot;,&quot;150&quot;:&quot;https:\\\/\\\/scontent-fra3-1.cdninstagram.com\\\/v\\\/t51.82787-15\\\/769363376_18421819867178474_2745453828360734681_n.jpg?stp=dst-jpg_e35_tt6&amp;_nc_cat=108&amp;ccb=7-5&amp;_nc_sid=18de74&amp;efg=eyJlZmdfdGFnIjoiQ0xJUFMuYmVzdF9pbWFnZV91cmxnZW4uQzMifQ%3D%3D&amp;_nc_ohc=8_aMCzaofxsQ7kNvwFVDNIR&amp;_nc_oc=Adr1_Wigqmmmp7sd7oJVaMCFqD4zrOeSMDXTOl0T9I5oTwEbIDdM9Hxzy3mrbTyuvJ0&amp;_nc_zt=23&amp;_nc_ht=scontent-fra3-1.cdninstagram.com&amp;edm=ANo9K5cEAAAA&amp;_nc_gid=lXkAWS-nEDql5By45X9KrQ&amp;_nc_tpa=Q5bMBQLTo2gBZ2bKDbF0snLtnz-ofVZyz0gcei4X1tuNXnNkFQvYf6RcwfXESevMPYdWNPGul7J-PV9twA&amp;oh=00_AQLILU8lXOUycYebTE3ZNJx0ngFKzxq2aHmJc8lkPuA6cg&amp;oe=6AA252AB&quot;,&quot;320&quot;:&quot;https:\\\/\\\/www.domainesrichard.fr\\\/chateau-de-corcelles\\\/wp-content\\\/uploads\\\/sites\\\/2\\\/sb-instagram-feed-images\\\/769363376_18421819867178474_2745453828360734681_nlow.webp&quot;,&quot;640&quot;:&quot;https:\\\/\\\/www.domainesrichard.fr\\\/chateau-de-corcelles\\\/wp-content\\\/uploads\\\/sites\\\/2\\\/sb-instagram-feed-images\\\/769363376_18421819867178474_2745453828360734681_nfull.webp&quot;}\">\n\t\t\t<span class=\"sbi-screenreader\">\ud83d\udeb4\u200d\u2640\ufe0f\ud83c\udff0 Le Ch\u00e2teau de Corcelles \u00e0 l\u2019honneur sur le T<\/span>\n\t\t\t\t\t\t\n<svg style=\"color: rgba(255,255,255,1)\" class=\"svg-inline--fa fa-play fa-w-14 sbi_playbtn\" aria-label=\"Play\" aria-hidden=\"true\" data-fa-processed=\"\" data-prefix=\"fa\" data-icon=\"play\" role=\"presentation\" xmlns=\"http:\/\/www.w3.org\/2000\/svg\" viewBox=\"0 0 448 512\"><path fill=\"currentColor\" d=\"M424.4 214.7L72.4 6.6C43.8-10.3 0 6.1 0 47.9V464c0 37.5 40.7 60.1 72.4 41.3l352-208c31.4-18.5 31.5-64.1 0-82.6z\"><\/path><\/svg>\n\t\t\t<img decoding=\"async\" src=\"https:\/\/www.domainesrichard.fr\/chateau-de-corcelles\/wp-content\/plugins\/instagram-feed\/img\/placeholder.png\" alt=\"\ud83d\udeb4\u200d\u2640\ufe0f\ud83c\udff0 Le Ch\u00e2teau de Corcelles \u00e0 l\u2019honneur sur le Tour de France Femmes avec Zwift&nbsp;!\n@letourfemmes \nUne belle mise en lumi\u00e8re qui contribue \u00e0 faire rayonner notre patrimoine et le Beaujolais aupr\u00e8s d\u2019un tr\u00e8s large public.\nUn grand merci aux \u00e9quipes de @francetelevisions pour cette valorisation de notre territoire et de son patrimoine. \ud83c\udf47\n-\n\ud83c\uddec\ud83c\udde7\ud83d\udeb4\u200d\u2640\ufe0f\ud83c\udff0 Ch\u00e2teau de Corcelles featured during the Tour de France Femmes avec Zwift!\nA wonderful spotlight that helps showcase our heritage and the Beaujolais region to a wide audience.\nA big thank you to the France T\u00e9l\u00e9visions team for highlighting our region and its rich heritage. \ud83c\udf47\n\n@beaujolaistourisme\n@vins_beaujolais\" aria-hidden=\"true\">\n\t\t<\/a>\n\t<\/div>\n<\/div><div class=\"sbi_item sbi_type_image sbi_new sbi_transition\" role=\"listitem\"\n\tid=\"sbi_18388952650161120\" data-date=\"1786029109\">\n\t<div class=\"sbi_photo_wrap\">\n\t\t<a class=\"sbi_photo\" href=\"https:\/\/www.instagram.com\/p\/DbtAYVMoFkk\/\" target=\"_blank\" rel=\"noopener nofollow\"\n\t\t\tdata-full-res=\"https:\/\/scontent-fra3-1.cdninstagram.com\/v\/t51.82787-15\/766423806_18421720474178474_688355814347964608_n.jpg?stp=dst-jpg_e35_tt6&#038;_nc_cat=106&#038;ccb=7-5&#038;_nc_sid=18de74&#038;efg=eyJlZmdfdGFnIjoiRkVFRC5iZXN0X2ltYWdlX3VybGdlbi5DMyJ9&#038;_nc_ohc=wtTaBH-PZLQQ7kNvwHxxSt0&#038;_nc_oc=AdpoHsFh8RKGJ9WfWWO52q3XsRrFgGlCgLEzpBWbiUaJMEfXFg6WCBPkKoe2IittwFY&#038;_nc_zt=23&#038;_nc_ht=scontent-fra3-1.cdninstagram.com&#038;edm=ANo9K5cEAAAA&#038;_nc_gid=lXkAWS-nEDql5By45X9KrQ&#038;_nc_tpa=Q5bMBQIPyd-AoGik8dbO7oUa9CU1kQGc5UcW7Vp5J2UGYLqX4im6KmuKZ0XLqt5bGtGQ6Y4gnx6SpXQTEQ&#038;oh=00_AQIBjGXyRnnOoAoiiGxiqlIKC_SDM5_hi-T5CYmMHaQcEg&#038;oe=6AA24B69\"\n\t\t\tdata-img-src-set=\"{&quot;d&quot;:&quot;https:\\\/\\\/scontent-fra3-1.cdninstagram.com\\\/v\\\/t51.82787-15\\\/766423806_18421720474178474_688355814347964608_n.jpg?stp=dst-jpg_e35_tt6&amp;_nc_cat=106&amp;ccb=7-5&amp;_nc_sid=18de74&amp;efg=eyJlZmdfdGFnIjoiRkVFRC5iZXN0X2ltYWdlX3VybGdlbi5DMyJ9&amp;_nc_ohc=wtTaBH-PZLQQ7kNvwHxxSt0&amp;_nc_oc=AdpoHsFh8RKGJ9WfWWO52q3XsRrFgGlCgLEzpBWbiUaJMEfXFg6WCBPkKoe2IittwFY&amp;_nc_zt=23&amp;_nc_ht=scontent-fra3-1.cdninstagram.com&amp;edm=ANo9K5cEAAAA&amp;_nc_gid=lXkAWS-nEDql5By45X9KrQ&amp;_nc_tpa=Q5bMBQIPyd-AoGik8dbO7oUa9CU1kQGc5UcW7Vp5J2UGYLqX4im6KmuKZ0XLqt5bGtGQ6Y4gnx6SpXQTEQ&amp;oh=00_AQIBjGXyRnnOoAoiiGxiqlIKC_SDM5_hi-T5CYmMHaQcEg&amp;oe=6AA24B69&quot;,&quot;150&quot;:&quot;https:\\\/\\\/scontent-fra3-1.cdninstagram.com\\\/v\\\/t51.82787-15\\\/766423806_18421720474178474_688355814347964608_n.jpg?stp=dst-jpg_e35_tt6&amp;_nc_cat=106&amp;ccb=7-5&amp;_nc_sid=18de74&amp;efg=eyJlZmdfdGFnIjoiRkVFRC5iZXN0X2ltYWdlX3VybGdlbi5DMyJ9&amp;_nc_ohc=wtTaBH-PZLQQ7kNvwHxxSt0&amp;_nc_oc=AdpoHsFh8RKGJ9WfWWO52q3XsRrFgGlCgLEzpBWbiUaJMEfXFg6WCBPkKoe2IittwFY&amp;_nc_zt=23&amp;_nc_ht=scontent-fra3-1.cdninstagram.com&amp;edm=ANo9K5cEAAAA&amp;_nc_gid=lXkAWS-nEDql5By45X9KrQ&amp;_nc_tpa=Q5bMBQIPyd-AoGik8dbO7oUa9CU1kQGc5UcW7Vp5J2UGYLqX4im6KmuKZ0XLqt5bGtGQ6Y4gnx6SpXQTEQ&amp;oh=00_AQIBjGXyRnnOoAoiiGxiqlIKC_SDM5_hi-T5CYmMHaQcEg&amp;oe=6AA24B69&quot;,&quot;320&quot;:&quot;https:\\\/\\\/www.domainesrichard.fr\\\/chateau-de-corcelles\\\/wp-content\\\/uploads\\\/sites\\\/2\\\/sb-instagram-feed-images\\\/766423806_18421720474178474_688355814347964608_nlow.webp&quot;,&quot;640&quot;:&quot;https:\\\/\\\/www.domainesrichard.fr\\\/chateau-de-corcelles\\\/wp-content\\\/uploads\\\/sites\\\/2\\\/sb-instagram-feed-images\\\/766423806_18421720474178474_688355814347964608_nfull.webp&quot;}\">\n\t\t\t<span class=\"sbi-screenreader\">\ud83c\udf77\u2728 Nos nouveaux sous-verres sont arriv\u00e9s&nbsp;! Ils son<\/span>\n\t\t\t\t\t\t\t\t\t<img decoding=\"async\" src=\"https:\/\/www.domainesrichard.fr\/chateau-de-corcelles\/wp-content\/plugins\/instagram-feed\/img\/placeholder.png\" alt=\"\ud83c\udf77\u2728 Nos nouveaux sous-verres sont arriv\u00e9s&nbsp;!\nIls sont d\u00e9sormais disponibles au caveau du Ch\u00e2teau de Corcelles. \nAlors, quelle couleur choisirez-vous&nbsp;? \ud83d\ude09\n-\n\ud83c\uddec\ud83c\udde7\ud83c\udf77\u2728 Our new coasters have arrived!\nThey are now available at the Ch\u00e2teau de Corcelles wine shop.\nSo, which colour will you choose? \ud83d\ude09\" aria-hidden=\"true\">\n\t\t<\/a>\n\t<\/div>\n<\/div><div class=\"sbi_item sbi_type_image sbi_new sbi_transition\" role=\"listitem\"\n\tid=\"sbi_18108507101080730\" data-date=\"1785592235\">\n\t<div class=\"sbi_photo_wrap\">\n\t\t<a class=\"sbi_photo\" href=\"https:\/\/www.instagram.com\/p\/Dbf-8JrIoLH\/\" target=\"_blank\" rel=\"noopener nofollow\"\n\t\t\tdata-full-res=\"https:\/\/scontent-fra3-1.cdninstagram.com\/v\/t51.82787-15\/761272010_18420901885178474_2733120485925434246_n.jpg?stp=dst-jpg_e35_tt6&#038;_nc_cat=103&#038;ccb=7-5&#038;_nc_sid=18de74&#038;efg=eyJlZmdfdGFnIjoiRkVFRC5iZXN0X2ltYWdlX3VybGdlbi5DMyJ9&#038;_nc_ohc=CFHWOeiPEfMQ7kNvwGMrMzT&#038;_nc_oc=AdquRVb3CtBi2yr_57Q_bQCgkx6JXU8uZaL3-TybOLZRojn6PFgpvcI1tzNVNYYle7g&#038;_nc_zt=23&#038;_nc_ht=scontent-fra3-1.cdninstagram.com&#038;edm=ANo9K5cEAAAA&#038;_nc_gid=lXkAWS-nEDql5By45X9KrQ&#038;_nc_tpa=Q5bMBQJs6w73E3dbVdP7qnOVcMoc2KicqZcE6I4w76fdXoAo3FqMvZzOl3cMJtYU-1lkDOJqWyc9A2vD3A&#038;oh=00_AQLsIaFwBM5gnhmoNZwVAWjzuNlh6j1M_LK_MMJirB0Mvg&#038;oe=6AA27827\"\n\t\t\tdata-img-src-set=\"{&quot;d&quot;:&quot;https:\\\/\\\/scontent-fra3-1.cdninstagram.com\\\/v\\\/t51.82787-15\\\/761272010_18420901885178474_2733120485925434246_n.jpg?stp=dst-jpg_e35_tt6&amp;_nc_cat=103&amp;ccb=7-5&amp;_nc_sid=18de74&amp;efg=eyJlZmdfdGFnIjoiRkVFRC5iZXN0X2ltYWdlX3VybGdlbi5DMyJ9&amp;_nc_ohc=CFHWOeiPEfMQ7kNvwGMrMzT&amp;_nc_oc=AdquRVb3CtBi2yr_57Q_bQCgkx6JXU8uZaL3-TybOLZRojn6PFgpvcI1tzNVNYYle7g&amp;_nc_zt=23&amp;_nc_ht=scontent-fra3-1.cdninstagram.com&amp;edm=ANo9K5cEAAAA&amp;_nc_gid=lXkAWS-nEDql5By45X9KrQ&amp;_nc_tpa=Q5bMBQJs6w73E3dbVdP7qnOVcMoc2KicqZcE6I4w76fdXoAo3FqMvZzOl3cMJtYU-1lkDOJqWyc9A2vD3A&amp;oh=00_AQLsIaFwBM5gnhmoNZwVAWjzuNlh6j1M_LK_MMJirB0Mvg&amp;oe=6AA27827&quot;,&quot;150&quot;:&quot;https:\\\/\\\/scontent-fra3-1.cdninstagram.com\\\/v\\\/t51.82787-15\\\/761272010_18420901885178474_2733120485925434246_n.jpg?stp=dst-jpg_e35_tt6&amp;_nc_cat=103&amp;ccb=7-5&amp;_nc_sid=18de74&amp;efg=eyJlZmdfdGFnIjoiRkVFRC5iZXN0X2ltYWdlX3VybGdlbi5DMyJ9&amp;_nc_ohc=CFHWOeiPEfMQ7kNvwGMrMzT&amp;_nc_oc=AdquRVb3CtBi2yr_57Q_bQCgkx6JXU8uZaL3-TybOLZRojn6PFgpvcI1tzNVNYYle7g&amp;_nc_zt=23&amp;_nc_ht=scontent-fra3-1.cdninstagram.com&amp;edm=ANo9K5cEAAAA&amp;_nc_gid=lXkAWS-nEDql5By45X9KrQ&amp;_nc_tpa=Q5bMBQJs6w73E3dbVdP7qnOVcMoc2KicqZcE6I4w76fdXoAo3FqMvZzOl3cMJtYU-1lkDOJqWyc9A2vD3A&amp;oh=00_AQLsIaFwBM5gnhmoNZwVAWjzuNlh6j1M_LK_MMJirB0Mvg&amp;oe=6AA27827&quot;,&quot;320&quot;:&quot;https:\\\/\\\/www.domainesrichard.fr\\\/chateau-de-corcelles\\\/wp-content\\\/uploads\\\/sites\\\/2\\\/sb-instagram-feed-images\\\/761272010_18420901885178474_2733120485925434246_nlow.webp&quot;,&quot;640&quot;:&quot;https:\\\/\\\/www.domainesrichard.fr\\\/chateau-de-corcelles\\\/wp-content\\\/uploads\\\/sites\\\/2\\\/sb-instagram-feed-images\\\/761272010_18420901885178474_2733120485925434246_nfull.webp&quot;}\">\n\t\t\t<span class=\"sbi-screenreader\">\ud83c\udf38\u2600\ufe0f Ch\u00e2teau de Corcelles&nbsp;: le ros\u00e9 de l\u2019\u00e9t\u00e9. Frais<\/span>\n\t\t\t\t\t\t\t\t\t<img decoding=\"async\" src=\"https:\/\/www.domainesrichard.fr\/chateau-de-corcelles\/wp-content\/plugins\/instagram-feed\/img\/placeholder.png\" alt=\"\ud83c\udf38\u2600\ufe0f Ch\u00e2teau de Corcelles&nbsp;: le ros\u00e9 de l\u2019\u00e9t\u00e9.\nFrais, fruit\u00e9 et gourmand, il accompagne tous les moments qui font la saison&nbsp;: un d\u00e9jeuner en terrasse, un pique-nique entre amis ou un d\u00eener qui se prolonge jusqu\u2019au coucher du soleil.\nL\u2019\u00e9t\u00e9 se savoure aussi avec un verre de Ch\u00e2teau de Corcelles Ros\u00e9. \ud83c\udf77\n-\n\ud83c\uddec\ud83c\udde7\ud83c\udf38\u2600\ufe0f Ch\u00e2teau de Corcelles: the ros\u00e9 of the summer.\nFresh, fruity, and vibrant, it\u2019s the perfect companion for all your summer moments: lunch on the terrace, a picnic with friends, or a dinner that lingers until sunset.\nSummer is best enjoyed with a glass of Ch\u00e2teau de Corcelles Ros\u00e9. \ud83c\udf77\" aria-hidden=\"true\">\n\t\t<\/a>\n\t<\/div>\n<\/div><div class=\"sbi_item sbi_type_video sbi_new sbi_transition\" role=\"listitem\"\n\tid=\"sbi_17976894321116120\" data-date=\"1784820549\">\n\t<div class=\"sbi_photo_wrap\">\n\t\t<a class=\"sbi_photo\" href=\"https:\/\/www.instagram.com\/reel\/DbI_NWANHAc\/\" target=\"_blank\" rel=\"noopener nofollow\"\n\t\t\tdata-full-res=\"https:\/\/scontent-fra3-2.cdninstagram.com\/v\/t51.82787-15\/755105127_18419539075178474_4693741804696923734_n.jpg?stp=dst-jpg_e35_tt6&#038;_nc_cat=111&#038;ccb=7-5&#038;_nc_sid=18de74&#038;efg=eyJlZmdfdGFnIjoiQ0xJUFMuYmVzdF9pbWFnZV91cmxnZW4uQzMifQ%3D%3D&#038;_nc_ohc=uz_OyiixHZQQ7kNvwG1xJ5F&#038;_nc_oc=AdrBb6OdynzdNbF86FrnOUttBKz4P96CCmysE4gj57CR7SyxexXrsRqdJgMXiMAFOHY&#038;_nc_zt=23&#038;_nc_ht=scontent-fra3-2.cdninstagram.com&#038;edm=ANo9K5cEAAAA&#038;_nc_gid=lXkAWS-nEDql5By45X9KrQ&#038;_nc_tpa=Q5bMBQI3cgBRJtIMLWpCG3Z7vLSLpG-nvIVBW7aFPIsYbGGlBsGK2Ii8L_sAPkQOFqshDFyqMv4x11bwOA&#038;oh=00_AQLO008VmPp2GFAwsHDu44i3DrXu8DLc40OP9p59MdmkRQ&#038;oe=6AA2722E\"\n\t\t\tdata-img-src-set=\"{&quot;d&quot;:&quot;https:\\\/\\\/scontent-fra3-2.cdninstagram.com\\\/v\\\/t51.82787-15\\\/755105127_18419539075178474_4693741804696923734_n.jpg?stp=dst-jpg_e35_tt6&amp;_nc_cat=111&amp;ccb=7-5&amp;_nc_sid=18de74&amp;efg=eyJlZmdfdGFnIjoiQ0xJUFMuYmVzdF9pbWFnZV91cmxnZW4uQzMifQ%3D%3D&amp;_nc_ohc=uz_OyiixHZQQ7kNvwG1xJ5F&amp;_nc_oc=AdrBb6OdynzdNbF86FrnOUttBKz4P96CCmysE4gj57CR7SyxexXrsRqdJgMXiMAFOHY&amp;_nc_zt=23&amp;_nc_ht=scontent-fra3-2.cdninstagram.com&amp;edm=ANo9K5cEAAAA&amp;_nc_gid=lXkAWS-nEDql5By45X9KrQ&amp;_nc_tpa=Q5bMBQI3cgBRJtIMLWpCG3Z7vLSLpG-nvIVBW7aFPIsYbGGlBsGK2Ii8L_sAPkQOFqshDFyqMv4x11bwOA&amp;oh=00_AQLO008VmPp2GFAwsHDu44i3DrXu8DLc40OP9p59MdmkRQ&amp;oe=6AA2722E&quot;,&quot;150&quot;:&quot;https:\\\/\\\/scontent-fra3-2.cdninstagram.com\\\/v\\\/t51.82787-15\\\/755105127_18419539075178474_4693741804696923734_n.jpg?stp=dst-jpg_e35_tt6&amp;_nc_cat=111&amp;ccb=7-5&amp;_nc_sid=18de74&amp;efg=eyJlZmdfdGFnIjoiQ0xJUFMuYmVzdF9pbWFnZV91cmxnZW4uQzMifQ%3D%3D&amp;_nc_ohc=uz_OyiixHZQQ7kNvwG1xJ5F&amp;_nc_oc=AdrBb6OdynzdNbF86FrnOUttBKz4P96CCmysE4gj57CR7SyxexXrsRqdJgMXiMAFOHY&amp;_nc_zt=23&amp;_nc_ht=scontent-fra3-2.cdninstagram.com&amp;edm=ANo9K5cEAAAA&amp;_nc_gid=lXkAWS-nEDql5By45X9KrQ&amp;_nc_tpa=Q5bMBQI3cgBRJtIMLWpCG3Z7vLSLpG-nvIVBW7aFPIsYbGGlBsGK2Ii8L_sAPkQOFqshDFyqMv4x11bwOA&amp;oh=00_AQLO008VmPp2GFAwsHDu44i3DrXu8DLc40OP9p59MdmkRQ&amp;oe=6AA2722E&quot;,&quot;320&quot;:&quot;https:\\\/\\\/www.domainesrichard.fr\\\/chateau-de-corcelles\\\/wp-content\\\/uploads\\\/sites\\\/2\\\/sb-instagram-feed-images\\\/755105127_18419539075178474_4693741804696923734_nlow.webp&quot;,&quot;640&quot;:&quot;https:\\\/\\\/www.domainesrichard.fr\\\/chateau-de-corcelles\\\/wp-content\\\/uploads\\\/sites\\\/2\\\/sb-instagram-feed-images\\\/755105127_18419539075178474_4693741804696923734_nfull.webp&quot;}\">\n\t\t\t<span class=\"sbi-screenreader\">\ud83c\udf47 Une \u00e9quipe. Plusieurs m\u00e9tiers. Une m\u00eame passion.<\/span>\n\t\t\t\t\t\t\n<svg style=\"color: rgba(255,255,255,1)\" class=\"svg-inline--fa fa-play fa-w-14 sbi_playbtn\" aria-label=\"Play\" aria-hidden=\"true\" data-fa-processed=\"\" data-prefix=\"fa\" data-icon=\"play\" role=\"presentation\" xmlns=\"http:\/\/www.w3.org\/2000\/svg\" viewBox=\"0 0 448 512\"><path fill=\"currentColor\" d=\"M424.4 214.7L72.4 6.6C43.8-10.3 0 6.1 0 47.9V464c0 37.5 40.7 60.1 72.4 41.3l352-208c31.4-18.5 31.5-64.1 0-82.6z\"><\/path><\/svg>\n\t\t\t<img decoding=\"async\" src=\"https:\/\/www.domainesrichard.fr\/chateau-de-corcelles\/wp-content\/plugins\/instagram-feed\/img\/placeholder.png\" alt=\"\ud83c\udf47 Une \u00e9quipe. Plusieurs m\u00e9tiers. Une m\u00eame passion.\nAu Ch\u00e2teau de Corcelles, nos d\u00e9gustations sont l\u2019occasion de croiser les regards et les sensibilit\u00e9s pour toujours mieux comprendre nos vins.\n-\n\ud83c\uddec\ud83c\udde7\ud83c\udf47 One team. Many roles. One shared passion.\nAt Ch\u00e2teau de Corcelles, our tastings are an opportunity to bring together different perspectives and sensibilities, helping us gain a deeper understanding of our wines.\" aria-hidden=\"true\">\n\t\t<\/a>\n\t<\/div>\n<\/div>\t<\/div>\n\n\t<div id=\"sbi_load\" >\n\n\t<div class=\"sbi-screenreader\" aria-live=\"polite\" aria-atomic=\"true\" data-sbi-feed-status><\/div>\n\n\t\n\t\n<\/div>\n\t\t<span class=\"sbi_resized_image_data\" data-feed-id=\"*2\"\n\t\t  data-resized=\"{&quot;17976894321116120&quot;:{&quot;id&quot;:&quot;755105127_18419539075178474_4693741804696923734_n&quot;,&quot;ratio&quot;:&quot;0.56&quot;,&quot;sizes&quot;:{&quot;full&quot;:640,&quot;low&quot;:320,&quot;thumb&quot;:150},&quot;extension&quot;:&quot;.webp&quot;},&quot;18108507101080730&quot;:{&quot;id&quot;:&quot;761272010_18420901885178474_2733120485925434246_n&quot;,&quot;ratio&quot;:&quot;0.80&quot;,&quot;sizes&quot;:{&quot;full&quot;:640,&quot;low&quot;:320,&quot;thumb&quot;:150},&quot;extension&quot;:&quot;.webp&quot;},&quot;18388952650161120&quot;:{&quot;id&quot;:&quot;766423806_18421720474178474_688355814347964608_n&quot;,&quot;ratio&quot;:&quot;0.75&quot;,&quot;sizes&quot;:{&quot;full&quot;:640,&quot;low&quot;:320,&quot;thumb&quot;:150},&quot;extension&quot;:&quot;.webp&quot;},&quot;18063364109731150&quot;:{&quot;id&quot;:&quot;769363376_18421819867178474_2745453828360734681_n&quot;,&quot;ratio&quot;:&quot;0.56&quot;,&quot;sizes&quot;:{&quot;full&quot;:640,&quot;low&quot;:320,&quot;thumb&quot;:150},&quot;extension&quot;:&quot;.webp&quot;},&quot;18622275370050658&quot;:{&quot;id&quot;:&quot;784796388_18424523464178474_2614595200508931764_n&quot;,&quot;ratio&quot;:&quot;1.33&quot;,&quot;sizes&quot;:{&quot;full&quot;:640,&quot;low&quot;:320,&quot;thumb&quot;:150},&quot;extension&quot;:&quot;.webp&quot;},&quot;17867182341645029&quot;:{&quot;id&quot;:&quot;786529053_18424982911178474_6062355577539398820_n&quot;,&quot;ratio&quot;:&quot;0.75&quot;,&quot;sizes&quot;:{&quot;full&quot;:640,&quot;low&quot;:320,&quot;thumb&quot;:150},&quot;extension&quot;:&quot;.webp&quot;},&quot;18102215297615361&quot;:{&quot;id&quot;:&quot;784902997_18425483371178474_7629835266958065669_n&quot;,&quot;ratio&quot;:&quot;0.75&quot;,&quot;sizes&quot;:{&quot;full&quot;:640,&quot;low&quot;:320,&quot;thumb&quot;:150},&quot;extension&quot;:&quot;.webp&quot;},&quot;18082987049287720&quot;:{&quot;id&quot;:&quot;793720293_18426432769178474_6530274963268924583_n&quot;,&quot;ratio&quot;:&quot;0.75&quot;,&quot;sizes&quot;:{&quot;full&quot;:640,&quot;low&quot;:320,&quot;thumb&quot;:150},&quot;extension&quot;:&quot;.webp&quot;}}\">\n\t<\/span>\n\t<\/div>\n\n<\/div>\n\t\t\t\t\t\t<\/div>\n\t\t\t\t<\/div>\n\t\t\t\t\t<\/div>\n\t\t<\/div>\n\t\t\t\t\t<\/div>\n\t\t<\/section>\n\t\t\t\t<\/div>","protected":false},"excerpt":{"rendered":"<p>L\u2019\u00c2me du Beaujolais C\u2019est en redescendant la Bourgogne que l\u2019on d\u00e9couvre le Beaujolais, dans son prolongement au sud. En plein c\u0153ur des 10 crus de la r\u00e9gion, Ch\u00e2teau de Corcelles se dresse au milieu de son parc arbor\u00e9. Voisine de la ville de Lyon, capitale de la gastronomie, cette forteresse m\u00e9di\u00e9vale est un lieu de [&hellip;]<\/p>","protected":false},"author":1,"featured_media":0,"parent":0,"menu_order":0,"comment_status":"closed","ping_status":"closed","template":"","meta":{"_acf_changed":false,"footnotes":""},"class_list":["post-2","page","type-page","status-publish","hentry"],"acf":[],"yoast_head":"<!-- This site is optimized with the Yoast SEO plugin v28.4 - https:\/\/yoast.com\/product\/yoast-seo-wordpress\/ -->\n<title>Ch\u00e2teau de Corcelles - Vins Beaujolais - L&#039;\u00e2me du Beaujolais<\/title>\n<meta name=\"description\" content=\"En plein c\u0153ur des 10 crus de la r\u00e9gion, le Ch\u00e2teau de Corcelles produit des vins du Beaujolais exprimant toute la richesse et la typicit\u00e9 du terroir.\" \/>\n<meta name=\"robots\" content=\"index, follow, max-snippet:-1, max-image-preview:large, max-video-preview:-1\" \/>\n<link rel=\"canonical\" href=\"https:\/\/www.domainesrichard.fr\/chateau-de-corcelles\/\" \/>\n<meta property=\"og:locale\" content=\"fr_FR\" \/>\n<meta property=\"og:type\" content=\"article\" \/>\n<meta property=\"og:title\" content=\"Ch\u00e2teau de Corcelles - Vins Beaujolais - L&#039;\u00e2me du Beaujolais\" \/>\n<meta property=\"og:description\" content=\"En plein c\u0153ur des 10 crus de la r\u00e9gion, le Ch\u00e2teau de Corcelles produit des vins du Beaujolais exprimant toute la richesse et la typicit\u00e9 du terroir.\" \/>\n<meta property=\"og:url\" content=\"https:\/\/www.domainesrichard.fr\/chateau-de-corcelles\/\" \/>\n<meta property=\"og:site_name\" content=\"Ch\u00e2teau de Corcelles\" \/>\n<meta property=\"article:publisher\" content=\"https:\/\/www.facebook.com\/chateaudecorcellesenbeaujolais\" \/>\n<meta property=\"article:modified_time\" content=\"2026-06-29T20:40:57+00:00\" \/>\n<meta property=\"og:image\" content=\"https:\/\/www.domainesrichard.fr\/chateau-de-corcelles\/wp-content\/uploads\/sites\/2\/2022\/02\/chateau-de-corcelles-logo.png\" \/>\n\t<meta property=\"og:image:width\" content=\"600\" \/>\n\t<meta property=\"og:image:height\" content=\"503\" \/>\n\t<meta property=\"og:image:type\" content=\"image\/png\" \/>\n<meta name=\"twitter:card\" content=\"summary_large_image\" \/>\n<meta name=\"twitter:label1\" content=\"Dur\u00e9e de lecture estim\u00e9e\" \/>\n\t<meta name=\"twitter:data1\" content=\"5 minutes\" \/>\n<script type=\"application\/ld+json\" class=\"yoast-schema-graph\">{\"@context\":\"https:\\\/\\\/schema.org\",\"@graph\":[{\"@type\":\"WebPage\",\"@id\":\"https:\\\/\\\/www.domainesrichard.fr\\\/chateau-de-corcelles\\\/\",\"url\":\"https:\\\/\\\/www.domainesrichard.fr\\\/chateau-de-corcelles\\\/\",\"name\":\"Ch\u00e2teau de Corcelles - Vins Beaujolais - L'\u00e2me du Beaujolais\",\"isPartOf\":{\"@id\":\"https:\\\/\\\/www.domainesrichard.fr\\\/chateau-de-corcelles\\\/#website\"},\"primaryImageOfPage\":{\"@id\":\"https:\\\/\\\/www.domainesrichard.fr\\\/chateau-de-corcelles\\\/#primaryimage\"},\"image\":{\"@id\":\"https:\\\/\\\/www.domainesrichard.fr\\\/chateau-de-corcelles\\\/#primaryimage\"},\"thumbnailUrl\":\"https:\\\/\\\/www.domainesrichard.fr\\\/chateau-de-corcelles\\\/wp-content\\\/uploads\\\/sites\\\/2\\\/2022\\\/02\\\/chateau-de-corcelles-logo-300x252.png\",\"datePublished\":\"2021-10-04T15:17:20+00:00\",\"dateModified\":\"2026-06-29T20:40:57+00:00\",\"description\":\"En plein c\u0153ur des 10 crus de la r\u00e9gion, le Ch\u00e2teau de Corcelles produit des vins du Beaujolais exprimant toute la richesse et la typicit\u00e9 du terroir.\",\"inLanguage\":\"fr-FR\",\"potentialAction\":[{\"@type\":\"ReadAction\",\"target\":[\"https:\\\/\\\/www.domainesrichard.fr\\\/chateau-de-corcelles\\\/\"]}]},{\"@type\":\"ImageObject\",\"inLanguage\":\"fr-FR\",\"@id\":\"https:\\\/\\\/www.domainesrichard.fr\\\/chateau-de-corcelles\\\/#primaryimage\",\"url\":\"https:\\\/\\\/www.domainesrichard.fr\\\/chateau-de-corcelles\\\/wp-content\\\/uploads\\\/sites\\\/2\\\/2022\\\/02\\\/chateau-de-corcelles-logo.png\",\"contentUrl\":\"https:\\\/\\\/www.domainesrichard.fr\\\/chateau-de-corcelles\\\/wp-content\\\/uploads\\\/sites\\\/2\\\/2022\\\/02\\\/chateau-de-corcelles-logo.png\",\"width\":600,\"height\":503,\"caption\":\"Ch\u00e2teau de Corcelles\"},{\"@type\":\"WebSite\",\"@id\":\"https:\\\/\\\/www.domainesrichard.fr\\\/chateau-de-corcelles\\\/#website\",\"url\":\"https:\\\/\\\/www.domainesrichard.fr\\\/chateau-de-corcelles\\\/\",\"name\":\"Ch\u00e2teau de Corcelles\",\"description\":\"L&#039;\u00e2me du Beaujolais\",\"publisher\":{\"@id\":\"https:\\\/\\\/www.domainesrichard.fr\\\/chateau-de-corcelles\\\/#organization\"},\"potentialAction\":[{\"@type\":\"SearchAction\",\"target\":{\"@type\":\"EntryPoint\",\"urlTemplate\":\"https:\\\/\\\/www.domainesrichard.fr\\\/chateau-de-corcelles\\\/?s={search_term_string}\"},\"query-input\":{\"@type\":\"PropertyValueSpecification\",\"valueRequired\":true,\"valueName\":\"search_term_string\"}}],\"inLanguage\":\"fr-FR\"},{\"@type\":\"Organization\",\"@id\":\"https:\\\/\\\/www.domainesrichard.fr\\\/chateau-de-corcelles\\\/#organization\",\"name\":\"Ch\u00e2teau de Corcelles\",\"url\":\"https:\\\/\\\/www.domainesrichard.fr\\\/chateau-de-corcelles\\\/\",\"logo\":{\"@type\":\"ImageObject\",\"inLanguage\":\"fr-FR\",\"@id\":\"https:\\\/\\\/www.domainesrichard.fr\\\/chateau-de-corcelles\\\/#\\\/schema\\\/logo\\\/image\\\/\",\"url\":\"https:\\\/\\\/www.domainesrichard.fr\\\/chateau-de-corcelles\\\/wp-content\\\/uploads\\\/sites\\\/2\\\/2022\\\/02\\\/chateau-de-corcelles-logo.png\",\"contentUrl\":\"https:\\\/\\\/www.domainesrichard.fr\\\/chateau-de-corcelles\\\/wp-content\\\/uploads\\\/sites\\\/2\\\/2022\\\/02\\\/chateau-de-corcelles-logo.png\",\"width\":600,\"height\":503,\"caption\":\"Ch\u00e2teau de Corcelles\"},\"image\":{\"@id\":\"https:\\\/\\\/www.domainesrichard.fr\\\/chateau-de-corcelles\\\/#\\\/schema\\\/logo\\\/image\\\/\"},\"sameAs\":[\"https:\\\/\\\/www.facebook.com\\\/chateaudecorcellesenbeaujolais\",\"https:\\\/\\\/www.instagram.com\\\/chateaudecorcelles\",\"https:\\\/\\\/www.linkedin.com\\\/company\\\/domaines-richard\"]}]}<\/script>\n<!-- \/ Yoast SEO plugin. -->","yoast_head_json":{"title":"Ch\u00e2teau de Corcelles - Vins Beaujolais - L'\u00e2me du Beaujolais","description":"En plein c\u0153ur des 10 crus de la r\u00e9gion, le Ch\u00e2teau de Corcelles produit des vins du Beaujolais exprimant toute la richesse et la typicit\u00e9 du terroir.","robots":{"index":"index","follow":"follow","max-snippet":"max-snippet:-1","max-image-preview":"max-image-preview:large","max-video-preview":"max-video-preview:-1"},"canonical":"https:\/\/www.domainesrichard.fr\/chateau-de-corcelles\/","og_locale":"fr_FR","og_type":"article","og_title":"Ch\u00e2teau de Corcelles - Vins Beaujolais - L'\u00e2me du Beaujolais","og_description":"En plein c\u0153ur des 10 crus de la r\u00e9gion, le Ch\u00e2teau de Corcelles produit des vins du Beaujolais exprimant toute la richesse et la typicit\u00e9 du terroir.","og_url":"https:\/\/www.domainesrichard.fr\/chateau-de-corcelles\/","og_site_name":"Ch\u00e2teau de Corcelles","article_publisher":"https:\/\/www.facebook.com\/chateaudecorcellesenbeaujolais","article_modified_time":"2026-06-29T20:40:57+00:00","og_image":[{"width":600,"height":503,"url":"https:\/\/www.domainesrichard.fr\/chateau-de-corcelles\/wp-content\/uploads\/sites\/2\/2022\/02\/chateau-de-corcelles-logo.png","type":"image\/png"}],"twitter_card":"summary_large_image","twitter_misc":{"Dur\u00e9e de lecture estim\u00e9e":"5 minutes"},"schema":{"@context":"https:\/\/schema.org","@graph":[{"@type":"WebPage","@id":"https:\/\/www.domainesrichard.fr\/chateau-de-corcelles\/","url":"https:\/\/www.domainesrichard.fr\/chateau-de-corcelles\/","name":"Ch\u00e2teau de Corcelles - Vins Beaujolais - L'\u00e2me du Beaujolais","isPartOf":{"@id":"https:\/\/www.domainesrichard.fr\/chateau-de-corcelles\/#website"},"primaryImageOfPage":{"@id":"https:\/\/www.domainesrichard.fr\/chateau-de-corcelles\/#primaryimage"},"image":{"@id":"https:\/\/www.domainesrichard.fr\/chateau-de-corcelles\/#primaryimage"},"thumbnailUrl":"https:\/\/www.domainesrichard.fr\/chateau-de-corcelles\/wp-content\/uploads\/sites\/2\/2022\/02\/chateau-de-corcelles-logo-300x252.png","datePublished":"2021-10-04T15:17:20+00:00","dateModified":"2026-06-29T20:40:57+00:00","description":"En plein c\u0153ur des 10 crus de la r\u00e9gion, le Ch\u00e2teau de Corcelles produit des vins du Beaujolais exprimant toute la richesse et la typicit\u00e9 du terroir.","inLanguage":"fr-FR","potentialAction":[{"@type":"ReadAction","target":["https:\/\/www.domainesrichard.fr\/chateau-de-corcelles\/"]}]},{"@type":"ImageObject","inLanguage":"fr-FR","@id":"https:\/\/www.domainesrichard.fr\/chateau-de-corcelles\/#primaryimage","url":"https:\/\/www.domainesrichard.fr\/chateau-de-corcelles\/wp-content\/uploads\/sites\/2\/2022\/02\/chateau-de-corcelles-logo.png","contentUrl":"https:\/\/www.domainesrichard.fr\/chateau-de-corcelles\/wp-content\/uploads\/sites\/2\/2022\/02\/chateau-de-corcelles-logo.png","width":600,"height":503,"caption":"Ch\u00e2teau de Corcelles"},{"@type":"WebSite","@id":"https:\/\/www.domainesrichard.fr\/chateau-de-corcelles\/#website","url":"https:\/\/www.domainesrichard.fr\/chateau-de-corcelles\/","name":"Ch\u00e2teau de Corcelles","description":"L&#039;\u00e2me du Beaujolais","publisher":{"@id":"https:\/\/www.domainesrichard.fr\/chateau-de-corcelles\/#organization"},"potentialAction":[{"@type":"SearchAction","target":{"@type":"EntryPoint","urlTemplate":"https:\/\/www.domainesrichard.fr\/chateau-de-corcelles\/?s={search_term_string}"},"query-input":{"@type":"PropertyValueSpecification","valueRequired":true,"valueName":"search_term_string"}}],"inLanguage":"fr-FR"},{"@type":"Organization","@id":"https:\/\/www.domainesrichard.fr\/chateau-de-corcelles\/#organization","name":"Ch\u00e2teau de Corcelles","url":"https:\/\/www.domainesrichard.fr\/chateau-de-corcelles\/","logo":{"@type":"ImageObject","inLanguage":"fr-FR","@id":"https:\/\/www.domainesrichard.fr\/chateau-de-corcelles\/#\/schema\/logo\/image\/","url":"https:\/\/www.domainesrichard.fr\/chateau-de-corcelles\/wp-content\/uploads\/sites\/2\/2022\/02\/chateau-de-corcelles-logo.png","contentUrl":"https:\/\/www.domainesrichard.fr\/chateau-de-corcelles\/wp-content\/uploads\/sites\/2\/2022\/02\/chateau-de-corcelles-logo.png","width":600,"height":503,"caption":"Ch\u00e2teau de Corcelles"},"image":{"@id":"https:\/\/www.domainesrichard.fr\/chateau-de-corcelles\/#\/schema\/logo\/image\/"},"sameAs":["https:\/\/www.facebook.com\/chateaudecorcellesenbeaujolais","https:\/\/www.instagram.com\/chateaudecorcelles","https:\/\/www.linkedin.com\/company\/domaines-richard"]}]}},"_links":{"self":[{"href":"https:\/\/www.domainesrichard.fr\/chateau-de-corcelles\/wp-json\/wp\/v2\/pages\/2","targetHints":{"allow":["GET"]}}],"collection":[{"href":"https:\/\/www.domainesrichard.fr\/chateau-de-corcelles\/wp-json\/wp\/v2\/pages"}],"about":[{"href":"https:\/\/www.domainesrichard.fr\/chateau-de-corcelles\/wp-json\/wp\/v2\/types\/page"}],"author":[{"embeddable":true,"href":"https:\/\/www.domainesrichard.fr\/chateau-de-corcelles\/wp-json\/wp\/v2\/users\/1"}],"replies":[{"embeddable":true,"href":"https:\/\/www.domainesrichard.fr\/chateau-de-corcelles\/wp-json\/wp\/v2\/comments?post=2"}],"version-history":[{"count":10,"href":"https:\/\/www.domainesrichard.fr\/chateau-de-corcelles\/wp-json\/wp\/v2\/pages\/2\/revisions"}],"predecessor-version":[{"id":3179,"href":"https:\/\/www.domainesrichard.fr\/chateau-de-corcelles\/wp-json\/wp\/v2\/pages\/2\/revisions\/3179"}],"wp:attachment":[{"href":"https:\/\/www.domainesrichard.fr\/chateau-de-corcelles\/wp-json\/wp\/v2\/media?parent=2"}],"curies":[{"name":"wp","href":"https:\/\/api.w.org\/{rel}","templated":true}]}}