{"id":48,"date":"2022-02-24T14:53:58","date_gmt":"2022-02-24T13:53:58","guid":{"rendered":"https:\/\/www.domainesrichard.fr\/chateau-des-tours\/?page_id=48"},"modified":"2024-06-12T15:26:25","modified_gmt":"2024-06-12T13:26:25","slug":"terroir-vigne","status":"publish","type":"page","link":"https:\/\/www.domainesrichard.fr\/chateau-des-tours\/terroir-vigne\/","title":{"rendered":"Terroir &amp; vigne"},"content":{"rendered":"\t\t<div data-elementor-type=\"wp-page\" data-elementor-id=\"48\" class=\"elementor elementor-48\" data-elementor-post-type=\"page\">\n\t\t\t\t\t\t<section class=\"elementor-section elementor-top-section elementor-element elementor-element-2659c312 elementor-section-boxed elementor-section-height-default elementor-section-height-default qodef-elementor-content-no qodef-elementor-overlay-no\" data-id=\"2659c312\" data-element_type=\"section\" data-e-type=\"section\">\n\t\t\t\t\t\t<div class=\"elementor-container elementor-column-gap-default\">\n\t\t\t\t\t<div class=\"elementor-column elementor-col-100 elementor-top-column elementor-element elementor-element-7cbdc991\" data-id=\"7cbdc991\" data-element_type=\"column\" data-e-type=\"column\">\n\t\t\t<div class=\"elementor-widget-wrap elementor-element-populated\">\n\t\t\t\t\t\t<div class=\"elementor-element elementor-element-2da97d8b elementor-invisible elementor-widget elementor-widget-image\" data-id=\"2da97d8b\" data-element_type=\"widget\" data-e-type=\"widget\" data-settings=\"{&quot;_animation&quot;:&quot;fadeIn&quot;,&quot;_animation_delay&quot;:&quot;300&quot;}\" data-widget_type=\"image.default\">\n\t\t\t\t<div class=\"elementor-widget-container\">\n\t\t\t\t\t\t\t\t\t\t\t\t\t\t\t<img decoding=\"async\" width=\"300\" height=\"150\" src=\"https:\/\/www.domainesrichard.fr\/chateau-des-tours\/wp-content\/uploads\/sites\/5\/2022\/02\/chateau-des-tours-logo-300x150.png\" class=\"attachment-medium size-medium wp-image-91\" alt=\"Ch\u00e2teau des Tours\" srcset=\"https:\/\/www.domainesrichard.fr\/chateau-des-tours\/wp-content\/uploads\/sites\/5\/2022\/02\/chateau-des-tours-logo-300x150.png 300w, https:\/\/www.domainesrichard.fr\/chateau-des-tours\/wp-content\/uploads\/sites\/5\/2022\/02\/chateau-des-tours-logo.png 600w\" sizes=\"(max-width: 300px) 100vw, 300px\" \/>\t\t\t\t\t\t\t\t\t\t\t\t\t\t\t<\/div>\n\t\t\t\t<\/div>\n\t\t\t\t<section class=\"elementor-section elementor-inner-section elementor-element elementor-element-6e09e949 elementor-section-full_width elementor-section-height-default elementor-section-height-default qodef-elementor-content-no qodef-elementor-overlay-no elementor-invisible\" data-id=\"6e09e949\" data-element_type=\"section\" data-e-type=\"section\" data-settings=\"{&quot;animation&quot;:&quot;fadeIn&quot;,&quot;animation_delay&quot;:&quot;300&quot;}\">\n\t\t\t\t\t\t<div class=\"elementor-container elementor-column-gap-no\">\n\t\t\t\t\t<div class=\"elementor-column elementor-col-100 elementor-inner-column elementor-element elementor-element-374fd543\" data-id=\"374fd543\" data-element_type=\"column\" data-e-type=\"column\">\n\t\t\t<div class=\"elementor-widget-wrap elementor-element-populated\">\n\t\t\t\t\t\t<div class=\"elementor-element elementor-element-5e361dc0 elementor-widget elementor-widget-heading\" data-id=\"5e361dc0\" data-element_type=\"widget\" data-e-type=\"widget\" data-widget_type=\"heading.default\">\n\t\t\t\t<div class=\"elementor-widget-container\">\n\t\t\t\t\t<h1 class=\"elementor-heading-title elementor-size-default\">Terroir &amp; vigne<\/h1>\t\t\t\t<\/div>\n\t\t\t\t<\/div>\n\t\t\t\t<div class=\"elementor-element elementor-element-4c258c97 elementor-widget elementor-widget-text-editor\" data-id=\"4c258c97\" data-element_type=\"widget\" data-e-type=\"widget\" data-widget_type=\"text-editor.default\">\n\t\t\t\t<div class=\"elementor-widget-container\">\n\t\t\t\t\t\t\t\t\t<p>Du sommet du Mont Brouilly, il faut descendre dans la vall\u00e9e pour arriver sur le vignoble en arc de cercle dont le c\u0153ur est occup\u00e9 par le ch\u00e2teau. Les 70 hectares de vigne du domaine s\u2019\u00e9panouissent au milieu de la campagne beaujolaise dont 40 d\u2019entre eux sur le lieu-dit Les Tours. Autour, un paysage riche en faune et en flore, parsem\u00e9 de cours d\u2019eau et de prairies humides. Les landes sont domin\u00e9es par le gen\u00eat, les bois accueillent chevreuils, faug\u00e8res-aigles et champignons. Les carri\u00e8res, elles, abritent hiboux grand-duc et chauves-souris.<\/p>\t\t\t\t\t\t\t\t<\/div>\n\t\t\t\t<\/div>\n\t\t\t\t\t<\/div>\n\t\t<\/div>\n\t\t\t\t\t<\/div>\n\t\t<\/section>\n\t\t\t\t\t<\/div>\n\t\t<\/div>\n\t\t\t\t\t<\/div>\n\t\t<\/section>\n\t\t\t\t<section class=\"elementor-section elementor-top-section elementor-element elementor-element-2a122e2 elementor-section-full_width elementor-section-stretched elementor-section-height-default elementor-section-height-default qodef-elementor-content-no qodef-elementor-overlay-no\" data-id=\"2a122e2\" data-element_type=\"section\" data-e-type=\"section\" data-settings=\"{&quot;stretch_section&quot;:&quot;section-stretched&quot;,&quot;background_background&quot;:&quot;classic&quot;}\">\n\t\t\t\t\t\t<div class=\"elementor-container elementor-column-gap-default\">\n\t\t\t\t\t<div class=\"elementor-column elementor-col-100 elementor-top-column elementor-element elementor-element-1dc2a386\" data-id=\"1dc2a386\" data-element_type=\"column\" data-e-type=\"column\">\n\t\t\t<div class=\"elementor-widget-wrap elementor-element-populated\">\n\t\t\t\t\t\t<div class=\"elementor-element elementor-element-22b61d11 elementor-widget elementor-widget-spacer\" data-id=\"22b61d11\" data-element_type=\"widget\" data-e-type=\"widget\" data-widget_type=\"spacer.default\">\n\t\t\t\t<div class=\"elementor-widget-container\">\n\t\t\t\t\t\t\t<div class=\"elementor-spacer\">\n\t\t\t<div class=\"elementor-spacer-inner\"><\/div>\n\t\t<\/div>\n\t\t\t\t\t\t<\/div>\n\t\t\t\t<\/div>\n\t\t\t\t\t<\/div>\n\t\t<\/div>\n\t\t\t\t\t<\/div>\n\t\t<\/section>\n\t\t\t\t<section class=\"elementor-section elementor-top-section elementor-element elementor-element-d8c72a8 elementor-section-full_width elementor-section-height-default elementor-section-height-default qodef-elementor-content-no qodef-elementor-overlay-no\" data-id=\"d8c72a8\" data-element_type=\"section\" data-e-type=\"section\">\n\t\t\t\t\t\t<div class=\"elementor-container elementor-column-gap-default\">\n\t\t\t\t\t<div class=\"elementor-column elementor-col-50 elementor-top-column elementor-element elementor-element-f02f222 elementor-hidden-tablet elementor-hidden-mobile elementor-invisible\" data-id=\"f02f222\" data-element_type=\"column\" data-e-type=\"column\" data-settings=\"{&quot;animation&quot;:&quot;fadeIn&quot;,&quot;animation_delay&quot;:&quot;300&quot;}\">\n\t\t\t<div class=\"elementor-widget-wrap elementor-element-populated\">\n\t\t\t\t\t\t<div class=\"elementor-element elementor-element-558c812 elementor-widget elementor-widget-image\" data-id=\"558c812\" data-element_type=\"widget\" data-e-type=\"widget\" data-widget_type=\"image.default\">\n\t\t\t\t<div class=\"elementor-widget-container\">\n\t\t\t\t\t\t\t\t\t\t\t\t\t\t\t<img decoding=\"async\" src=\"https:\/\/www.domainesrichard.fr\/chateau-des-tours\/wp-content\/uploads\/sites\/5\/elementor\/thumbs\/DR-CHT-TOURS-TERROIR-CLIMAT-qpjx3al0n1x5pfe79w1jn1czv56223ixdjygog3hfg.jpg\" title=\"DR-CHT TOURS-TERROIR-CLIMAT\" alt=\"Ch\u00e2teau des Tours Vignes\" loading=\"lazy\" \/>\t\t\t\t\t\t\t\t\t\t\t\t\t\t\t<\/div>\n\t\t\t\t<\/div>\n\t\t\t\t\t<\/div>\n\t\t<\/div>\n\t\t\t\t<div class=\"elementor-column elementor-col-50 elementor-top-column elementor-element elementor-element-772597a elementor-invisible\" data-id=\"772597a\" data-element_type=\"column\" data-e-type=\"column\" data-settings=\"{&quot;animation&quot;:&quot;fadeIn&quot;,&quot;animation_delay&quot;:&quot;300&quot;}\">\n\t\t\t<div class=\"elementor-widget-wrap elementor-element-populated\">\n\t\t\t\t\t\t<div class=\"elementor-element elementor-element-ca8b519 elementor-widget elementor-widget-richard-timeline\" data-id=\"ca8b519\" data-element_type=\"widget\" data-e-type=\"widget\" data-widget_type=\"richard-timeline.default\">\n\t\t\t\t<div class=\"elementor-widget-container\">\n\t\t\t\t\t\n<!-- \n<script src=\"\/\/code.jquery.com\/mobile\/1.5.0-alpha.1\/jquery.mobile-1.5.0-alpha.1.min.js\"><\/script>\n -->\n<!-- \n<script src=\"https:\/\/code.jquery.com\/mobile\/1.4.5\/jquery.mobile-1.4.5.min.js\"><\/script>\n -->\n\n<div class=\"tg_portfolio_timeline_wrapper cd-horizontal-timeline\">\n\t<div class=\"timeline\">\n\t\t<div class=\"events-wrapper\">\n\t\t\t<div class=\"events\">\n\t\t\t\t<ol>\n\t\t\t\t\t\t\t\t\t\t<li class=\"selected\" data-pos=\"0\"><a href=\"#0\" data-date=\"01\/01\/2016\" class=\"selected\"><\/a><\/li>\n\t\t\t\t\t\t\t\t\t\t<li  data-pos=\"1\"><a href=\"#0\" data-date=\"01\/01\/2018\" ><\/a><\/li>\n\t\t\t\t\t\t\t\t\t\t<li  data-pos=\"2\"><a href=\"#0\" data-date=\"01\/01\/2020\" ><\/a><\/li>\n\t\t\t\t\t\t\t\t\t<\/ol>\n\n\t\t\t\t<span class=\"filling-line\" aria-hidden=\"true\"><\/span>\n\t\t\t<\/div> \n<!-- .events -->\n\t\t<\/div> \n<!-- .events-wrapper -->\n\t\t\t\n\t\t\t<\/div> \n<!-- .timeline -->\n\t\n\t<div class=\"events-content\">\n\t\t<ol class=\"events-content-list\">\n\t\t\t<li class=\"selected\" data-pos=\"0\" data-date=\"01\/01\/2016\">\n\t\t\t\t<div class=\"portfolio_timeline_content_wrapper\">\n\t\t\t\t\t\t\t\t\t<div class=\"portfolio_timeline_content one\">\n\t\t\t\t\t\t\t\t\t\t\t\t\t<h3>Le microclimat Les Tours<\/h3>\n\t\t\t\t\t\t\t\t\t\t\t\t\t\t\t\t\t\t\t\t\t\t\t\t\t<div class=\"events-content-desc\"><p>Le vignoble du domaine b\u00e9n\u00e9ficie de son propre microclimat, proche du semi-continental et aux influences m\u00e9diterran\u00e9ennes.<\/p><p>Les hivers froids limitent l\u2019activit\u00e9 de nombreuses esp\u00e8ces dommageables pour la vigne et favorisent l\u2019ao\u00fbtement, prot\u00e9geant ainsi la vigne des gel\u00e9es hivernales. Au fil des saisons, les temp\u00e9ratures s\u2019adoucissent. L\u2019attention est alors port\u00e9e sur les gel\u00e9es printani\u00e8res puis sur les orages de gr\u00eale qui constituent un danger pour le vignoble. Les \u00e9t\u00e9s sont chauds et ensoleill\u00e9s, un atout pour la maturation du raisin et pour lutter contre les ravageurs. Tout au long de l\u2019ann\u00e9e, la vigne re\u00e7oit la juste quantit\u00e9 d\u2019eau, n\u00e9cessaire \u00e0 son d\u00e9veloppement, gr\u00e2ce aux pluies drain\u00e9es par les sols sableux. Une chance pour la concentration des baies&nbsp;!<\/p><\/div>\n\t\t\t\t\t\t\t\t\t\t\t<\/div>\n\t\t\t<\/div>\n\t\t\t<\/li>\n\t\t\t<li  data-pos=\"1\" data-date=\"01\/01\/2018\">\n\t\t\t\t<div class=\"portfolio_timeline_content_wrapper\">\n\t\t\t\t\t\t\t\t\t<div class=\"portfolio_timeline_content one\">\n\t\t\t\t\t\t\t\t\t\t\t\t\t<h3>Une terre de vins unique<\/h3>\n\t\t\t\t\t\t\t\t\t\t\t\t\t\t\t\t\t\t\t\t\t\t\t\t\t<div class=\"events-content-desc\"><p>\u00c0 328 m\u00e8tres d\u2019altitude, le vignoble b\u00e9n\u00e9ficie d\u2019une exposition sud \/ sud-est, offrant un bon ensoleillement. Le sable, qui se r\u00e9chauffe vite, diffuse cette chaleur et favorise donc la croissance des vignes et la maturation du raisin.<\/p><p>Ces sols pauvres, acides et peu profonds, induisent des baies plus fermes et mieux \u00e9quilibr\u00e9es que sur des sols plus riches. Les ar\u00f4mes et les saveurs sont plus soutenus. Friable en surface, le sous-sol est quant \u00e0 lui compact en profondeur avec des roches cristallines (gneiss, diorite, granit ou schiste), favorisant la finesse des ar\u00f4mes et la complexit\u00e9 du vin. Au fur et \u00e0 mesure de leur d\u00e9composition, ces schistes lib\u00e8rent des \u00e9l\u00e9ments min\u00e9raux comme le fer, le potassium, le mangan\u00e8se qui donnent au vin son caract\u00e8re si particulier.<\/p><\/div>\n\t\t\t\t\t\t\t\t\t\t\t<\/div>\n\t\t\t<\/div>\n\t\t\t<\/li>\n\t\t\t<li  data-pos=\"2\" data-date=\"01\/01\/2020\">\n\t\t\t\t<div class=\"portfolio_timeline_content_wrapper\">\n\t\t\t\t\t\t\t\t\t<div class=\"portfolio_timeline_content one\">\n\t\t\t\t\t\t\t\t\t\t\t\t\t<h3>Un c\u00e9page roi, le gamay<\/h3>\n\t\t\t\t\t\t\t\t\t\t\t\t\t\t\t\t\t\t\t\t\t\t\t\t\t<div class=\"events-content-desc\">Le gamay prend ses racines dans le Beaujolais du XVIIe si\u00e8cle. Seul c\u00e9page du cru Brouilly, il se pla\u00eet sur les sols granitiques du domaine.\n\nDans son \u00e9crin velout\u00e9 et souple, ses parfums se r\u00e9v\u00e8lent fruit\u00e9s et \u00e9pic\u00e9s, empreint d\u2019\u00e9l\u00e9gance et de modernit\u00e9. Nos plus vieilles vignes, parfois plant\u00e9es il y a plus de 80 ans, donnent une \u00e9criture plus riche et concentr\u00e9e.<\/div>\n\t\t\t\t\t\t\t\t\t\t\t<\/div>\n\t\t\t<\/div>\n\t\t\t<\/li>\n\t\t<\/ol>\n\n\t\t<div class=\"richard-cd-timeline-navigation navigation\">\n\t\t\t<button type=\"button\" role=\"presentation\" class=\"nav-btn nav-prev prev inactive\"><i class=\"fas fa-arrow-left\"><\/i><\/button>\n\t\t\t<button type=\"button\" role=\"presentation\" class=\"nav-btn nav-next next\"><i class=\"fas fa-arrow-right\"><\/i><\/button>\n\t\t<\/div>\n\n\t<\/div>\n<\/div>\n\t\t\t\t<\/div>\n\t\t\t\t<\/div>\n\t\t\t\t\t<\/div>\n\t\t<\/div>\n\t\t\t\t\t<\/div>\n\t\t<\/section>\n\t\t\t\t<section class=\"elementor-section elementor-top-section elementor-element elementor-element-43fe92d elementor-section-full_width elementor-section-stretched elementor-section-height-default elementor-section-height-default qodef-elementor-content-no qodef-elementor-overlay-no\" data-id=\"43fe92d\" data-element_type=\"section\" data-e-type=\"section\" data-settings=\"{&quot;stretch_section&quot;:&quot;section-stretched&quot;,&quot;background_background&quot;:&quot;classic&quot;}\">\n\t\t\t\t\t\t<div class=\"elementor-container elementor-column-gap-default\">\n\t\t\t\t\t<div class=\"elementor-column elementor-col-100 elementor-top-column elementor-element elementor-element-a7f4c88\" data-id=\"a7f4c88\" data-element_type=\"column\" data-e-type=\"column\">\n\t\t\t<div class=\"elementor-widget-wrap elementor-element-populated\">\n\t\t\t\t\t\t<div class=\"elementor-element elementor-element-f73685e elementor-widget elementor-widget-spacer\" data-id=\"f73685e\" data-element_type=\"widget\" data-e-type=\"widget\" data-widget_type=\"spacer.default\">\n\t\t\t\t<div class=\"elementor-widget-container\">\n\t\t\t\t\t\t\t<div class=\"elementor-spacer\">\n\t\t\t<div class=\"elementor-spacer-inner\"><\/div>\n\t\t<\/div>\n\t\t\t\t\t\t<\/div>\n\t\t\t\t<\/div>\n\t\t\t\t\t<\/div>\n\t\t<\/div>\n\t\t\t\t\t<\/div>\n\t\t<\/section>\n\t\t\t\t<section class=\"elementor-section elementor-top-section elementor-element elementor-element-64642e67 elementor-section-full_width lined-columns ri-main-page-section-3-cols elementor-section-height-default elementor-section-height-default qodef-elementor-content-no qodef-elementor-overlay-no\" data-id=\"64642e67\" data-element_type=\"section\" data-e-type=\"section\">\n\t\t\t\t\t\t<div class=\"elementor-container elementor-column-gap-wide\">\n\t\t\t\t\t<div class=\"elementor-column elementor-col-33 elementor-top-column elementor-element elementor-element-6c8c957 elementor-invisible\" data-id=\"6c8c957\" data-element_type=\"column\" data-e-type=\"column\" data-settings=\"{&quot;animation&quot;:&quot;fadeIn&quot;,&quot;animation_delay&quot;:&quot;300&quot;}\">\n\t\t\t<div class=\"elementor-widget-wrap elementor-element-populated\">\n\t\t\t\t\t\t<section class=\"elementor-section elementor-inner-section elementor-element elementor-element-4a466dae elementor-section-full_width elementor-section-height-default elementor-section-height-default qodef-elementor-content-no qodef-elementor-overlay-no\" data-id=\"4a466dae\" data-element_type=\"section\" data-e-type=\"section\">\n\t\t\t\t\t\t<div class=\"elementor-container elementor-column-gap-no\">\n\t\t\t\t\t<div class=\"elementor-column elementor-col-100 elementor-inner-column elementor-element elementor-element-7d8b4d\" data-id=\"7d8b4d\" data-element_type=\"column\" data-e-type=\"column\">\n\t\t\t<div class=\"elementor-widget-wrap elementor-element-populated\">\n\t\t\t\t\t\t<div class=\"elementor-element elementor-element-11d48d34 elementor-widget elementor-widget-image\" data-id=\"11d48d34\" data-element_type=\"widget\" data-e-type=\"widget\" data-widget_type=\"image.default\">\n\t\t\t\t<div class=\"elementor-widget-container\">\n\t\t\t\t\t\t\t\t\t\t\t\t\t\t\t<img decoding=\"async\" width=\"380\" height=\"550\" src=\"https:\/\/www.domainesrichard.fr\/chateau-des-tours\/wp-content\/uploads\/sites\/5\/2024\/06\/DR-CHT-TOURS-TERROIR-PHILOSOPHIE.jpg\" class=\"attachment-ri_image_size_large_portrait size-ri_image_size_large_portrait wp-image-1016\" alt=\"Ch\u00e2teau des Tours Vignes\" srcset=\"https:\/\/www.domainesrichard.fr\/chateau-des-tours\/wp-content\/uploads\/sites\/5\/2024\/06\/DR-CHT-TOURS-TERROIR-PHILOSOPHIE.jpg 380w, https:\/\/www.domainesrichard.fr\/chateau-des-tours\/wp-content\/uploads\/sites\/5\/2024\/06\/DR-CHT-TOURS-TERROIR-PHILOSOPHIE-207x300.jpg 207w\" sizes=\"(max-width: 380px) 100vw, 380px\" \/>\t\t\t\t\t\t\t\t\t\t\t\t\t\t\t<\/div>\n\t\t\t\t<\/div>\n\t\t\t\t\t<\/div>\n\t\t<\/div>\n\t\t\t\t\t<\/div>\n\t\t<\/section>\n\t\t\t\t\t<\/div>\n\t\t<\/div>\n\t\t\t\t<div class=\"elementor-column elementor-col-33 elementor-top-column elementor-element elementor-element-76e37b37 elementor-invisible\" data-id=\"76e37b37\" data-element_type=\"column\" data-e-type=\"column\" data-settings=\"{&quot;animation&quot;:&quot;fadeIn&quot;,&quot;animation_delay&quot;:&quot;300&quot;}\">\n\t\t\t<div class=\"elementor-widget-wrap elementor-element-populated\">\n\t\t\t\t\t\t<section class=\"elementor-section elementor-inner-section elementor-element elementor-element-4edc13c3 elementor-section-full_width blockquote-style elementor-section-height-default elementor-section-height-default qodef-elementor-content-no qodef-elementor-overlay-no\" data-id=\"4edc13c3\" data-element_type=\"section\" data-e-type=\"section\">\n\t\t\t\t\t\t<div class=\"elementor-container elementor-column-gap-no\">\n\t\t\t\t\t<div class=\"elementor-column elementor-col-100 elementor-inner-column elementor-element elementor-element-42a89fd\" data-id=\"42a89fd\" data-element_type=\"column\" data-e-type=\"column\">\n\t\t\t<div class=\"elementor-widget-wrap elementor-element-populated\">\n\t\t\t\t\t\t<div class=\"elementor-element elementor-element-7eef546 elementor-widget elementor-widget-text-editor\" data-id=\"7eef546\" data-element_type=\"widget\" data-e-type=\"widget\" data-widget_type=\"text-editor.default\">\n\t\t\t\t<div class=\"elementor-widget-container\">\n\t\t\t\t\t\t\t\t\t<h2 style=\"text-align: left\">Une philosophie tourn\u00e9e vers l\u2019environnement<\/h2><p>Tout ici respire le respect de la nature et de la biodiversit\u00e9 qui la compose. Un terroir pr\u00e9serv\u00e9, une vigne et des baies en bonne sant\u00e9, en sont le but.<\/p>\t\t\t\t\t\t\t\t<\/div>\n\t\t\t\t<\/div>\n\t\t\t\t\t<\/div>\n\t\t<\/div>\n\t\t\t\t\t<\/div>\n\t\t<\/section>\n\t\t\t\t\t<\/div>\n\t\t<\/div>\n\t\t\t\t<div class=\"elementor-column elementor-col-33 elementor-top-column elementor-element elementor-element-42a4d3ca elementor-invisible\" data-id=\"42a4d3ca\" data-element_type=\"column\" data-e-type=\"column\" data-settings=\"{&quot;animation&quot;:&quot;fadeIn&quot;,&quot;animation_delay&quot;:&quot;300&quot;}\">\n\t\t\t<div class=\"elementor-widget-wrap elementor-element-populated\">\n\t\t\t\t\t\t<section class=\"elementor-section elementor-inner-section elementor-element elementor-element-502aed12 elementor-section-full_width elementor-section-height-default elementor-section-height-default qodef-elementor-content-no qodef-elementor-overlay-no\" data-id=\"502aed12\" data-element_type=\"section\" data-e-type=\"section\">\n\t\t\t\t\t\t<div class=\"elementor-container elementor-column-gap-no\">\n\t\t\t\t\t<div class=\"elementor-column elementor-col-100 elementor-inner-column elementor-element elementor-element-7e6aee29\" data-id=\"7e6aee29\" data-element_type=\"column\" data-e-type=\"column\">\n\t\t\t<div class=\"elementor-widget-wrap elementor-element-populated\">\n\t\t\t\t\t\t<div class=\"elementor-element elementor-element-5df8f408 elementor-widget elementor-widget-image\" data-id=\"5df8f408\" data-element_type=\"widget\" data-e-type=\"widget\" data-widget_type=\"image.default\">\n\t\t\t\t<div class=\"elementor-widget-container\">\n\t\t\t\t\t\t\t\t\t\t\t\t\t\t\t<img decoding=\"async\" width=\"380\" height=\"550\" src=\"https:\/\/www.domainesrichard.fr\/chateau-des-tours\/wp-content\/uploads\/sites\/5\/2024\/06\/DR-CHT-TOURS-TERROIR-PHILOSOPHIE2.jpg\" class=\"attachment-ri_image_size_large_portrait size-ri_image_size_large_portrait wp-image-1018\" alt=\"Ch\u00e2teau des Tours Vignes\" srcset=\"https:\/\/www.domainesrichard.fr\/chateau-des-tours\/wp-content\/uploads\/sites\/5\/2024\/06\/DR-CHT-TOURS-TERROIR-PHILOSOPHIE2.jpg 380w, https:\/\/www.domainesrichard.fr\/chateau-des-tours\/wp-content\/uploads\/sites\/5\/2024\/06\/DR-CHT-TOURS-TERROIR-PHILOSOPHIE2-207x300.jpg 207w\" sizes=\"(max-width: 380px) 100vw, 380px\" \/>\t\t\t\t\t\t\t\t\t\t\t\t\t\t\t<\/div>\n\t\t\t\t<\/div>\n\t\t\t\t\t<\/div>\n\t\t<\/div>\n\t\t\t\t\t<\/div>\n\t\t<\/section>\n\t\t\t\t\t<\/div>\n\t\t<\/div>\n\t\t\t\t\t<\/div>\n\t\t<\/section>\n\t\t\t\t<section class=\"elementor-section elementor-top-section elementor-element elementor-element-25d65f1a elementor-section-full_width lined-columns ri-main-page-section-3-cols elementor-section-height-default elementor-section-height-default qodef-elementor-content-no qodef-elementor-overlay-no\" data-id=\"25d65f1a\" data-element_type=\"section\" data-e-type=\"section\">\n\t\t\t\t\t\t<div class=\"elementor-container elementor-column-gap-wide\">\n\t\t\t\t\t<div class=\"elementor-column elementor-col-33 elementor-top-column elementor-element elementor-element-2b2951fd elementor-invisible\" data-id=\"2b2951fd\" data-element_type=\"column\" data-e-type=\"column\" data-settings=\"{&quot;animation&quot;:&quot;fadeIn&quot;,&quot;animation_delay&quot;:&quot;200&quot;}\">\n\t\t\t<div class=\"elementor-widget-wrap elementor-element-populated\">\n\t\t\t\t\t\t<section class=\"elementor-section elementor-inner-section elementor-element elementor-element-498d1f9b elementor-section-full_width elementor-section-content-middle elementor-section-height-default elementor-section-height-default qodef-elementor-content-no qodef-elementor-overlay-no\" data-id=\"498d1f9b\" data-element_type=\"section\" data-e-type=\"section\">\n\t\t\t\t\t\t<div class=\"elementor-container elementor-column-gap-no\">\n\t\t\t\t\t<div class=\"elementor-column elementor-col-100 elementor-inner-column elementor-element elementor-element-58dbcac6\" data-id=\"58dbcac6\" data-element_type=\"column\" data-e-type=\"column\">\n\t\t\t<div class=\"elementor-widget-wrap elementor-element-populated\">\n\t\t\t\t\t\t<div class=\"elementor-element elementor-element-38d19884 elementor-widget elementor-widget-text-editor\" data-id=\"38d19884\" data-element_type=\"widget\" data-e-type=\"widget\" data-widget_type=\"text-editor.default\">\n\t\t\t\t<div class=\"elementor-widget-container\">\n\t\t\t\t\t\t\t\t\t<p>Tout commence par une viticulture respectueuse de l\u2019environnement et valoris\u00e9e par les certifications Terra Vitis, depuis 2019 et HVE3 depuis 2020. C\u00f4t\u00e9 Terra Vitis, la protection des ressources naturelles est une priorit\u00e9 pour favoriser la vie des sols et permettre \u00e0 la vigne de se prot\u00e9ger naturellement. Une philosophie engag\u00e9e, qui prend en compte les trois piliers du d\u00e9veloppement durable, \u00e0 savoir, l\u2019environnement, le social et l\u2019\u00e9conomie.<\/p><p>C\u00f4t\u00e9 HVE3, la conduite de l\u2019exploitation int\u00e8gre et d\u00e9veloppe la biodiversit\u00e9 et favorise une agriculture autonome et peu d\u00e9gradante pour les sols, l\u2019eau et l\u2019air.<\/p><p><a href=\"https:\/\/www.terravitis.com\" target=\"_blank\" rel=\"noopener\"><img decoding=\"async\" class=\"alignnone size-full wp-image-132\" src=\"https:\/\/www.domainesrichard.fr\/chateau-des-tours\/wp-content\/uploads\/sites\/5\/2022\/02\/logo-terra-vitis.png\" alt=\"Terra Vitis\" width=\"90\" height=\"90\" \/><\/a> <img decoding=\"async\" class=\"alignnone size-full wp-image-130\" src=\"https:\/\/www.domainesrichard.fr\/chateau-des-tours\/wp-content\/uploads\/sites\/5\/2022\/02\/logo-hve.png\" alt=\"Haute Valeur Environnementale\" width=\"90\" height=\"90\" \/><\/p>\t\t\t\t\t\t\t\t<\/div>\n\t\t\t\t<\/div>\n\t\t\t\t\t<\/div>\n\t\t<\/div>\n\t\t\t\t\t<\/div>\n\t\t<\/section>\n\t\t\t\t\t<\/div>\n\t\t<\/div>\n\t\t\t\t<div class=\"elementor-column elementor-col-33 elementor-top-column elementor-element elementor-element-7381a58b elementor-invisible\" data-id=\"7381a58b\" data-element_type=\"column\" data-e-type=\"column\" data-settings=\"{&quot;animation&quot;:&quot;fadeIn&quot;,&quot;animation_delay&quot;:&quot;300&quot;}\">\n\t\t\t<div class=\"elementor-widget-wrap elementor-element-populated\">\n\t\t\t\t\t\t<section class=\"elementor-section elementor-inner-section elementor-element elementor-element-5c8563cf elementor-section-full_width elementor-section-height-default elementor-section-height-default qodef-elementor-content-no qodef-elementor-overlay-no\" data-id=\"5c8563cf\" data-element_type=\"section\" data-e-type=\"section\">\n\t\t\t\t\t\t<div class=\"elementor-container elementor-column-gap-no\">\n\t\t\t\t\t<div class=\"elementor-column elementor-col-100 elementor-inner-column elementor-element elementor-element-15dab0e0\" data-id=\"15dab0e0\" data-element_type=\"column\" data-e-type=\"column\">\n\t\t\t<div class=\"elementor-widget-wrap elementor-element-populated\">\n\t\t\t\t\t\t<div class=\"elementor-element elementor-element-73bbcddd elementor-widget elementor-widget-image\" data-id=\"73bbcddd\" data-element_type=\"widget\" data-e-type=\"widget\" data-widget_type=\"image.default\">\n\t\t\t\t<div class=\"elementor-widget-container\">\n\t\t\t\t\t\t\t\t\t\t\t\t\t\t\t<img decoding=\"async\" width=\"380\" height=\"550\" src=\"https:\/\/www.domainesrichard.fr\/chateau-des-tours\/wp-content\/uploads\/sites\/5\/2022\/02\/chateau-des-tours-feuille-380x550.png\" class=\"attachment-ri_image_size_large_portrait size-ri_image_size_large_portrait wp-image-141\" alt=\"Ch\u00e2teau des Tours - Feuille\" \/>\t\t\t\t\t\t\t\t\t\t\t\t\t\t\t<\/div>\n\t\t\t\t<\/div>\n\t\t\t\t\t<\/div>\n\t\t<\/div>\n\t\t\t\t\t<\/div>\n\t\t<\/section>\n\t\t\t\t\t<\/div>\n\t\t<\/div>\n\t\t\t\t<div class=\"elementor-column elementor-col-33 elementor-top-column elementor-element elementor-element-65d8cdcc elementor-invisible\" data-id=\"65d8cdcc\" data-element_type=\"column\" data-e-type=\"column\" data-settings=\"{&quot;animation&quot;:&quot;fadeIn&quot;,&quot;animation_delay&quot;:&quot;300&quot;}\">\n\t\t\t<div class=\"elementor-widget-wrap elementor-element-populated\">\n\t\t\t\t\t\t<section class=\"elementor-section elementor-inner-section elementor-element elementor-element-a3beb9c elementor-section-full_width elementor-section-content-middle elementor-section-height-default elementor-section-height-default qodef-elementor-content-no qodef-elementor-overlay-no\" data-id=\"a3beb9c\" data-element_type=\"section\" data-e-type=\"section\">\n\t\t\t\t\t\t<div class=\"elementor-container elementor-column-gap-no\">\n\t\t\t\t\t<div class=\"elementor-column elementor-col-100 elementor-inner-column elementor-element elementor-element-576aeab\" data-id=\"576aeab\" data-element_type=\"column\" data-e-type=\"column\">\n\t\t\t<div class=\"elementor-widget-wrap elementor-element-populated\">\n\t\t\t\t\t\t<div class=\"elementor-element elementor-element-6f443164 elementor-widget elementor-widget-text-editor\" data-id=\"6f443164\" data-element_type=\"widget\" data-e-type=\"widget\" data-widget_type=\"text-editor.default\">\n\t\t\t\t<div class=\"elementor-widget-container\">\n\t\t\t\t\t\t\t\t\t<p>En ce sens, l\u2019enherbement est maintenu sur de nombreuses parcelles, rendant les sols vivants. Les grives, li\u00e8vres et lapins, perdrix et perdreaux peuvent donc se balader entre les rangs de vigne et profiter de la v\u00e9g\u00e9tation. Aussi, le palissage est de plus en plus utilis\u00e9, offrant aux grappes une bonne a\u00e9ration et une meilleure exposition au soleil. La maturation des baies est ainsi optimis\u00e9e&nbsp;!<\/p>\t\t\t\t\t\t\t\t<\/div>\n\t\t\t\t<\/div>\n\t\t\t\t\t<\/div>\n\t\t<\/div>\n\t\t\t\t\t<\/div>\n\t\t<\/section>\n\t\t\t\t\t<\/div>\n\t\t<\/div>\n\t\t\t\t\t<\/div>\n\t\t<\/section>\n\t\t\t\t<section class=\"elementor-section elementor-top-section elementor-element elementor-element-49c46d2f elementor-section-full_width elementor-section-stretched instagram-container elementor-section-height-default elementor-section-height-default qodef-elementor-content-no qodef-elementor-overlay-no\" data-id=\"49c46d2f\" data-element_type=\"section\" data-e-type=\"section\" data-settings=\"{&quot;stretch_section&quot;:&quot;section-stretched&quot;}\">\n\t\t\t\t\t\t<div class=\"elementor-container elementor-column-gap-default\">\n\t\t\t\t\t<div class=\"elementor-column elementor-col-100 elementor-top-column elementor-element elementor-element-57995f0c\" data-id=\"57995f0c\" data-element_type=\"column\" data-e-type=\"column\">\n\t\t\t<div class=\"elementor-widget-wrap elementor-element-populated\">\n\t\t\t\t\t\t<div class=\"elementor-element elementor-element-4dc5abc7 elementor-widget elementor-widget-heading\" data-id=\"4dc5abc7\" data-element_type=\"widget\" data-e-type=\"widget\" data-widget_type=\"heading.default\">\n\t\t\t\t<div class=\"elementor-widget-container\">\n\t\t\t\t\t<h2 class=\"elementor-heading-title elementor-size-default\"><a href=\"https:\/\/www.instagram.com\/chateaudestoursbrouilly\/\" target=\"_blank\">Suivez nous sur Instagram @chateaudestoursbrouilly<\/a><\/h2>\t\t\t\t<\/div>\n\t\t\t\t<\/div>\n\t\t\t\t<div class=\"elementor-element elementor-element-4ece04da elementor-widget elementor-widget-shortcode\" data-id=\"4ece04da\" data-element_type=\"widget\" data-e-type=\"widget\" data-widget_type=\"shortcode.default\">\n\t\t\t\t<div class=\"elementor-widget-container\">\n\t\t\t\t\t\t\t<div class=\"elementor-shortcode\">\n<div id=\"sb_instagram\"  class=\"sbi sbi_mob_col_4 sbi_tab_col_6 sbi_col_8\" style=\"width: 100%;\"\t data-feedid=\"*1\"  data-res=\"medium\" data-cols=\"8\" data-colsmobile=\"4\" data-colstablet=\"6\" data-num=\"8\" data-nummobile=\"\" data-item-padding=\"\"\t data-shortcode-atts=\"{&quot;feed&quot;:&quot;1&quot;}\"  data-postid=\"48\" data-locatornonce=\"1f855c73ee\" data-imageaspectratio=\"1:1\" data-sbi-flags=\"favorLocal,gdpr\">\n\t\n\t<div id=\"sbi_images\" >\n\t\t<div class=\"sbi_item sbi_type_image sbi_new sbi_transition\"\n\tid=\"sbi_18050044511758340\" data-date=\"1776778402\">\n\t<div class=\"sbi_photo_wrap\">\n\t\t<a class=\"sbi_photo\" href=\"https:\/\/www.instagram.com\/p\/DXZTuMXDBs-\/\" target=\"_blank\" rel=\"noopener nofollow\"\n\t\t\tdata-full-res=\"https:\/\/scontent-fra3-2.cdninstagram.com\/v\/t51.82787-15\/671848839_18433741093185523_819148394707253979_n.jpg?stp=dst-jpg_e35_tt6&#038;_nc_cat=111&#038;ccb=7-5&#038;_nc_sid=18de74&#038;efg=eyJlZmdfdGFnIjoiRkVFRC5iZXN0X2ltYWdlX3VybGdlbi5DMyJ9&#038;_nc_ohc=eME1HOvDlY8Q7kNvwGg2Prv&#038;_nc_oc=AdpPnQ4Q714xgtrA3w_w5hG5y2M3XFQBulyZzXcWFnolGZEFqYirJ6HTxSyQkWBR2B8&#038;_nc_zt=23&#038;_nc_ht=scontent-fra3-2.cdninstagram.com&#038;edm=ANo9K5cEAAAA&#038;_nc_gid=rC6PWM5yYpZQhyqRcoj1JA&#038;_nc_tpa=Q5bMBQEP25qo4jPxrTMN3TlZ7felkpxMGnN17ZMosaOooUAFmvlfOE5h2XQm-kLRykJDQFA0N8KWvRr_-w&#038;oh=00_Af1gASpYi_sevof3jDUtno4YaR1N3OTdAPIL4plwwiVzpA&#038;oe=69F6AE79\"\n\t\t\tdata-img-src-set=\"{&quot;d&quot;:&quot;https:\\\/\\\/scontent-fra3-2.cdninstagram.com\\\/v\\\/t51.82787-15\\\/671848839_18433741093185523_819148394707253979_n.jpg?stp=dst-jpg_e35_tt6&amp;_nc_cat=111&amp;ccb=7-5&amp;_nc_sid=18de74&amp;efg=eyJlZmdfdGFnIjoiRkVFRC5iZXN0X2ltYWdlX3VybGdlbi5DMyJ9&amp;_nc_ohc=eME1HOvDlY8Q7kNvwGg2Prv&amp;_nc_oc=AdpPnQ4Q714xgtrA3w_w5hG5y2M3XFQBulyZzXcWFnolGZEFqYirJ6HTxSyQkWBR2B8&amp;_nc_zt=23&amp;_nc_ht=scontent-fra3-2.cdninstagram.com&amp;edm=ANo9K5cEAAAA&amp;_nc_gid=rC6PWM5yYpZQhyqRcoj1JA&amp;_nc_tpa=Q5bMBQEP25qo4jPxrTMN3TlZ7felkpxMGnN17ZMosaOooUAFmvlfOE5h2XQm-kLRykJDQFA0N8KWvRr_-w&amp;oh=00_Af1gASpYi_sevof3jDUtno4YaR1N3OTdAPIL4plwwiVzpA&amp;oe=69F6AE79&quot;,&quot;150&quot;:&quot;https:\\\/\\\/scontent-fra3-2.cdninstagram.com\\\/v\\\/t51.82787-15\\\/671848839_18433741093185523_819148394707253979_n.jpg?stp=dst-jpg_e35_tt6&amp;_nc_cat=111&amp;ccb=7-5&amp;_nc_sid=18de74&amp;efg=eyJlZmdfdGFnIjoiRkVFRC5iZXN0X2ltYWdlX3VybGdlbi5DMyJ9&amp;_nc_ohc=eME1HOvDlY8Q7kNvwGg2Prv&amp;_nc_oc=AdpPnQ4Q714xgtrA3w_w5hG5y2M3XFQBulyZzXcWFnolGZEFqYirJ6HTxSyQkWBR2B8&amp;_nc_zt=23&amp;_nc_ht=scontent-fra3-2.cdninstagram.com&amp;edm=ANo9K5cEAAAA&amp;_nc_gid=rC6PWM5yYpZQhyqRcoj1JA&amp;_nc_tpa=Q5bMBQEP25qo4jPxrTMN3TlZ7felkpxMGnN17ZMosaOooUAFmvlfOE5h2XQm-kLRykJDQFA0N8KWvRr_-w&amp;oh=00_Af1gASpYi_sevof3jDUtno4YaR1N3OTdAPIL4plwwiVzpA&amp;oe=69F6AE79&quot;,&quot;320&quot;:&quot;https:\\\/\\\/www.domainesrichard.fr\\\/chateau-des-tours\\\/wp-content\\\/uploads\\\/sites\\\/5\\\/sb-instagram-feed-images\\\/671848839_18433741093185523_819148394707253979_nlow.webp&quot;,&quot;640&quot;:&quot;https:\\\/\\\/www.domainesrichard.fr\\\/chateau-des-tours\\\/wp-content\\\/uploads\\\/sites\\\/5\\\/sb-instagram-feed-images\\\/671848839_18433741093185523_819148394707253979_nfull.webp&quot;}\">\n\t\t\t<span class=\"sbi-screenreader\">Ch\u00e2teau des Tours \u2715 Chez Francis \ud83c\udf77\nCombiaty \u00e0 tabl<\/span>\n\t\t\t\t\t\t\t\t\t<img decoding=\"async\" src=\"https:\/\/www.domainesrichard.fr\/chateau-des-tours\/wp-content\/plugins\/instagram-feed\/img\/placeholder.png\" alt=\"Ch\u00e2teau des Tours \u2715 Chez Francis \ud83c\udf77\nCombiaty \u00e0 table, au c\u0153ur du 8\u1d49.\nUn accord entre un vin de caract\u00e8re et un lieu embl\u00e9matique, face \u00e0 la Tour Eiffel. \ud83e\udd0d\n-\n\ud83c\uddec\ud83c\udde7 Ch\u00e2teau des Tours \u2715 Chez Francis \ud83c\udf77\nCombiaty at the table, in the heart of the 8th arrondissement.\nA pairing between a wine of character and an iconic venue, facing the Eiffel Tower. \ud83e\udd0d\n\nCr\u00e9dit photo&nbsp;: Thiery Beyne\n\n#chateaudestours #chezfrancis\" aria-hidden=\"true\">\n\t\t<\/a>\n\t<\/div>\n<\/div><div class=\"sbi_item sbi_type_carousel sbi_new sbi_transition\"\n\tid=\"sbi_17977413008928684\" data-date=\"1760954483\">\n\t<div class=\"sbi_photo_wrap\">\n\t\t<a class=\"sbi_photo\" href=\"https:\/\/www.instagram.com\/p\/DQBuXUQDKBG\/\" target=\"_blank\" rel=\"noopener nofollow\"\n\t\t\tdata-full-res=\"https:\/\/scontent-fra5-2.cdninstagram.com\/v\/t39.30808-6\/559475992_1477176634414824_3807523034144752313_n.jpg?stp=dst-jpg_e35_tt6&#038;_nc_cat=107&#038;ccb=7-5&#038;_nc_sid=18de74&#038;efg=eyJlZmdfdGFnIjoiQ0FST1VTRUxfSVRFTS5iZXN0X2ltYWdlX3VybGdlbi5DMyJ9&#038;_nc_ohc=GTHox_iRPcIQ7kNvwF_B6YC&#038;_nc_oc=AdqJ8k0oH3buK2Hp_tCk5AJJTMO20ffaIFzMW-4ZljSSClM4rBoIh3BwElHAqsQ8jUE&#038;_nc_zt=23&#038;_nc_ht=scontent-fra5-2.cdninstagram.com&#038;edm=ANo9K5cEAAAA&#038;_nc_gid=rC6PWM5yYpZQhyqRcoj1JA&#038;_nc_tpa=Q5bMBQEWIpQdekgo0H5Eu9LLex1KvxKcqsTl6nDlYYPzKI5Q2FdfzobZZB5Exm_VaZkCDoa4FD9SWk-Qmw&#038;oh=00_Af0Y3tQbzYeH5s4Qr8fB0EYWorf5l86c1DgpUqDGb1G3tA&#038;oe=69F6A74C\"\n\t\t\tdata-img-src-set=\"{&quot;d&quot;:&quot;https:\\\/\\\/scontent-fra5-2.cdninstagram.com\\\/v\\\/t39.30808-6\\\/559475992_1477176634414824_3807523034144752313_n.jpg?stp=dst-jpg_e35_tt6&amp;_nc_cat=107&amp;ccb=7-5&amp;_nc_sid=18de74&amp;efg=eyJlZmdfdGFnIjoiQ0FST1VTRUxfSVRFTS5iZXN0X2ltYWdlX3VybGdlbi5DMyJ9&amp;_nc_ohc=GTHox_iRPcIQ7kNvwF_B6YC&amp;_nc_oc=AdqJ8k0oH3buK2Hp_tCk5AJJTMO20ffaIFzMW-4ZljSSClM4rBoIh3BwElHAqsQ8jUE&amp;_nc_zt=23&amp;_nc_ht=scontent-fra5-2.cdninstagram.com&amp;edm=ANo9K5cEAAAA&amp;_nc_gid=rC6PWM5yYpZQhyqRcoj1JA&amp;_nc_tpa=Q5bMBQEWIpQdekgo0H5Eu9LLex1KvxKcqsTl6nDlYYPzKI5Q2FdfzobZZB5Exm_VaZkCDoa4FD9SWk-Qmw&amp;oh=00_Af0Y3tQbzYeH5s4Qr8fB0EYWorf5l86c1DgpUqDGb1G3tA&amp;oe=69F6A74C&quot;,&quot;150&quot;:&quot;https:\\\/\\\/scontent-fra5-2.cdninstagram.com\\\/v\\\/t39.30808-6\\\/559475992_1477176634414824_3807523034144752313_n.jpg?stp=dst-jpg_e35_tt6&amp;_nc_cat=107&amp;ccb=7-5&amp;_nc_sid=18de74&amp;efg=eyJlZmdfdGFnIjoiQ0FST1VTRUxfSVRFTS5iZXN0X2ltYWdlX3VybGdlbi5DMyJ9&amp;_nc_ohc=GTHox_iRPcIQ7kNvwF_B6YC&amp;_nc_oc=AdqJ8k0oH3buK2Hp_tCk5AJJTMO20ffaIFzMW-4ZljSSClM4rBoIh3BwElHAqsQ8jUE&amp;_nc_zt=23&amp;_nc_ht=scontent-fra5-2.cdninstagram.com&amp;edm=ANo9K5cEAAAA&amp;_nc_gid=rC6PWM5yYpZQhyqRcoj1JA&amp;_nc_tpa=Q5bMBQEWIpQdekgo0H5Eu9LLex1KvxKcqsTl6nDlYYPzKI5Q2FdfzobZZB5Exm_VaZkCDoa4FD9SWk-Qmw&amp;oh=00_Af0Y3tQbzYeH5s4Qr8fB0EYWorf5l86c1DgpUqDGb1G3tA&amp;oe=69F6A74C&quot;,&quot;320&quot;:&quot;https:\\\/\\\/www.domainesrichard.fr\\\/chateau-des-tours\\\/wp-content\\\/uploads\\\/sites\\\/5\\\/sb-instagram-feed-images\\\/559475992_1477176634414824_3807523034144752313_nlow.webp&quot;,&quot;640&quot;:&quot;https:\\\/\\\/www.domainesrichard.fr\\\/chateau-des-tours\\\/wp-content\\\/uploads\\\/sites\\\/5\\\/sb-instagram-feed-images\\\/559475992_1477176634414824_3807523034144752313_nfull.webp&quot;}\">\n\t\t\t<span class=\"sbi-screenreader\">Le Ch\u00e2teau des Tours fait partie des rares propri\u00e9<\/span>\n\t\t\t\n<svg class=\"svg-inline--fa fa-clone fa-w-16 sbi_lightbox_carousel_icon\" aria-hidden=\"true\" aria-label=\"Clone\" data-fa-pro\u0192cessed=\"\" data-prefix=\"far\" data-icon=\"clone\" role=\"img\" xmlns=\"http:\/\/www.w3.org\/2000\/svg\" viewBox=\"0 0 512 512\">\n                    <path fill=\"currentColor\" d=\"M464 0H144c-26.51 0-48 21.49-48 48v48H48c-26.51 0-48 21.49-48 48v320c0 26.51 21.49 48 48 48h320c26.51 0 48-21.49 48-48v-48h48c26.51 0 48-21.49 48-48V48c0-26.51-21.49-48-48-48zM362 464H54a6 6 0 0 1-6-6V150a6 6 0 0 1 6-6h42v224c0 26.51 21.49 48 48 48h224v42a6 6 0 0 1-6 6zm96-96H150a6 6 0 0 1-6-6V54a6 6 0 0 1 6-6h308a6 6 0 0 1 6 6v308a6 6 0 0 1-6 6z\"><\/path>\n                <\/svg>\n\t\t\t\t\t\t<img decoding=\"async\" src=\"https:\/\/www.domainesrichard.fr\/chateau-des-tours\/wp-content\/plugins\/instagram-feed\/img\/placeholder.png\" alt=\"Le Ch\u00e2teau des Tours fait partie des rares propri\u00e9t\u00e9s du Beaujolais \u00e0 avoir l\u2019int\u00e9gralit\u00e9 de son vignoble situ\u00e9 sur l\u2019appellation Brouilly \ud83c\udff0\nIci, au pied du Mont Brouilly, chaque parcelle puise son caract\u00e8re dans la diversit\u00e9 des sols&nbsp;: granite rose, granite \u00e0 muscovite, sables granitiques et filons de diorite noire \ud83c\udf0b\n\nDes terroirs complexes et contrast\u00e9s, qui donnent naissance \u00e0 des vins de caract\u00e8re, toujours \u00e9quilibr\u00e9s entre intensit\u00e9 et finesse.\nUn seul cru, mille nuances\u2026 C\u2019est aussi \u00e7a, la richesse de Brouilly \u2728\n_____\n\nCh\u00e2teau des Tours is one of the few estates in the Beaujolais region with all its vines planted within the Brouilly appellation \ud83c\udff0\nEach plot draws its identity from a mosaic of soils: pink granite, muscovite granite, granitic sands, and streaks of black diorite \ud83c\udf0b\n\nThese contrasting terroirs shape expressive wines, beautifully balanced between depth and elegance.\nOne single cru, a thousand nuances\u2026 that\u2019s the beauty of Brouilly \u2728\n\n#chateaudestours #grandterroirdebrouilly #domainesrichard #famillerichard #brouilly #beaujolaiswines #terroirdegranite #cruduBeaujolais #vinsdecaractere #gamay\n @abellanbmx\" aria-hidden=\"true\">\n\t\t<\/a>\n\t<\/div>\n<\/div><div class=\"sbi_item sbi_type_carousel sbi_new sbi_transition\"\n\tid=\"sbi_18161061229382912\" data-date=\"1759944068\">\n\t<div class=\"sbi_photo_wrap\">\n\t\t<a class=\"sbi_photo\" href=\"https:\/\/www.instagram.com\/p\/DPjnJrckQYf\/\" target=\"_blank\" rel=\"noopener nofollow\"\n\t\t\tdata-full-res=\"https:\/\/scontent-fra5-1.cdninstagram.com\/v\/t39.30808-6\/558208991_1477173697748451_1964794341778379834_n.jpg?stp=dst-jpg_e35_tt6&#038;_nc_cat=110&#038;ccb=7-5&#038;_nc_sid=18de74&#038;efg=eyJlZmdfdGFnIjoiQ0FST1VTRUxfSVRFTS5iZXN0X2ltYWdlX3VybGdlbi5DMyJ9&#038;_nc_ohc=qz_hiQ9W1EYQ7kNvwHRyJBS&#038;_nc_oc=Adr7YgGRBAj7lQ4ZfPrxoNI-5JNaCQ8gu06xc8cgmtdS4M4pVEI0qCjhNSHzxVdpfRg&#038;_nc_zt=23&#038;_nc_ht=scontent-fra5-1.cdninstagram.com&#038;edm=ANo9K5cEAAAA&#038;_nc_gid=rC6PWM5yYpZQhyqRcoj1JA&#038;_nc_tpa=Q5bMBQFqEahCMljYR65BvFrEBYDE8YSoXEKykPZoRhrEuQER3X7F1eK5s4T0TrBmxDqaPObY-BKfBYTtnQ&#038;oh=00_Af1_5-tjL8_VgCHHWr317-w9FkupTLQoyNiUE-Zoj3x6LA&#038;oe=69F6CEDC\"\n\t\t\tdata-img-src-set=\"{&quot;d&quot;:&quot;https:\\\/\\\/scontent-fra5-1.cdninstagram.com\\\/v\\\/t39.30808-6\\\/558208991_1477173697748451_1964794341778379834_n.jpg?stp=dst-jpg_e35_tt6&amp;_nc_cat=110&amp;ccb=7-5&amp;_nc_sid=18de74&amp;efg=eyJlZmdfdGFnIjoiQ0FST1VTRUxfSVRFTS5iZXN0X2ltYWdlX3VybGdlbi5DMyJ9&amp;_nc_ohc=qz_hiQ9W1EYQ7kNvwHRyJBS&amp;_nc_oc=Adr7YgGRBAj7lQ4ZfPrxoNI-5JNaCQ8gu06xc8cgmtdS4M4pVEI0qCjhNSHzxVdpfRg&amp;_nc_zt=23&amp;_nc_ht=scontent-fra5-1.cdninstagram.com&amp;edm=ANo9K5cEAAAA&amp;_nc_gid=rC6PWM5yYpZQhyqRcoj1JA&amp;_nc_tpa=Q5bMBQFqEahCMljYR65BvFrEBYDE8YSoXEKykPZoRhrEuQER3X7F1eK5s4T0TrBmxDqaPObY-BKfBYTtnQ&amp;oh=00_Af1_5-tjL8_VgCHHWr317-w9FkupTLQoyNiUE-Zoj3x6LA&amp;oe=69F6CEDC&quot;,&quot;150&quot;:&quot;https:\\\/\\\/scontent-fra5-1.cdninstagram.com\\\/v\\\/t39.30808-6\\\/558208991_1477173697748451_1964794341778379834_n.jpg?stp=dst-jpg_e35_tt6&amp;_nc_cat=110&amp;ccb=7-5&amp;_nc_sid=18de74&amp;efg=eyJlZmdfdGFnIjoiQ0FST1VTRUxfSVRFTS5iZXN0X2ltYWdlX3VybGdlbi5DMyJ9&amp;_nc_ohc=qz_hiQ9W1EYQ7kNvwHRyJBS&amp;_nc_oc=Adr7YgGRBAj7lQ4ZfPrxoNI-5JNaCQ8gu06xc8cgmtdS4M4pVEI0qCjhNSHzxVdpfRg&amp;_nc_zt=23&amp;_nc_ht=scontent-fra5-1.cdninstagram.com&amp;edm=ANo9K5cEAAAA&amp;_nc_gid=rC6PWM5yYpZQhyqRcoj1JA&amp;_nc_tpa=Q5bMBQFqEahCMljYR65BvFrEBYDE8YSoXEKykPZoRhrEuQER3X7F1eK5s4T0TrBmxDqaPObY-BKfBYTtnQ&amp;oh=00_Af1_5-tjL8_VgCHHWr317-w9FkupTLQoyNiUE-Zoj3x6LA&amp;oe=69F6CEDC&quot;,&quot;320&quot;:&quot;https:\\\/\\\/www.domainesrichard.fr\\\/chateau-des-tours\\\/wp-content\\\/uploads\\\/sites\\\/5\\\/sb-instagram-feed-images\\\/558208991_1477173697748451_1964794341778379834_nlow.webp&quot;,&quot;640&quot;:&quot;https:\\\/\\\/www.domainesrichard.fr\\\/chateau-des-tours\\\/wp-content\\\/uploads\\\/sites\\\/5\\\/sb-instagram-feed-images\\\/558208991_1477173697748451_1964794341778379834_nfull.webp&quot;}\">\n\t\t\t<span class=\"sbi-screenreader\">Les vinifications battent leur plein au Ch\u00e2teau de<\/span>\n\t\t\t\n<svg class=\"svg-inline--fa fa-clone fa-w-16 sbi_lightbox_carousel_icon\" aria-hidden=\"true\" aria-label=\"Clone\" data-fa-pro\u0192cessed=\"\" data-prefix=\"far\" data-icon=\"clone\" role=\"img\" xmlns=\"http:\/\/www.w3.org\/2000\/svg\" viewBox=\"0 0 512 512\">\n                    <path fill=\"currentColor\" d=\"M464 0H144c-26.51 0-48 21.49-48 48v48H48c-26.51 0-48 21.49-48 48v320c0 26.51 21.49 48 48 48h320c26.51 0 48-21.49 48-48v-48h48c26.51 0 48-21.49 48-48V48c0-26.51-21.49-48-48-48zM362 464H54a6 6 0 0 1-6-6V150a6 6 0 0 1 6-6h42v224c0 26.51 21.49 48 48 48h224v42a6 6 0 0 1-6 6zm96-96H150a6 6 0 0 1-6-6V54a6 6 0 0 1 6-6h308a6 6 0 0 1 6 6v308a6 6 0 0 1-6 6z\"><\/path>\n                <\/svg>\n\t\t\t\t\t\t<img decoding=\"async\" src=\"https:\/\/www.domainesrichard.fr\/chateau-des-tours\/wp-content\/plugins\/instagram-feed\/img\/placeholder.png\" alt=\"Les vinifications battent leur plein au Ch\u00e2teau des Tours \ud83c\udf47 Dans le chai, tout est question d\u2019attention, de patience\u2026 et de finesse.\nNotre \u00e9quipe privil\u00e9gie des extractions douces, pour respecter l\u2019\u00e9quilibre naturel du raisin et pour laisser nos terroirs s\u2019exprimer, donnant ainsi \u00e0 nos Brouilly cette personnalit\u00e9 si reconnaissable \ud83d\udcab\nChaque cuve raconte d\u00e9j\u00e0 une histoire que nous avons h\u00e2te de partager avec vous.\n\n_____\n\nWinemaking is in full swing at Ch\u00e2teau des Tours \ud83c\udf47 In the cellar, it\u2019s all about care, patience\u2026 and finesse.\nOur team focuses on gentle extractions, to preserve the natural balance of the fruit and let our unique brouilly terroirs shine through, just as they are \ud83d\udcab\nEach tank is already telling its own story that we can\u2019t wait to share with you.\n\n#chateaudestours #grandterroirdebrouilly #domainesrichard #famillerichard #vinification #brouilly #beaujolaiswines #terroirexpression #winemaking #extractiondouce\n \ud83d\udcf8 @abellanbmx\" aria-hidden=\"true\">\n\t\t<\/a>\n\t<\/div>\n<\/div><div class=\"sbi_item sbi_type_carousel sbi_new sbi_transition\"\n\tid=\"sbi_18111326482553904\" data-date=\"1759078815\">\n\t<div class=\"sbi_photo_wrap\">\n\t\t<a class=\"sbi_photo\" href=\"https:\/\/www.instagram.com\/p\/DPJ0z9ZjFSu\/\" target=\"_blank\" rel=\"noopener nofollow\"\n\t\t\tdata-full-res=\"https:\/\/scontent-fra3-1.cdninstagram.com\/v\/t39.30808-6\/548183374_1461277312671423_2664529539797072961_n.jpg?stp=dst-jpg_e35_tt6&#038;_nc_cat=108&#038;ccb=7-5&#038;_nc_sid=18de74&#038;efg=eyJlZmdfdGFnIjoiQ0FST1VTRUxfSVRFTS5iZXN0X2ltYWdlX3VybGdlbi5DMyJ9&#038;_nc_ohc=2JECkg-XbbQQ7kNvwHLpPJo&#038;_nc_oc=AdoPTwuf0gUpql5bUFkP1bKNzE9qK2I6fcE4PCg3jYJjetVjeaEjxbVpcLHMvM-4GN0&#038;_nc_zt=23&#038;_nc_ht=scontent-fra3-1.cdninstagram.com&#038;edm=ANo9K5cEAAAA&#038;_nc_gid=rC6PWM5yYpZQhyqRcoj1JA&#038;_nc_tpa=Q5bMBQFXDCcXnA51ISrB70T9cBCF7YxAKbXD2Ly5xD-m_uVNwudvCVoLjhLcHCsW7xRxNSkXJY3YxWEYEQ&#038;oh=00_Af3pmRNfQXqdIZ9IR66V_bfrGpJAOPsWOkVfq6F65ILaQg&#038;oe=69F6C6B6\"\n\t\t\tdata-img-src-set=\"{&quot;d&quot;:&quot;https:\\\/\\\/scontent-fra3-1.cdninstagram.com\\\/v\\\/t39.30808-6\\\/548183374_1461277312671423_2664529539797072961_n.jpg?stp=dst-jpg_e35_tt6&amp;_nc_cat=108&amp;ccb=7-5&amp;_nc_sid=18de74&amp;efg=eyJlZmdfdGFnIjoiQ0FST1VTRUxfSVRFTS5iZXN0X2ltYWdlX3VybGdlbi5DMyJ9&amp;_nc_ohc=2JECkg-XbbQQ7kNvwHLpPJo&amp;_nc_oc=AdoPTwuf0gUpql5bUFkP1bKNzE9qK2I6fcE4PCg3jYJjetVjeaEjxbVpcLHMvM-4GN0&amp;_nc_zt=23&amp;_nc_ht=scontent-fra3-1.cdninstagram.com&amp;edm=ANo9K5cEAAAA&amp;_nc_gid=rC6PWM5yYpZQhyqRcoj1JA&amp;_nc_tpa=Q5bMBQFXDCcXnA51ISrB70T9cBCF7YxAKbXD2Ly5xD-m_uVNwudvCVoLjhLcHCsW7xRxNSkXJY3YxWEYEQ&amp;oh=00_Af3pmRNfQXqdIZ9IR66V_bfrGpJAOPsWOkVfq6F65ILaQg&amp;oe=69F6C6B6&quot;,&quot;150&quot;:&quot;https:\\\/\\\/scontent-fra3-1.cdninstagram.com\\\/v\\\/t39.30808-6\\\/548183374_1461277312671423_2664529539797072961_n.jpg?stp=dst-jpg_e35_tt6&amp;_nc_cat=108&amp;ccb=7-5&amp;_nc_sid=18de74&amp;efg=eyJlZmdfdGFnIjoiQ0FST1VTRUxfSVRFTS5iZXN0X2ltYWdlX3VybGdlbi5DMyJ9&amp;_nc_ohc=2JECkg-XbbQQ7kNvwHLpPJo&amp;_nc_oc=AdoPTwuf0gUpql5bUFkP1bKNzE9qK2I6fcE4PCg3jYJjetVjeaEjxbVpcLHMvM-4GN0&amp;_nc_zt=23&amp;_nc_ht=scontent-fra3-1.cdninstagram.com&amp;edm=ANo9K5cEAAAA&amp;_nc_gid=rC6PWM5yYpZQhyqRcoj1JA&amp;_nc_tpa=Q5bMBQFXDCcXnA51ISrB70T9cBCF7YxAKbXD2Ly5xD-m_uVNwudvCVoLjhLcHCsW7xRxNSkXJY3YxWEYEQ&amp;oh=00_Af3pmRNfQXqdIZ9IR66V_bfrGpJAOPsWOkVfq6F65ILaQg&amp;oe=69F6C6B6&quot;,&quot;320&quot;:&quot;https:\\\/\\\/www.domainesrichard.fr\\\/chateau-des-tours\\\/wp-content\\\/uploads\\\/sites\\\/5\\\/sb-instagram-feed-images\\\/548183374_1461277312671423_2664529539797072961_nlow.webp&quot;,&quot;640&quot;:&quot;https:\\\/\\\/www.domainesrichard.fr\\\/chateau-des-tours\\\/wp-content\\\/uploads\\\/sites\\\/5\\\/sb-instagram-feed-images\\\/548183374_1461277312671423_2664529539797072961_nfull.webp&quot;}\">\n\t\t\t<span class=\"sbi-screenreader\">Tous les raisins du Ch\u00e2teau des Tours sont rentr\u00e9s<\/span>\n\t\t\t\n<svg class=\"svg-inline--fa fa-clone fa-w-16 sbi_lightbox_carousel_icon\" aria-hidden=\"true\" aria-label=\"Clone\" data-fa-pro\u0192cessed=\"\" data-prefix=\"far\" data-icon=\"clone\" role=\"img\" xmlns=\"http:\/\/www.w3.org\/2000\/svg\" viewBox=\"0 0 512 512\">\n                    <path fill=\"currentColor\" d=\"M464 0H144c-26.51 0-48 21.49-48 48v48H48c-26.51 0-48 21.49-48 48v320c0 26.51 21.49 48 48 48h320c26.51 0 48-21.49 48-48v-48h48c26.51 0 48-21.49 48-48V48c0-26.51-21.49-48-48-48zM362 464H54a6 6 0 0 1-6-6V150a6 6 0 0 1 6-6h42v224c0 26.51 21.49 48 48 48h224v42a6 6 0 0 1-6 6zm96-96H150a6 6 0 0 1-6-6V54a6 6 0 0 1 6-6h308a6 6 0 0 1 6 6v308a6 6 0 0 1-6 6z\"><\/path>\n                <\/svg>\n\t\t\t\t\t\t<img decoding=\"async\" src=\"https:\/\/www.domainesrichard.fr\/chateau-des-tours\/wp-content\/plugins\/instagram-feed\/img\/placeholder.png\" alt=\"Tous les raisins du Ch\u00e2teau des Tours sont rentr\u00e9s \ud83c\udf47\n\nLes vignes se reposent\u2026 mais au chai, l\u2019effervescence continue&nbsp;! \ud83d\udd25\nNos \u00e9quipes veillent au grain&nbsp;: les fermentations se d\u00e9roulent dans les meilleures conditions, et les vinifications suivent leur cours, tranquillement mais s\u00fbrement.\nChaque cuve demande attention, pr\u00e9cision et patience. Le mill\u00e9sime 2025 est en train de na\u00eetre, et on peut d\u00e9j\u00e0 vous dire une chose&nbsp;: \u00e7a sent tr\u00e8s, tr\u00e8s bon \ud83d\ude0c\n\n_____\n\nAll the grapes are in \ud83c\udf47\n\nThe vines are resting\u2026 but in the cellar, things are still buzzing! \ud83d\udd25\nOur teams are keeping a close eye on everything: fermentations are going smoothly, and the winemaking is progressing nicely, step by step \ud83e\uddea\ud83d\udc43\nEach tank calls for care, precision, and patience. The 2025 vintage is coming to life, and trust us, it\u2019s already smelling amazing \ud83d\ude0c\n\n#chateaudestours #grandterroirdebrouilly #domainesrichard #famillerichard #vendanges2025 #vinification #winemaking #beaujolais #brouilly #danslescoulisses\n @abellanbmx\" aria-hidden=\"true\">\n\t\t<\/a>\n\t<\/div>\n<\/div><div class=\"sbi_item sbi_type_carousel sbi_new sbi_transition\"\n\tid=\"sbi_18076265624071501\" data-date=\"1757752118\">\n\t<div class=\"sbi_photo_wrap\">\n\t\t<a class=\"sbi_photo\" href=\"https:\/\/www.instagram.com\/p\/DOiSVqKEaxW\/\" target=\"_blank\" rel=\"noopener nofollow\"\n\t\t\tdata-full-res=\"https:\/\/scontent-fra5-2.cdninstagram.com\/v\/t39.30808-6\/547031399_1452636766868811_348190523051055442_n.jpg?stp=dst-jpg_e35_tt6&#038;_nc_cat=106&#038;ccb=7-5&#038;_nc_sid=18de74&#038;efg=eyJlZmdfdGFnIjoiQ0FST1VTRUxfSVRFTS5iZXN0X2ltYWdlX3VybGdlbi5DMyJ9&#038;_nc_ohc=G_V3NFmN_A0Q7kNvwHlh981&#038;_nc_oc=AdrmRu19yY1dOP4ttGqaL11J-sri8nHMCOFRGZvVrBu4BWH-3VI-qshLUsNMYLZjgjY&#038;_nc_zt=23&#038;_nc_ht=scontent-fra5-2.cdninstagram.com&#038;edm=ANo9K5cEAAAA&#038;_nc_gid=rC6PWM5yYpZQhyqRcoj1JA&#038;_nc_tpa=Q5bMBQGKQt1S7oGyoU6knmHgEa4tBieySLJEkf-bwwmiMS2FT2omc0jWdeE1dmCnNNyTbNv42EYg4gwtFw&#038;oh=00_Af1_HnOZzEPZMrr5FD86N9PbQjryDYeLv1_G_tBiLI5xcg&#038;oe=69F6A69B\"\n\t\t\tdata-img-src-set=\"{&quot;d&quot;:&quot;https:\\\/\\\/scontent-fra5-2.cdninstagram.com\\\/v\\\/t39.30808-6\\\/547031399_1452636766868811_348190523051055442_n.jpg?stp=dst-jpg_e35_tt6&amp;_nc_cat=106&amp;ccb=7-5&amp;_nc_sid=18de74&amp;efg=eyJlZmdfdGFnIjoiQ0FST1VTRUxfSVRFTS5iZXN0X2ltYWdlX3VybGdlbi5DMyJ9&amp;_nc_ohc=G_V3NFmN_A0Q7kNvwHlh981&amp;_nc_oc=AdrmRu19yY1dOP4ttGqaL11J-sri8nHMCOFRGZvVrBu4BWH-3VI-qshLUsNMYLZjgjY&amp;_nc_zt=23&amp;_nc_ht=scontent-fra5-2.cdninstagram.com&amp;edm=ANo9K5cEAAAA&amp;_nc_gid=rC6PWM5yYpZQhyqRcoj1JA&amp;_nc_tpa=Q5bMBQGKQt1S7oGyoU6knmHgEa4tBieySLJEkf-bwwmiMS2FT2omc0jWdeE1dmCnNNyTbNv42EYg4gwtFw&amp;oh=00_Af1_HnOZzEPZMrr5FD86N9PbQjryDYeLv1_G_tBiLI5xcg&amp;oe=69F6A69B&quot;,&quot;150&quot;:&quot;https:\\\/\\\/scontent-fra5-2.cdninstagram.com\\\/v\\\/t39.30808-6\\\/547031399_1452636766868811_348190523051055442_n.jpg?stp=dst-jpg_e35_tt6&amp;_nc_cat=106&amp;ccb=7-5&amp;_nc_sid=18de74&amp;efg=eyJlZmdfdGFnIjoiQ0FST1VTRUxfSVRFTS5iZXN0X2ltYWdlX3VybGdlbi5DMyJ9&amp;_nc_ohc=G_V3NFmN_A0Q7kNvwHlh981&amp;_nc_oc=AdrmRu19yY1dOP4ttGqaL11J-sri8nHMCOFRGZvVrBu4BWH-3VI-qshLUsNMYLZjgjY&amp;_nc_zt=23&amp;_nc_ht=scontent-fra5-2.cdninstagram.com&amp;edm=ANo9K5cEAAAA&amp;_nc_gid=rC6PWM5yYpZQhyqRcoj1JA&amp;_nc_tpa=Q5bMBQGKQt1S7oGyoU6knmHgEa4tBieySLJEkf-bwwmiMS2FT2omc0jWdeE1dmCnNNyTbNv42EYg4gwtFw&amp;oh=00_Af1_HnOZzEPZMrr5FD86N9PbQjryDYeLv1_G_tBiLI5xcg&amp;oe=69F6A69B&quot;,&quot;320&quot;:&quot;https:\\\/\\\/www.domainesrichard.fr\\\/chateau-des-tours\\\/wp-content\\\/uploads\\\/sites\\\/5\\\/sb-instagram-feed-images\\\/547031399_1452636766868811_348190523051055442_nlow.webp&quot;,&quot;640&quot;:&quot;https:\\\/\\\/www.domainesrichard.fr\\\/chateau-des-tours\\\/wp-content\\\/uploads\\\/sites\\\/5\\\/sb-instagram-feed-images\\\/547031399_1452636766868811_348190523051055442_nfull.webp&quot;}\">\n\t\t\t<span class=\"sbi-screenreader\">De l\u2019effervescence d\u2019un tournage pour TF1\u2026 \u00e0 l\u2019eff<\/span>\n\t\t\t\n<svg class=\"svg-inline--fa fa-clone fa-w-16 sbi_lightbox_carousel_icon\" aria-hidden=\"true\" aria-label=\"Clone\" data-fa-pro\u0192cessed=\"\" data-prefix=\"far\" data-icon=\"clone\" role=\"img\" xmlns=\"http:\/\/www.w3.org\/2000\/svg\" viewBox=\"0 0 512 512\">\n                    <path fill=\"currentColor\" d=\"M464 0H144c-26.51 0-48 21.49-48 48v48H48c-26.51 0-48 21.49-48 48v320c0 26.51 21.49 48 48 48h320c26.51 0 48-21.49 48-48v-48h48c26.51 0 48-21.49 48-48V48c0-26.51-21.49-48-48-48zM362 464H54a6 6 0 0 1-6-6V150a6 6 0 0 1 6-6h42v224c0 26.51 21.49 48 48 48h224v42a6 6 0 0 1-6 6zm96-96H150a6 6 0 0 1-6-6V54a6 6 0 0 1 6-6h308a6 6 0 0 1 6 6v308a6 6 0 0 1-6 6z\"><\/path>\n                <\/svg>\n\t\t\t\t\t\t<img decoding=\"async\" src=\"https:\/\/www.domainesrichard.fr\/chateau-des-tours\/wp-content\/plugins\/instagram-feed\/img\/placeholder.png\" alt=\"De l\u2019effervescence d\u2019un tournage pour TF1\u2026 \u00e0 l\u2019effervescence des vendanges \ud83c\udfac\n Le Ch\u00e2teau des Tours a chang\u00e9 d\u2019ambiance, mais pas d\u2019intensit\u00e9&nbsp;!\n\nApr\u00e8s les cam\u00e9ras et les projecteurs, place aux s\u00e9cateurs et aux cagettes&nbsp;: les vendanges 2025 ont commenc\u00e9 dans nos vignes, sous un soleil g\u00e9n\u00e9reux \u2600\ufe0f\n\nLe mill\u00e9sime s\u2019annonce petit en rendement, mais grand en qualit\u00e9&nbsp;: des  baies concentr\u00e9es, des grappes \u00e9quilibr\u00e9es\u2026 on a h\u00e2te de voir ce que la cave nous r\u00e9serve&nbsp;!\n\n_____\n\nFrom the excitement of a TF1 film shoot\u2026 to the buzz of harvest time \ud83c\udfac\n Ch\u00e2teau des Tours has switched moods, but not momentum!\n\nAfter lights and cameras, it\u2019s now all about clippers and crates: the 2025 harvest has begun under the generous sun \u2600\ufe0f\n\nThe vintage promises to be low in yield, but high in quality: concentrated berries, beautifully balanced grapes\u2026 we can\u2019t wait to see what\u2019s coming in the cellar!\n\n#chateaudestours #grandterroirdebrouilly #domainesrichard #famillerichard #vendanges2025 #millesime2025 #brouilly #gamay #vinsdebeaujolais #effervescence\n\n\ud83d\udcf8  Didier Cocatrix\" aria-hidden=\"true\">\n\t\t<\/a>\n\t<\/div>\n<\/div><div class=\"sbi_item sbi_type_video sbi_new sbi_transition\"\n\tid=\"sbi_18026711939711028\" data-date=\"1756051325\">\n\t<div class=\"sbi_photo_wrap\">\n\t\t<a class=\"sbi_photo\" href=\"https:\/\/www.instagram.com\/reel\/DNvmTB42MIY\/\" target=\"_blank\" rel=\"noopener nofollow\"\n\t\t\tdata-full-res=\"https:\/\/scontent-fra5-2.cdninstagram.com\/v\/t51.82787-15\/538337633_18396965596185523_4364469785013148307_n.jpg?stp=dst-jpg_e35_tt6&#038;_nc_cat=107&#038;ccb=7-5&#038;_nc_sid=18de74&#038;efg=eyJlZmdfdGFnIjoiQ0xJUFMuYmVzdF9pbWFnZV91cmxnZW4uQzMifQ%3D%3D&#038;_nc_ohc=DAfunnrkA9wQ7kNvwHE7hE4&#038;_nc_oc=AdoPGx32U42z0jYNAvekp-6LvEXqiKgygK4AIy_7QWOC04oitSOUQcRr54NXBkfJ47A&#038;_nc_zt=23&#038;_nc_ht=scontent-fra5-2.cdninstagram.com&#038;edm=ANo9K5cEAAAA&#038;_nc_gid=rC6PWM5yYpZQhyqRcoj1JA&#038;_nc_tpa=Q5bMBQFHlrh-O15spQwSF2CEJ3eZDLLeG0fFIiAp8SRhnSPKwmu24Lkjp5v0sYBbD5dEzUNzz6y0QbMc9A&#038;oh=00_Af0XiAoZXCm8r4AAoId2Bt-JFmNuIm90xL_i9hbjywHQgg&#038;oe=69F6D54B\"\n\t\t\tdata-img-src-set=\"{&quot;d&quot;:&quot;https:\\\/\\\/scontent-fra5-2.cdninstagram.com\\\/v\\\/t51.82787-15\\\/538337633_18396965596185523_4364469785013148307_n.jpg?stp=dst-jpg_e35_tt6&amp;_nc_cat=107&amp;ccb=7-5&amp;_nc_sid=18de74&amp;efg=eyJlZmdfdGFnIjoiQ0xJUFMuYmVzdF9pbWFnZV91cmxnZW4uQzMifQ%3D%3D&amp;_nc_ohc=DAfunnrkA9wQ7kNvwHE7hE4&amp;_nc_oc=AdoPGx32U42z0jYNAvekp-6LvEXqiKgygK4AIy_7QWOC04oitSOUQcRr54NXBkfJ47A&amp;_nc_zt=23&amp;_nc_ht=scontent-fra5-2.cdninstagram.com&amp;edm=ANo9K5cEAAAA&amp;_nc_gid=rC6PWM5yYpZQhyqRcoj1JA&amp;_nc_tpa=Q5bMBQFHlrh-O15spQwSF2CEJ3eZDLLeG0fFIiAp8SRhnSPKwmu24Lkjp5v0sYBbD5dEzUNzz6y0QbMc9A&amp;oh=00_Af0XiAoZXCm8r4AAoId2Bt-JFmNuIm90xL_i9hbjywHQgg&amp;oe=69F6D54B&quot;,&quot;150&quot;:&quot;https:\\\/\\\/scontent-fra5-2.cdninstagram.com\\\/v\\\/t51.82787-15\\\/538337633_18396965596185523_4364469785013148307_n.jpg?stp=dst-jpg_e35_tt6&amp;_nc_cat=107&amp;ccb=7-5&amp;_nc_sid=18de74&amp;efg=eyJlZmdfdGFnIjoiQ0xJUFMuYmVzdF9pbWFnZV91cmxnZW4uQzMifQ%3D%3D&amp;_nc_ohc=DAfunnrkA9wQ7kNvwHE7hE4&amp;_nc_oc=AdoPGx32U42z0jYNAvekp-6LvEXqiKgygK4AIy_7QWOC04oitSOUQcRr54NXBkfJ47A&amp;_nc_zt=23&amp;_nc_ht=scontent-fra5-2.cdninstagram.com&amp;edm=ANo9K5cEAAAA&amp;_nc_gid=rC6PWM5yYpZQhyqRcoj1JA&amp;_nc_tpa=Q5bMBQFHlrh-O15spQwSF2CEJ3eZDLLeG0fFIiAp8SRhnSPKwmu24Lkjp5v0sYBbD5dEzUNzz6y0QbMc9A&amp;oh=00_Af0XiAoZXCm8r4AAoId2Bt-JFmNuIm90xL_i9hbjywHQgg&amp;oe=69F6D54B&quot;,&quot;320&quot;:&quot;https:\\\/\\\/www.domainesrichard.fr\\\/chateau-des-tours\\\/wp-content\\\/uploads\\\/sites\\\/5\\\/sb-instagram-feed-images\\\/538337633_18396965596185523_4364469785013148307_nlow.webp&quot;,&quot;640&quot;:&quot;https:\\\/\\\/www.domainesrichard.fr\\\/chateau-des-tours\\\/wp-content\\\/uploads\\\/sites\\\/5\\\/sb-instagram-feed-images\\\/538337633_18396965596185523_4364469785013148307_nfull.webp&quot;}\">\n\t\t\t<span class=\"sbi-screenreader\">Vous avez toujours r\u00eav\u00e9 d\u2019assister aux coulisses d<\/span>\n\t\t\t\t\t\t\n<svg style=\"color: rgba(255,255,255,1)\" class=\"svg-inline--fa fa-play fa-w-14 sbi_playbtn\" aria-label=\"Play\" aria-hidden=\"true\" data-fa-processed=\"\" data-prefix=\"fa\" data-icon=\"play\" role=\"presentation\" xmlns=\"http:\/\/www.w3.org\/2000\/svg\" viewBox=\"0 0 448 512\"><path fill=\"currentColor\" d=\"M424.4 214.7L72.4 6.6C43.8-10.3 0 6.1 0 47.9V464c0 37.5 40.7 60.1 72.4 41.3l352-208c31.4-18.5 31.5-64.1 0-82.6z\"><\/path><\/svg>\n\t\t\t<img decoding=\"async\" src=\"https:\/\/www.domainesrichard.fr\/chateau-des-tours\/wp-content\/plugins\/instagram-feed\/img\/placeholder.png\" alt=\"Vous avez toujours r\u00eav\u00e9 d\u2019assister aux coulisses du tournage d\u2019une s\u00e9rie TF1&nbsp;? \n\nC\u2019est exactement ce qui se passe en ce moment au Ch\u00e2teau des Tours&nbsp;!\nNotre domaine rev\u00eat des airs de d\u00e9cor de cin\u00e9ma, entre cam\u00e9ras, projecteurs et ambiance de plateau \ud83c\udfa5\n\nOn a h\u00e2te de d\u00e9couvrir la s\u00e9rie sur \u00e9cran\u2026 et on esp\u00e8re que vous aussi&nbsp;! \ud83c\udf7f\n\n_____\n\nEver dreamed of stepping behind the scenes of a TF1 series? \n\nThat\u2019s exactly what\u2019s happening right now at Ch\u00e2teau des Tours!\nOur estate has taken on the look of a movie set, with cameras, lights, and all the buzz of a film crew \ud83c\udfa5\n\nWe can&#039;t wait to watch the series when it airs\u2026 and we hope you\u2019re just as excited! \ud83c\udf7f\n\n#chateaudestours #grandterroirdebrouilly #domainesrichard #famillerichard #tournage #seriegrandiose #tf1 #backstage #brouilly #filminglocation\" aria-hidden=\"true\">\n\t\t<\/a>\n\t<\/div>\n<\/div><div class=\"sbi_item sbi_type_video sbi_new sbi_transition\"\n\tid=\"sbi_18035507630704684\" data-date=\"1755446482\">\n\t<div class=\"sbi_photo_wrap\">\n\t\t<a class=\"sbi_photo\" href=\"https:\/\/www.instagram.com\/reel\/DNdkpl6O10t\/\" target=\"_blank\" rel=\"noopener nofollow\"\n\t\t\tdata-full-res=\"https:\/\/scontent-fra3-1.cdninstagram.com\/v\/t51.82787-15\/533703875_18396137818185523_8724773285934453787_n.jpg?stp=dst-jpg_e35_tt6&#038;_nc_cat=103&#038;ccb=7-5&#038;_nc_sid=18de74&#038;efg=eyJlZmdfdGFnIjoiQ0xJUFMuYmVzdF9pbWFnZV91cmxnZW4uQzMifQ%3D%3D&#038;_nc_ohc=Q3az6yXM390Q7kNvwG2D6Ej&#038;_nc_oc=AdpCqn-JbmH3MqujbueVDe5DNSJt81_EhWslzns758Z0qgC9nkGU5sbHstTw4YhyaJY&#038;_nc_zt=23&#038;_nc_ht=scontent-fra3-1.cdninstagram.com&#038;edm=ANo9K5cEAAAA&#038;_nc_gid=rC6PWM5yYpZQhyqRcoj1JA&#038;_nc_tpa=Q5bMBQFj2en1evLLTbHpyShewnlGfamS-jX1t53O_Td-7U41ojY8D0PvfhDHzimXWDLc57lQ7vOaTeB89w&#038;oh=00_Af2PPkBKfwGQLyDlou2i-orzOotfkTOP8XEhlwOb50vIrA&#038;oe=69F6C671\"\n\t\t\tdata-img-src-set=\"{&quot;d&quot;:&quot;https:\\\/\\\/scontent-fra3-1.cdninstagram.com\\\/v\\\/t51.82787-15\\\/533703875_18396137818185523_8724773285934453787_n.jpg?stp=dst-jpg_e35_tt6&amp;_nc_cat=103&amp;ccb=7-5&amp;_nc_sid=18de74&amp;efg=eyJlZmdfdGFnIjoiQ0xJUFMuYmVzdF9pbWFnZV91cmxnZW4uQzMifQ%3D%3D&amp;_nc_ohc=Q3az6yXM390Q7kNvwG2D6Ej&amp;_nc_oc=AdpCqn-JbmH3MqujbueVDe5DNSJt81_EhWslzns758Z0qgC9nkGU5sbHstTw4YhyaJY&amp;_nc_zt=23&amp;_nc_ht=scontent-fra3-1.cdninstagram.com&amp;edm=ANo9K5cEAAAA&amp;_nc_gid=rC6PWM5yYpZQhyqRcoj1JA&amp;_nc_tpa=Q5bMBQFj2en1evLLTbHpyShewnlGfamS-jX1t53O_Td-7U41ojY8D0PvfhDHzimXWDLc57lQ7vOaTeB89w&amp;oh=00_Af2PPkBKfwGQLyDlou2i-orzOotfkTOP8XEhlwOb50vIrA&amp;oe=69F6C671&quot;,&quot;150&quot;:&quot;https:\\\/\\\/scontent-fra3-1.cdninstagram.com\\\/v\\\/t51.82787-15\\\/533703875_18396137818185523_8724773285934453787_n.jpg?stp=dst-jpg_e35_tt6&amp;_nc_cat=103&amp;ccb=7-5&amp;_nc_sid=18de74&amp;efg=eyJlZmdfdGFnIjoiQ0xJUFMuYmVzdF9pbWFnZV91cmxnZW4uQzMifQ%3D%3D&amp;_nc_ohc=Q3az6yXM390Q7kNvwG2D6Ej&amp;_nc_oc=AdpCqn-JbmH3MqujbueVDe5DNSJt81_EhWslzns758Z0qgC9nkGU5sbHstTw4YhyaJY&amp;_nc_zt=23&amp;_nc_ht=scontent-fra3-1.cdninstagram.com&amp;edm=ANo9K5cEAAAA&amp;_nc_gid=rC6PWM5yYpZQhyqRcoj1JA&amp;_nc_tpa=Q5bMBQFj2en1evLLTbHpyShewnlGfamS-jX1t53O_Td-7U41ojY8D0PvfhDHzimXWDLc57lQ7vOaTeB89w&amp;oh=00_Af2PPkBKfwGQLyDlou2i-orzOotfkTOP8XEhlwOb50vIrA&amp;oe=69F6C671&quot;,&quot;320&quot;:&quot;https:\\\/\\\/www.domainesrichard.fr\\\/chateau-des-tours\\\/wp-content\\\/uploads\\\/sites\\\/5\\\/sb-instagram-feed-images\\\/533703875_18396137818185523_8724773285934453787_nlow.webp&quot;,&quot;640&quot;:&quot;https:\\\/\\\/www.domainesrichard.fr\\\/chateau-des-tours\\\/wp-content\\\/uploads\\\/sites\\\/5\\\/sb-instagram-feed-images\\\/533703875_18396137818185523_8724773285934453787_nfull.webp&quot;}\">\n\t\t\t<span class=\"sbi-screenreader\">L\u2019\u00e9t\u00e9, habituellement calme et reposant, est en pl<\/span>\n\t\t\t\t\t\t\n<svg style=\"color: rgba(255,255,255,1)\" class=\"svg-inline--fa fa-play fa-w-14 sbi_playbtn\" aria-label=\"Play\" aria-hidden=\"true\" data-fa-processed=\"\" data-prefix=\"fa\" data-icon=\"play\" role=\"presentation\" xmlns=\"http:\/\/www.w3.org\/2000\/svg\" viewBox=\"0 0 448 512\"><path fill=\"currentColor\" d=\"M424.4 214.7L72.4 6.6C43.8-10.3 0 6.1 0 47.9V464c0 37.5 40.7 60.1 72.4 41.3l352-208c31.4-18.5 31.5-64.1 0-82.6z\"><\/path><\/svg>\n\t\t\t<img decoding=\"async\" src=\"https:\/\/www.domainesrichard.fr\/chateau-des-tours\/wp-content\/plugins\/instagram-feed\/img\/placeholder.png\" alt=\"L\u2019\u00e9t\u00e9, habituellement calme et reposant, est en pleine effervescence au Ch\u00e2teau des Tours \ud83c\udfac\n\nAvec le tournage de la s\u00e9rie Grandiose pour TF1, les murs de notre ch\u00e2teau r\u00e9sonnent des voix de sc\u00e9naristes, d\u2019acteurs, de techniciens\u2026 et de jeunes figurants \n\nOn leur souhaite \u00e0 tous beaucoup de succ\u00e8s pour la suite de leur aventure dans le monde du cin\u00e9ma  Et un immense merci pour leur \u00e9nergie et leur bonne humeur pendant le tournage \ud83c\udf40\n\n____\n\nSummer is usually calm and peaceful at Ch\u00e2teau des Tours\u2026 but not this year \ud83c\udfac\n\nWith the filming of  Grandiose, the new TF1 series, our ch\u00e2teau has come alive with the voices of screenwriters, actors, technicians\u2026 and young extras too \n\nWe wish them all the best for what\u2019s next in their cinematic journey  And a big thank you for their joyful energy during the shoot \ud83c\udf40\n\n#chateaudestours #grandterroirdebrouilly #domainesrichard #famillerichard #tournage #seriegrandiose #tf1 #cinemafrancais #brouilly #behindthescenes\" aria-hidden=\"true\">\n\t\t<\/a>\n\t<\/div>\n<\/div><div class=\"sbi_item sbi_type_video sbi_new sbi_transition\"\n\tid=\"sbi_18087313516771631\" data-date=\"1754841646\">\n\t<div class=\"sbi_photo_wrap\">\n\t\t<a class=\"sbi_photo\" href=\"https:\/\/www.instagram.com\/reel\/DNLjAtut0D6\/\" target=\"_blank\" rel=\"noopener nofollow\"\n\t\t\tdata-full-res=\"https:\/\/scontent-fra5-2.cdninstagram.com\/v\/t51.82787-15\/529909759_18395263525185523_6360521836120026282_n.jpg?stp=dst-jpg_e35_tt6&#038;_nc_cat=106&#038;ccb=7-5&#038;_nc_sid=18de74&#038;efg=eyJlZmdfdGFnIjoiQ0xJUFMuYmVzdF9pbWFnZV91cmxnZW4uQzMifQ%3D%3D&#038;_nc_ohc=eeS13V1ADzYQ7kNvwEd8Esz&#038;_nc_oc=AdpEmBtE8NbZqFrMK_wzrrvsDTJ3Pk_f8xD-RNDdDEDGhPd9FJUWI7VBStz5dMAxRW8&#038;_nc_zt=23&#038;_nc_ht=scontent-fra5-2.cdninstagram.com&#038;edm=ANo9K5cEAAAA&#038;_nc_gid=rC6PWM5yYpZQhyqRcoj1JA&#038;_nc_tpa=Q5bMBQENNxYyPdcqOqGSRyJo0av2zh_tRBq3lNyi-bpcucXbgvdLbhgstWF5j8dPnGSMJBscwyVSgBRtxg&#038;oh=00_Af3xPo5g7oFL89DtZnOyU67BlcG5rY_BJJG_47VWei9X7w&#038;oe=69F6BB71\"\n\t\t\tdata-img-src-set=\"{&quot;d&quot;:&quot;https:\\\/\\\/scontent-fra5-2.cdninstagram.com\\\/v\\\/t51.82787-15\\\/529909759_18395263525185523_6360521836120026282_n.jpg?stp=dst-jpg_e35_tt6&amp;_nc_cat=106&amp;ccb=7-5&amp;_nc_sid=18de74&amp;efg=eyJlZmdfdGFnIjoiQ0xJUFMuYmVzdF9pbWFnZV91cmxnZW4uQzMifQ%3D%3D&amp;_nc_ohc=eeS13V1ADzYQ7kNvwEd8Esz&amp;_nc_oc=AdpEmBtE8NbZqFrMK_wzrrvsDTJ3Pk_f8xD-RNDdDEDGhPd9FJUWI7VBStz5dMAxRW8&amp;_nc_zt=23&amp;_nc_ht=scontent-fra5-2.cdninstagram.com&amp;edm=ANo9K5cEAAAA&amp;_nc_gid=rC6PWM5yYpZQhyqRcoj1JA&amp;_nc_tpa=Q5bMBQENNxYyPdcqOqGSRyJo0av2zh_tRBq3lNyi-bpcucXbgvdLbhgstWF5j8dPnGSMJBscwyVSgBRtxg&amp;oh=00_Af3xPo5g7oFL89DtZnOyU67BlcG5rY_BJJG_47VWei9X7w&amp;oe=69F6BB71&quot;,&quot;150&quot;:&quot;https:\\\/\\\/scontent-fra5-2.cdninstagram.com\\\/v\\\/t51.82787-15\\\/529909759_18395263525185523_6360521836120026282_n.jpg?stp=dst-jpg_e35_tt6&amp;_nc_cat=106&amp;ccb=7-5&amp;_nc_sid=18de74&amp;efg=eyJlZmdfdGFnIjoiQ0xJUFMuYmVzdF9pbWFnZV91cmxnZW4uQzMifQ%3D%3D&amp;_nc_ohc=eeS13V1ADzYQ7kNvwEd8Esz&amp;_nc_oc=AdpEmBtE8NbZqFrMK_wzrrvsDTJ3Pk_f8xD-RNDdDEDGhPd9FJUWI7VBStz5dMAxRW8&amp;_nc_zt=23&amp;_nc_ht=scontent-fra5-2.cdninstagram.com&amp;edm=ANo9K5cEAAAA&amp;_nc_gid=rC6PWM5yYpZQhyqRcoj1JA&amp;_nc_tpa=Q5bMBQENNxYyPdcqOqGSRyJo0av2zh_tRBq3lNyi-bpcucXbgvdLbhgstWF5j8dPnGSMJBscwyVSgBRtxg&amp;oh=00_Af3xPo5g7oFL89DtZnOyU67BlcG5rY_BJJG_47VWei9X7w&amp;oe=69F6BB71&quot;,&quot;320&quot;:&quot;https:\\\/\\\/www.domainesrichard.fr\\\/chateau-des-tours\\\/wp-content\\\/uploads\\\/sites\\\/5\\\/sb-instagram-feed-images\\\/529909759_18395263525185523_6360521836120026282_nlow.webp&quot;,&quot;640&quot;:&quot;https:\\\/\\\/www.domainesrichard.fr\\\/chateau-des-tours\\\/wp-content\\\/uploads\\\/sites\\\/5\\\/sb-instagram-feed-images\\\/529909759_18395263525185523_6360521836120026282_nfull.webp&quot;}\">\n\t\t\t<span class=\"sbi-screenreader\">\ud83c\udfac Silence\u2026 \u00e7a tourne au Ch\u00e2teau des Tours&nbsp;!\n\nFin j<\/span>\n\t\t\t\t\t\t\n<svg style=\"color: rgba(255,255,255,1)\" class=\"svg-inline--fa fa-play fa-w-14 sbi_playbtn\" aria-label=\"Play\" aria-hidden=\"true\" data-fa-processed=\"\" data-prefix=\"fa\" data-icon=\"play\" role=\"presentation\" xmlns=\"http:\/\/www.w3.org\/2000\/svg\" viewBox=\"0 0 448 512\"><path fill=\"currentColor\" d=\"M424.4 214.7L72.4 6.6C43.8-10.3 0 6.1 0 47.9V464c0 37.5 40.7 60.1 72.4 41.3l352-208c31.4-18.5 31.5-64.1 0-82.6z\"><\/path><\/svg>\n\t\t\t<img decoding=\"async\" src=\"https:\/\/www.domainesrichard.fr\/chateau-des-tours\/wp-content\/plugins\/instagram-feed\/img\/placeholder.png\" alt=\"\ud83c\udfac Silence\u2026 \u00e7a tourne au Ch\u00e2teau des Tours&nbsp;!\n\nFin juillet, notre domaine s\u2019est transform\u00e9 en d\u00e9cor de cin\u00e9ma. Cam\u00e9ras, projecteurs, techniciens et \u00e9nergie cr\u00e9ative envahissent les couloirs, les salons, les escaliers\u2026\n\nLe Ch\u00e2teau des Tours accueille une nouvelle production sign\u00e9e TF1&nbsp;: la s\u00e9rie Grandiose \u2728\nNous ne pouvons (encore) rien vous r\u00e9v\u00e9ler de l\u2019histoire\u2026 mais croyez-nous, le nom est bien choisi&nbsp;! \n\n_____\n\n\ud83c\udfac Quiet on set\u2026 action at Ch\u00e2teau des Tours!\n\nAt the end of july, our estate turned into a movie set. Cameras, lights, crews and a whole wave of creative energy took over the hallways, lounges and staircases\u2026\n\nCh\u00e2teau des Tours is the filming location of a brand new TF1 production: the series Grandiose \u2728\nWe can\u2019t share the storyline (yet)\u2026 but trust us, the title says it all! \n\n#chateaudestours #grandterroirdebrouilly #domainesrichard #famillerichard #tournage #seriegrandiose #tf1 #brouilly #behindthescenes #chateaubeaujolais\" aria-hidden=\"true\">\n\t\t<\/a>\n\t<\/div>\n<\/div>\t<\/div>\n\n\t<div id=\"sbi_load\" >\n\n\t\n\t\n<\/div>\n\t\t<span class=\"sbi_resized_image_data\" data-feed-id=\"*1\"\n\t\t  data-resized=\"{&quot;18087313516771631&quot;:{&quot;id&quot;:&quot;529909759_18395263525185523_6360521836120026282_n&quot;,&quot;ratio&quot;:&quot;0.56&quot;,&quot;sizes&quot;:{&quot;full&quot;:640,&quot;low&quot;:320,&quot;thumb&quot;:150},&quot;extension&quot;:&quot;.webp&quot;},&quot;18035507630704684&quot;:{&quot;id&quot;:&quot;533703875_18396137818185523_8724773285934453787_n&quot;,&quot;ratio&quot;:&quot;0.56&quot;,&quot;sizes&quot;:{&quot;full&quot;:640,&quot;low&quot;:320,&quot;thumb&quot;:150},&quot;extension&quot;:&quot;.webp&quot;},&quot;18026711939711028&quot;:{&quot;id&quot;:&quot;538337633_18396965596185523_4364469785013148307_n&quot;,&quot;ratio&quot;:&quot;0.56&quot;,&quot;sizes&quot;:{&quot;full&quot;:640,&quot;low&quot;:320,&quot;thumb&quot;:150},&quot;extension&quot;:&quot;.webp&quot;},&quot;18076265624071501&quot;:{&quot;id&quot;:&quot;547031399_1452636766868811_348190523051055442_n&quot;,&quot;ratio&quot;:&quot;0.80&quot;,&quot;sizes&quot;:{&quot;full&quot;:640,&quot;low&quot;:320,&quot;thumb&quot;:150},&quot;extension&quot;:&quot;.webp&quot;},&quot;18111326482553904&quot;:{&quot;id&quot;:&quot;548183374_1461277312671423_2664529539797072961_n&quot;,&quot;ratio&quot;:&quot;0.80&quot;,&quot;sizes&quot;:{&quot;full&quot;:640,&quot;low&quot;:320,&quot;thumb&quot;:150},&quot;extension&quot;:&quot;.webp&quot;},&quot;18161061229382912&quot;:{&quot;id&quot;:&quot;558208991_1477173697748451_1964794341778379834_n&quot;,&quot;ratio&quot;:&quot;0.80&quot;,&quot;sizes&quot;:{&quot;full&quot;:640,&quot;low&quot;:320,&quot;thumb&quot;:150},&quot;extension&quot;:&quot;.webp&quot;},&quot;17977413008928684&quot;:{&quot;id&quot;:&quot;559475992_1477176634414824_3807523034144752313_n&quot;,&quot;ratio&quot;:&quot;0.80&quot;,&quot;sizes&quot;:{&quot;full&quot;:640,&quot;low&quot;:320,&quot;thumb&quot;:150},&quot;extension&quot;:&quot;.webp&quot;},&quot;18050044511758340&quot;:{&quot;id&quot;:&quot;671848839_18433741093185523_819148394707253979_n&quot;,&quot;ratio&quot;:&quot;0.80&quot;,&quot;sizes&quot;:{&quot;full&quot;:640,&quot;low&quot;:320,&quot;thumb&quot;:150},&quot;extension&quot;:&quot;.webp&quot;}}\">\n\t<\/span>\n\t<\/div>\n\n<\/div>\n\t\t\t\t\t\t<\/div>\n\t\t\t\t<\/div>\n\t\t\t\t\t<\/div>\n\t\t<\/div>\n\t\t\t\t\t<\/div>\n\t\t<\/section>\n\t\t\t\t<\/div>","protected":false},"excerpt":{"rendered":"<p>Terroir &amp; vigne Du sommet du Mont Brouilly, il faut descendre dans la vall\u00e9e pour arriver sur le vignoble en arc de cercle dont le c\u0153ur est occup\u00e9 par le ch\u00e2teau. Les 70 hectares de vigne du domaine s\u2019\u00e9panouissent au milieu de la campagne beaujolaise dont 40 d\u2019entre eux sur le lieu-dit Les Tours. Autour, [&hellip;]<\/p>","protected":false},"author":1,"featured_media":0,"parent":0,"menu_order":0,"comment_status":"closed","ping_status":"closed","template":"","meta":{"_acf_changed":false,"footnotes":""},"class_list":["post-48","page","type-page","status-publish","hentry"],"acf":[],"yoast_head":"<!-- This site is optimized with the Yoast SEO plugin v27.5 - https:\/\/yoast.com\/product\/yoast-seo-wordpress\/ -->\n<title>Le terroir et la culture des vignes au Ch\u00e2teau des Tours<\/title>\n<meta name=\"description\" content=\"D\u00e9couvrez les 70 hectares de vigne du Ch\u00e2teau des Tours situ\u00e9s dans un amphith\u00e9\u00e2tre naturel exceptionnel en contrebas du Mont Brouilly.\" \/>\n<meta name=\"robots\" content=\"index, follow, max-snippet:-1, max-image-preview:large, max-video-preview:-1\" \/>\n<link rel=\"canonical\" href=\"https:\/\/www.domainesrichard.fr\/chateau-des-tours\/terroir-vigne\/\" \/>\n<meta property=\"og:locale\" content=\"fr_FR\" \/>\n<meta property=\"og:type\" content=\"article\" \/>\n<meta property=\"og:title\" content=\"Le terroir et la culture des vignes au Ch\u00e2teau des Tours\" \/>\n<meta property=\"og:description\" content=\"D\u00e9couvrez les 70 hectares de vigne du Ch\u00e2teau des Tours situ\u00e9s dans un amphith\u00e9\u00e2tre naturel exceptionnel en contrebas du Mont Brouilly.\" \/>\n<meta property=\"og:url\" content=\"https:\/\/www.domainesrichard.fr\/chateau-des-tours\/terroir-vigne\/\" \/>\n<meta property=\"og:site_name\" content=\"Ch\u00e2teau des Tours\" \/>\n<meta property=\"article:publisher\" content=\"https:\/\/www.facebook.com\/chateaudestoursofficiel\" \/>\n<meta property=\"article:modified_time\" content=\"2024-06-12T13:26:25+00:00\" \/>\n<meta property=\"og:image\" content=\"https:\/\/www.domainesrichard.fr\/chateau-des-tours\/wp-content\/uploads\/sites\/5\/2022\/02\/chateau-des-tours-logo-300x150.png\" \/>\n<meta name=\"twitter:card\" content=\"summary_large_image\" \/>\n<meta name=\"twitter:label1\" content=\"Dur\u00e9e de lecture estim\u00e9e\" \/>\n\t<meta name=\"twitter:data1\" content=\"5 minutes\" \/>\n<script type=\"application\/ld+json\" class=\"yoast-schema-graph\">{\"@context\":\"https:\\\/\\\/schema.org\",\"@graph\":[{\"@type\":\"WebPage\",\"@id\":\"https:\\\/\\\/www.domainesrichard.fr\\\/chateau-des-tours\\\/terroir-vigne\\\/\",\"url\":\"https:\\\/\\\/www.domainesrichard.fr\\\/chateau-des-tours\\\/terroir-vigne\\\/\",\"name\":\"Le terroir et la culture des vignes au Ch\u00e2teau des Tours\",\"isPartOf\":{\"@id\":\"https:\\\/\\\/www.domainesrichard.fr\\\/chateau-des-tours\\\/#website\"},\"primaryImageOfPage\":{\"@id\":\"https:\\\/\\\/www.domainesrichard.fr\\\/chateau-des-tours\\\/terroir-vigne\\\/#primaryimage\"},\"image\":{\"@id\":\"https:\\\/\\\/www.domainesrichard.fr\\\/chateau-des-tours\\\/terroir-vigne\\\/#primaryimage\"},\"thumbnailUrl\":\"https:\\\/\\\/www.domainesrichard.fr\\\/chateau-des-tours\\\/wp-content\\\/uploads\\\/sites\\\/5\\\/2022\\\/02\\\/chateau-des-tours-logo-300x150.png\",\"datePublished\":\"2022-02-24T13:53:58+00:00\",\"dateModified\":\"2024-06-12T13:26:25+00:00\",\"description\":\"D\u00e9couvrez les 70 hectares de vigne du Ch\u00e2teau des Tours situ\u00e9s dans un amphith\u00e9\u00e2tre naturel exceptionnel en contrebas du Mont Brouilly.\",\"inLanguage\":\"fr-FR\",\"potentialAction\":[{\"@type\":\"ReadAction\",\"target\":[\"https:\\\/\\\/www.domainesrichard.fr\\\/chateau-des-tours\\\/terroir-vigne\\\/\"]}]},{\"@type\":\"ImageObject\",\"inLanguage\":\"fr-FR\",\"@id\":\"https:\\\/\\\/www.domainesrichard.fr\\\/chateau-des-tours\\\/terroir-vigne\\\/#primaryimage\",\"url\":\"https:\\\/\\\/www.domainesrichard.fr\\\/chateau-des-tours\\\/wp-content\\\/uploads\\\/sites\\\/5\\\/2022\\\/02\\\/chateau-des-tours-logo.png\",\"contentUrl\":\"https:\\\/\\\/www.domainesrichard.fr\\\/chateau-des-tours\\\/wp-content\\\/uploads\\\/sites\\\/5\\\/2022\\\/02\\\/chateau-des-tours-logo.png\",\"width\":600,\"height\":299,\"caption\":\"Ch\u00e2teau des Tours\"},{\"@type\":\"WebSite\",\"@id\":\"https:\\\/\\\/www.domainesrichard.fr\\\/chateau-des-tours\\\/#website\",\"url\":\"https:\\\/\\\/www.domainesrichard.fr\\\/chateau-des-tours\\\/\",\"name\":\"Ch\u00e2teau des Tours\",\"description\":\"Grand terroir de Brouilly\",\"publisher\":{\"@id\":\"https:\\\/\\\/www.domainesrichard.fr\\\/chateau-des-tours\\\/#organization\"},\"potentialAction\":[{\"@type\":\"SearchAction\",\"target\":{\"@type\":\"EntryPoint\",\"urlTemplate\":\"https:\\\/\\\/www.domainesrichard.fr\\\/chateau-des-tours\\\/?s={search_term_string}\"},\"query-input\":{\"@type\":\"PropertyValueSpecification\",\"valueRequired\":true,\"valueName\":\"search_term_string\"}}],\"inLanguage\":\"fr-FR\"},{\"@type\":\"Organization\",\"@id\":\"https:\\\/\\\/www.domainesrichard.fr\\\/chateau-des-tours\\\/#organization\",\"name\":\"Ch\u00e2teau des Tours\",\"url\":\"https:\\\/\\\/www.domainesrichard.fr\\\/chateau-des-tours\\\/\",\"logo\":{\"@type\":\"ImageObject\",\"inLanguage\":\"fr-FR\",\"@id\":\"https:\\\/\\\/www.domainesrichard.fr\\\/chateau-des-tours\\\/#\\\/schema\\\/logo\\\/image\\\/\",\"url\":\"https:\\\/\\\/www.domainesrichard.fr\\\/chateau-des-tours\\\/wp-content\\\/uploads\\\/sites\\\/5\\\/2022\\\/02\\\/chateau-des-tours-logo.png\",\"contentUrl\":\"https:\\\/\\\/www.domainesrichard.fr\\\/chateau-des-tours\\\/wp-content\\\/uploads\\\/sites\\\/5\\\/2022\\\/02\\\/chateau-des-tours-logo.png\",\"width\":600,\"height\":299,\"caption\":\"Ch\u00e2teau des Tours\"},\"image\":{\"@id\":\"https:\\\/\\\/www.domainesrichard.fr\\\/chateau-des-tours\\\/#\\\/schema\\\/logo\\\/image\\\/\"},\"sameAs\":[\"https:\\\/\\\/www.facebook.com\\\/chateaudestoursofficiel\",\"https:\\\/\\\/www.instagram.com\\\/chateaudestoursbrouilly\\\/\",\"https:\\\/\\\/www.linkedin.com\\\/company\\\/domaines-richard\"]}]}<\/script>\n<!-- \/ Yoast SEO plugin. -->","yoast_head_json":{"title":"Le terroir et la culture des vignes au Ch\u00e2teau des Tours","description":"D\u00e9couvrez les 70 hectares de vigne du Ch\u00e2teau des Tours situ\u00e9s dans un amphith\u00e9\u00e2tre naturel exceptionnel en contrebas du Mont Brouilly.","robots":{"index":"index","follow":"follow","max-snippet":"max-snippet:-1","max-image-preview":"max-image-preview:large","max-video-preview":"max-video-preview:-1"},"canonical":"https:\/\/www.domainesrichard.fr\/chateau-des-tours\/terroir-vigne\/","og_locale":"fr_FR","og_type":"article","og_title":"Le terroir et la culture des vignes au Ch\u00e2teau des Tours","og_description":"D\u00e9couvrez les 70 hectares de vigne du Ch\u00e2teau des Tours situ\u00e9s dans un amphith\u00e9\u00e2tre naturel exceptionnel en contrebas du Mont Brouilly.","og_url":"https:\/\/www.domainesrichard.fr\/chateau-des-tours\/terroir-vigne\/","og_site_name":"Ch\u00e2teau des Tours","article_publisher":"https:\/\/www.facebook.com\/chateaudestoursofficiel","article_modified_time":"2024-06-12T13:26:25+00:00","og_image":[{"url":"https:\/\/www.domainesrichard.fr\/chateau-des-tours\/wp-content\/uploads\/sites\/5\/2022\/02\/chateau-des-tours-logo-300x150.png","type":"","width":"","height":""}],"twitter_card":"summary_large_image","twitter_misc":{"Dur\u00e9e de lecture estim\u00e9e":"5 minutes"},"schema":{"@context":"https:\/\/schema.org","@graph":[{"@type":"WebPage","@id":"https:\/\/www.domainesrichard.fr\/chateau-des-tours\/terroir-vigne\/","url":"https:\/\/www.domainesrichard.fr\/chateau-des-tours\/terroir-vigne\/","name":"Le terroir et la culture des vignes au Ch\u00e2teau des Tours","isPartOf":{"@id":"https:\/\/www.domainesrichard.fr\/chateau-des-tours\/#website"},"primaryImageOfPage":{"@id":"https:\/\/www.domainesrichard.fr\/chateau-des-tours\/terroir-vigne\/#primaryimage"},"image":{"@id":"https:\/\/www.domainesrichard.fr\/chateau-des-tours\/terroir-vigne\/#primaryimage"},"thumbnailUrl":"https:\/\/www.domainesrichard.fr\/chateau-des-tours\/wp-content\/uploads\/sites\/5\/2022\/02\/chateau-des-tours-logo-300x150.png","datePublished":"2022-02-24T13:53:58+00:00","dateModified":"2024-06-12T13:26:25+00:00","description":"D\u00e9couvrez les 70 hectares de vigne du Ch\u00e2teau des Tours situ\u00e9s dans un amphith\u00e9\u00e2tre naturel exceptionnel en contrebas du Mont Brouilly.","inLanguage":"fr-FR","potentialAction":[{"@type":"ReadAction","target":["https:\/\/www.domainesrichard.fr\/chateau-des-tours\/terroir-vigne\/"]}]},{"@type":"ImageObject","inLanguage":"fr-FR","@id":"https:\/\/www.domainesrichard.fr\/chateau-des-tours\/terroir-vigne\/#primaryimage","url":"https:\/\/www.domainesrichard.fr\/chateau-des-tours\/wp-content\/uploads\/sites\/5\/2022\/02\/chateau-des-tours-logo.png","contentUrl":"https:\/\/www.domainesrichard.fr\/chateau-des-tours\/wp-content\/uploads\/sites\/5\/2022\/02\/chateau-des-tours-logo.png","width":600,"height":299,"caption":"Ch\u00e2teau des Tours"},{"@type":"WebSite","@id":"https:\/\/www.domainesrichard.fr\/chateau-des-tours\/#website","url":"https:\/\/www.domainesrichard.fr\/chateau-des-tours\/","name":"Ch\u00e2teau des Tours","description":"Grand terroir de Brouilly","publisher":{"@id":"https:\/\/www.domainesrichard.fr\/chateau-des-tours\/#organization"},"potentialAction":[{"@type":"SearchAction","target":{"@type":"EntryPoint","urlTemplate":"https:\/\/www.domainesrichard.fr\/chateau-des-tours\/?s={search_term_string}"},"query-input":{"@type":"PropertyValueSpecification","valueRequired":true,"valueName":"search_term_string"}}],"inLanguage":"fr-FR"},{"@type":"Organization","@id":"https:\/\/www.domainesrichard.fr\/chateau-des-tours\/#organization","name":"Ch\u00e2teau des Tours","url":"https:\/\/www.domainesrichard.fr\/chateau-des-tours\/","logo":{"@type":"ImageObject","inLanguage":"fr-FR","@id":"https:\/\/www.domainesrichard.fr\/chateau-des-tours\/#\/schema\/logo\/image\/","url":"https:\/\/www.domainesrichard.fr\/chateau-des-tours\/wp-content\/uploads\/sites\/5\/2022\/02\/chateau-des-tours-logo.png","contentUrl":"https:\/\/www.domainesrichard.fr\/chateau-des-tours\/wp-content\/uploads\/sites\/5\/2022\/02\/chateau-des-tours-logo.png","width":600,"height":299,"caption":"Ch\u00e2teau des Tours"},"image":{"@id":"https:\/\/www.domainesrichard.fr\/chateau-des-tours\/#\/schema\/logo\/image\/"},"sameAs":["https:\/\/www.facebook.com\/chateaudestoursofficiel","https:\/\/www.instagram.com\/chateaudestoursbrouilly\/","https:\/\/www.linkedin.com\/company\/domaines-richard"]}]}},"_links":{"self":[{"href":"https:\/\/www.domainesrichard.fr\/chateau-des-tours\/wp-json\/wp\/v2\/pages\/48","targetHints":{"allow":["GET"]}}],"collection":[{"href":"https:\/\/www.domainesrichard.fr\/chateau-des-tours\/wp-json\/wp\/v2\/pages"}],"about":[{"href":"https:\/\/www.domainesrichard.fr\/chateau-des-tours\/wp-json\/wp\/v2\/types\/page"}],"author":[{"embeddable":true,"href":"https:\/\/www.domainesrichard.fr\/chateau-des-tours\/wp-json\/wp\/v2\/users\/1"}],"replies":[{"embeddable":true,"href":"https:\/\/www.domainesrichard.fr\/chateau-des-tours\/wp-json\/wp\/v2\/comments?post=48"}],"version-history":[{"count":9,"href":"https:\/\/www.domainesrichard.fr\/chateau-des-tours\/wp-json\/wp\/v2\/pages\/48\/revisions"}],"predecessor-version":[{"id":1022,"href":"https:\/\/www.domainesrichard.fr\/chateau-des-tours\/wp-json\/wp\/v2\/pages\/48\/revisions\/1022"}],"wp:attachment":[{"href":"https:\/\/www.domainesrichard.fr\/chateau-des-tours\/wp-json\/wp\/v2\/media?parent=48"}],"curies":[{"name":"wp","href":"https:\/\/api.w.org\/{rel}","templated":true}]}}