{"id":3807,"date":"2025-05-03T14:43:34","date_gmt":"2025-05-03T12:43:34","guid":{"rendered":"https:\/\/www.domainesrichard.fr\/chateau-la-nerthe\/?post_type=product&#038;p=3807"},"modified":"2025-05-03T14:45:36","modified_gmt":"2025-05-03T12:45:36","slug":"cuvee-des-cadettes-2022","status":"publish","type":"product","link":"https:\/\/www.domainesrichard.fr\/chateau-la-nerthe\/en\/wine\/cuvee-des-cadettes-2022\/","title":{"rendered":"Cuv\u00e9e des Cadettes <span class='vintage the_title'>2022<\/span>"},"content":{"rendered":"<p>The Cuv\u00e9e des Cadettes is an entire story!<br \/>\nIndeed, it was the first plot replanted after the phylloxera aphid ravaged millions of hectares of vines. We owe this first plantation to Joseph Ducos, the estate&#8217;s owner, in the nineteenth century. Since then, the Cuv\u00e9e des Cadettes has been made with the best grenache, syrah, and mourv\u00e8dre grapes expressing this unique terroir &#8211; elegant, intense, sophisticated, and well-balanced. To be enjoyed with wild game, aged meats, and other dishes as rare and complex as this wine.<\/p>","protected":false},"excerpt":{"rendered":"<p>The Cuv\u00e9e des Cadettes is an entire story! Indeed, it was the first plot replanted after the phylloxera aphid ravaged millions of hectares of vines. We owe this first plantation to Joseph Ducos, the estate&#8217;s owner, in the nineteenth century. Since then, the Cuv\u00e9e des Cadettes has been made with the best grenache, syrah, and [&hellip;]<\/p>","protected":false},"featured_media":3339,"template":"","meta":{"_acf_changed":false},"product_brand":[],"product_cat":[89],"product_tag":[],"class_list":{"0":"post-3807","1":"product","2":"type-product","3":"status-publish","4":"has-post-thumbnail","6":"product_cat-cuvee-des-cadettes-en","8":"first","9":"instock","10":"taxable","11":"shipping-taxable","12":"purchasable","13":"product-type-simple"},"acf":[],"yoast_head":"<!-- This site is optimized with the Yoast SEO plugin v27.5 - https:\/\/yoast.com\/product\/yoast-seo-wordpress\/ -->\n<title>Ch\u00e2teauneuf-du-Pape Cuv\u00e9e des Cadettes 2022<\/title>\n<meta name=\"description\" content=\"Ch\u00e2teauneuf-du-Pape Cuv\u00e9e des Cadettes 2022 uniquely expresses the elegance, the power, the character and the balance of this extraordinary terroir.\" \/>\n<meta name=\"robots\" content=\"index, follow, max-snippet:-1, max-image-preview:large, max-video-preview:-1\" \/>\n<link rel=\"canonical\" href=\"https:\/\/www.domainesrichard.fr\/chateau-la-nerthe\/en\/wine\/cuvee-des-cadettes-2022\/\" \/>\n<meta property=\"og:locale\" content=\"en_US\" \/>\n<meta property=\"og:type\" content=\"article\" \/>\n<meta property=\"og:title\" content=\"Ch\u00e2teauneuf-du-Pape Cuv\u00e9e des Cadettes 2022\" \/>\n<meta property=\"og:description\" content=\"Ch\u00e2teauneuf-du-Pape Cuv\u00e9e des Cadettes 2022 uniquely expresses the elegance, the power, the character and the balance of this extraordinary terroir.\" \/>\n<meta property=\"og:url\" content=\"https:\/\/www.domainesrichard.fr\/chateau-la-nerthe\/en\/wine\/cuvee-des-cadettes-2022\/\" \/>\n<meta property=\"og:site_name\" content=\"Ch\u00e2teau La Nerthe\" \/>\n<meta property=\"article:publisher\" content=\"https:\/\/www.facebook.com\/chateaulanerthe\" \/>\n<meta property=\"article:modified_time\" content=\"2025-05-03T12:45:36+00:00\" \/>\n<meta property=\"og:image\" content=\"https:\/\/www.domainesrichard.fr\/chateau-la-nerthe\/wp-content\/uploads\/sites\/3\/2023\/10\/LA-NERTHE-CUVEE-DES-CADETTES-ROUGE.jpg\" \/>\n\t<meta property=\"og:image:width\" content=\"600\" \/>\n\t<meta property=\"og:image:height\" content=\"600\" \/>\n\t<meta property=\"og:image:type\" content=\"image\/jpeg\" \/>\n<meta name=\"twitter:card\" content=\"summary_large_image\" \/>\n<meta name=\"twitter:label1\" content=\"Est. reading time\" \/>\n\t<meta name=\"twitter:data1\" content=\"1 minute\" \/>\n<script type=\"application\/ld+json\" class=\"yoast-schema-graph\">{\"@context\":\"https:\\\/\\\/schema.org\",\"@graph\":[{\"@type\":\"WebPage\",\"@id\":\"https:\\\/\\\/www.domainesrichard.fr\\\/chateau-la-nerthe\\\/en\\\/wine\\\/cuvee-des-cadettes-2022\\\/\",\"url\":\"https:\\\/\\\/www.domainesrichard.fr\\\/chateau-la-nerthe\\\/en\\\/wine\\\/cuvee-des-cadettes-2022\\\/\",\"name\":\"Ch\u00e2teauneuf-du-Pape Cuv\u00e9e des Cadettes 2022\",\"isPartOf\":{\"@id\":\"https:\\\/\\\/www.domainesrichard.fr\\\/chateau-la-nerthe\\\/en\\\/#website\"},\"primaryImageOfPage\":{\"@id\":\"https:\\\/\\\/www.domainesrichard.fr\\\/chateau-la-nerthe\\\/en\\\/wine\\\/cuvee-des-cadettes-2022\\\/#primaryimage\"},\"image\":{\"@id\":\"https:\\\/\\\/www.domainesrichard.fr\\\/chateau-la-nerthe\\\/en\\\/wine\\\/cuvee-des-cadettes-2022\\\/#primaryimage\"},\"thumbnailUrl\":\"https:\\\/\\\/www.domainesrichard.fr\\\/chateau-la-nerthe\\\/wp-content\\\/uploads\\\/sites\\\/3\\\/2023\\\/10\\\/LA-NERTHE-CUVEE-DES-CADETTES-ROUGE.jpg\",\"datePublished\":\"2025-05-03T12:43:34+00:00\",\"dateModified\":\"2025-05-03T12:45:36+00:00\",\"description\":\"Ch\u00e2teauneuf-du-Pape Cuv\u00e9e des Cadettes 2022 uniquely expresses the elegance, the power, the character and the balance of this extraordinary terroir.\",\"breadcrumb\":{\"@id\":\"https:\\\/\\\/www.domainesrichard.fr\\\/chateau-la-nerthe\\\/en\\\/wine\\\/cuvee-des-cadettes-2022\\\/#breadcrumb\"},\"inLanguage\":\"en-US\",\"potentialAction\":[{\"@type\":\"ReadAction\",\"target\":[\"https:\\\/\\\/www.domainesrichard.fr\\\/chateau-la-nerthe\\\/en\\\/wine\\\/cuvee-des-cadettes-2022\\\/\"]}]},{\"@type\":\"ImageObject\",\"inLanguage\":\"en-US\",\"@id\":\"https:\\\/\\\/www.domainesrichard.fr\\\/chateau-la-nerthe\\\/en\\\/wine\\\/cuvee-des-cadettes-2022\\\/#primaryimage\",\"url\":\"https:\\\/\\\/www.domainesrichard.fr\\\/chateau-la-nerthe\\\/wp-content\\\/uploads\\\/sites\\\/3\\\/2023\\\/10\\\/LA-NERTHE-CUVEE-DES-CADETTES-ROUGE.jpg\",\"contentUrl\":\"https:\\\/\\\/www.domainesrichard.fr\\\/chateau-la-nerthe\\\/wp-content\\\/uploads\\\/sites\\\/3\\\/2023\\\/10\\\/LA-NERTHE-CUVEE-DES-CADETTES-ROUGE.jpg\",\"width\":600,\"height\":600,\"caption\":\"Cuv\u00e9e des Cadettes rouge\"},{\"@type\":\"BreadcrumbList\",\"@id\":\"https:\\\/\\\/www.domainesrichard.fr\\\/chateau-la-nerthe\\\/en\\\/wine\\\/cuvee-des-cadettes-2022\\\/#breadcrumb\",\"itemListElement\":[{\"@type\":\"ListItem\",\"position\":1,\"name\":\"Wines\",\"item\":\"https:\\\/\\\/www.domainesrichard.fr\\\/chateau-la-nerthe\\\/vins\\\/\"},{\"@type\":\"ListItem\",\"position\":2,\"name\":\"Cuv\u00e9e des Cadettes\"}]},{\"@type\":\"WebSite\",\"@id\":\"https:\\\/\\\/www.domainesrichard.fr\\\/chateau-la-nerthe\\\/en\\\/#website\",\"url\":\"https:\\\/\\\/www.domainesrichard.fr\\\/chateau-la-nerthe\\\/en\\\/\",\"name\":\"Ch\u00e2teau La Nerthe\",\"description\":\"Cinq si\u00e8cles d&#039;\u00e9l\u00e9gance\",\"publisher\":{\"@id\":\"https:\\\/\\\/www.domainesrichard.fr\\\/chateau-la-nerthe\\\/en\\\/#organization\"},\"potentialAction\":[{\"@type\":\"SearchAction\",\"target\":{\"@type\":\"EntryPoint\",\"urlTemplate\":\"https:\\\/\\\/www.domainesrichard.fr\\\/chateau-la-nerthe\\\/en\\\/?s={search_term_string}\"},\"query-input\":{\"@type\":\"PropertyValueSpecification\",\"valueRequired\":true,\"valueName\":\"search_term_string\"}}],\"inLanguage\":\"en-US\"},{\"@type\":\"Organization\",\"@id\":\"https:\\\/\\\/www.domainesrichard.fr\\\/chateau-la-nerthe\\\/en\\\/#organization\",\"name\":\"Ch\u00e2teau la Nerthe\",\"url\":\"https:\\\/\\\/www.domainesrichard.fr\\\/chateau-la-nerthe\\\/en\\\/\",\"logo\":{\"@type\":\"ImageObject\",\"inLanguage\":\"en-US\",\"@id\":\"https:\\\/\\\/www.domainesrichard.fr\\\/chateau-la-nerthe\\\/en\\\/#\\\/schema\\\/logo\\\/image\\\/\",\"url\":\"https:\\\/\\\/www.domainesrichard.fr\\\/chateau-la-nerthe\\\/wp-content\\\/uploads\\\/sites\\\/3\\\/2021\\\/11\\\/Chateau-la-nerthe-logo.png\",\"contentUrl\":\"https:\\\/\\\/www.domainesrichard.fr\\\/chateau-la-nerthe\\\/wp-content\\\/uploads\\\/sites\\\/3\\\/2021\\\/11\\\/Chateau-la-nerthe-logo.png\",\"width\":600,\"height\":248,\"caption\":\"Ch\u00e2teau la Nerthe\"},\"image\":{\"@id\":\"https:\\\/\\\/www.domainesrichard.fr\\\/chateau-la-nerthe\\\/en\\\/#\\\/schema\\\/logo\\\/image\\\/\"},\"sameAs\":[\"https:\\\/\\\/www.facebook.com\\\/chateaulanerthe\",\"https:\\\/\\\/www.instagram.com\\\/chateaulanerthe\\\/\",\"https:\\\/\\\/www.linkedin.com\\\/company\\\/domaines-richard\",\"https:\\\/\\\/www.youtube.com\\\/channel\\\/UCDjz3rnEynVj6l199P3Y9Cg\"]}]}<\/script>\n<!-- \/ Yoast SEO plugin. -->","yoast_head_json":{"title":"Ch\u00e2teauneuf-du-Pape Cuv\u00e9e des Cadettes 2022","description":"Ch\u00e2teauneuf-du-Pape Cuv\u00e9e des Cadettes 2022 uniquely expresses the elegance, the power, the character and the balance of this extraordinary terroir.","robots":{"index":"index","follow":"follow","max-snippet":"max-snippet:-1","max-image-preview":"max-image-preview:large","max-video-preview":"max-video-preview:-1"},"canonical":"https:\/\/www.domainesrichard.fr\/chateau-la-nerthe\/en\/wine\/cuvee-des-cadettes-2022\/","og_locale":"en_US","og_type":"article","og_title":"Ch\u00e2teauneuf-du-Pape Cuv\u00e9e des Cadettes 2022","og_description":"Ch\u00e2teauneuf-du-Pape Cuv\u00e9e des Cadettes 2022 uniquely expresses the elegance, the power, the character and the balance of this extraordinary terroir.","og_url":"https:\/\/www.domainesrichard.fr\/chateau-la-nerthe\/en\/wine\/cuvee-des-cadettes-2022\/","og_site_name":"Ch\u00e2teau La Nerthe","article_publisher":"https:\/\/www.facebook.com\/chateaulanerthe","article_modified_time":"2025-05-03T12:45:36+00:00","og_image":[{"width":600,"height":600,"url":"https:\/\/www.domainesrichard.fr\/chateau-la-nerthe\/wp-content\/uploads\/sites\/3\/2023\/10\/LA-NERTHE-CUVEE-DES-CADETTES-ROUGE.jpg","type":"image\/jpeg"}],"twitter_card":"summary_large_image","twitter_misc":{"Est. reading time":"1 minute"},"schema":{"@context":"https:\/\/schema.org","@graph":[{"@type":"WebPage","@id":"https:\/\/www.domainesrichard.fr\/chateau-la-nerthe\/en\/wine\/cuvee-des-cadettes-2022\/","url":"https:\/\/www.domainesrichard.fr\/chateau-la-nerthe\/en\/wine\/cuvee-des-cadettes-2022\/","name":"Ch\u00e2teauneuf-du-Pape Cuv\u00e9e des Cadettes 2022","isPartOf":{"@id":"https:\/\/www.domainesrichard.fr\/chateau-la-nerthe\/en\/#website"},"primaryImageOfPage":{"@id":"https:\/\/www.domainesrichard.fr\/chateau-la-nerthe\/en\/wine\/cuvee-des-cadettes-2022\/#primaryimage"},"image":{"@id":"https:\/\/www.domainesrichard.fr\/chateau-la-nerthe\/en\/wine\/cuvee-des-cadettes-2022\/#primaryimage"},"thumbnailUrl":"https:\/\/www.domainesrichard.fr\/chateau-la-nerthe\/wp-content\/uploads\/sites\/3\/2023\/10\/LA-NERTHE-CUVEE-DES-CADETTES-ROUGE.jpg","datePublished":"2025-05-03T12:43:34+00:00","dateModified":"2025-05-03T12:45:36+00:00","description":"Ch\u00e2teauneuf-du-Pape Cuv\u00e9e des Cadettes 2022 uniquely expresses the elegance, the power, the character and the balance of this extraordinary terroir.","breadcrumb":{"@id":"https:\/\/www.domainesrichard.fr\/chateau-la-nerthe\/en\/wine\/cuvee-des-cadettes-2022\/#breadcrumb"},"inLanguage":"en-US","potentialAction":[{"@type":"ReadAction","target":["https:\/\/www.domainesrichard.fr\/chateau-la-nerthe\/en\/wine\/cuvee-des-cadettes-2022\/"]}]},{"@type":"ImageObject","inLanguage":"en-US","@id":"https:\/\/www.domainesrichard.fr\/chateau-la-nerthe\/en\/wine\/cuvee-des-cadettes-2022\/#primaryimage","url":"https:\/\/www.domainesrichard.fr\/chateau-la-nerthe\/wp-content\/uploads\/sites\/3\/2023\/10\/LA-NERTHE-CUVEE-DES-CADETTES-ROUGE.jpg","contentUrl":"https:\/\/www.domainesrichard.fr\/chateau-la-nerthe\/wp-content\/uploads\/sites\/3\/2023\/10\/LA-NERTHE-CUVEE-DES-CADETTES-ROUGE.jpg","width":600,"height":600,"caption":"Cuv\u00e9e des Cadettes rouge"},{"@type":"BreadcrumbList","@id":"https:\/\/www.domainesrichard.fr\/chateau-la-nerthe\/en\/wine\/cuvee-des-cadettes-2022\/#breadcrumb","itemListElement":[{"@type":"ListItem","position":1,"name":"Wines","item":"https:\/\/www.domainesrichard.fr\/chateau-la-nerthe\/vins\/"},{"@type":"ListItem","position":2,"name":"Cuv\u00e9e des Cadettes"}]},{"@type":"WebSite","@id":"https:\/\/www.domainesrichard.fr\/chateau-la-nerthe\/en\/#website","url":"https:\/\/www.domainesrichard.fr\/chateau-la-nerthe\/en\/","name":"Ch\u00e2teau La Nerthe","description":"Cinq si\u00e8cles d&#039;\u00e9l\u00e9gance","publisher":{"@id":"https:\/\/www.domainesrichard.fr\/chateau-la-nerthe\/en\/#organization"},"potentialAction":[{"@type":"SearchAction","target":{"@type":"EntryPoint","urlTemplate":"https:\/\/www.domainesrichard.fr\/chateau-la-nerthe\/en\/?s={search_term_string}"},"query-input":{"@type":"PropertyValueSpecification","valueRequired":true,"valueName":"search_term_string"}}],"inLanguage":"en-US"},{"@type":"Organization","@id":"https:\/\/www.domainesrichard.fr\/chateau-la-nerthe\/en\/#organization","name":"Ch\u00e2teau la Nerthe","url":"https:\/\/www.domainesrichard.fr\/chateau-la-nerthe\/en\/","logo":{"@type":"ImageObject","inLanguage":"en-US","@id":"https:\/\/www.domainesrichard.fr\/chateau-la-nerthe\/en\/#\/schema\/logo\/image\/","url":"https:\/\/www.domainesrichard.fr\/chateau-la-nerthe\/wp-content\/uploads\/sites\/3\/2021\/11\/Chateau-la-nerthe-logo.png","contentUrl":"https:\/\/www.domainesrichard.fr\/chateau-la-nerthe\/wp-content\/uploads\/sites\/3\/2021\/11\/Chateau-la-nerthe-logo.png","width":600,"height":248,"caption":"Ch\u00e2teau la Nerthe"},"image":{"@id":"https:\/\/www.domainesrichard.fr\/chateau-la-nerthe\/en\/#\/schema\/logo\/image\/"},"sameAs":["https:\/\/www.facebook.com\/chateaulanerthe","https:\/\/www.instagram.com\/chateaulanerthe\/","https:\/\/www.linkedin.com\/company\/domaines-richard","https:\/\/www.youtube.com\/channel\/UCDjz3rnEynVj6l199P3Y9Cg"]}]}},"_links":{"self":[{"href":"https:\/\/www.domainesrichard.fr\/chateau-la-nerthe\/en\/wp-json\/wp\/v2\/product\/3807","targetHints":{"allow":["GET"]}}],"collection":[{"href":"https:\/\/www.domainesrichard.fr\/chateau-la-nerthe\/en\/wp-json\/wp\/v2\/product"}],"about":[{"href":"https:\/\/www.domainesrichard.fr\/chateau-la-nerthe\/en\/wp-json\/wp\/v2\/types\/product"}],"wp:featuredmedia":[{"embeddable":true,"href":"https:\/\/www.domainesrichard.fr\/chateau-la-nerthe\/en\/wp-json\/wp\/v2\/media\/3339"}],"wp:attachment":[{"href":"https:\/\/www.domainesrichard.fr\/chateau-la-nerthe\/en\/wp-json\/wp\/v2\/media?parent=3807"}],"wp:term":[{"taxonomy":"product_brand","embeddable":true,"href":"https:\/\/www.domainesrichard.fr\/chateau-la-nerthe\/en\/wp-json\/wp\/v2\/product_brand?post=3807"},{"taxonomy":"product_cat","embeddable":true,"href":"https:\/\/www.domainesrichard.fr\/chateau-la-nerthe\/en\/wp-json\/wp\/v2\/product_cat?post=3807"},{"taxonomy":"product_tag","embeddable":true,"href":"https:\/\/www.domainesrichard.fr\/chateau-la-nerthe\/en\/wp-json\/wp\/v2\/product_tag?post=3807"}],"curies":[{"name":"wp","href":"https:\/\/api.w.org\/{rel}","templated":true}]}}